{"version":"1.0","provider_name":"R\u00e9seau qu\u00e9b\u00e9cois des a\u00e9roports","provider_url":"https:\/\/reseauquebecoisdesaeroports.ca\/en\/","author_name":"reseauq","author_url":"https:\/\/reseauquebecoisdesaeroports.ca\/en\/author\/reseauq\/","title":"Les fermetures de tours menacent-elle la s\u00e9curit\u00e9 publique? - R\u00e9seau qu\u00e9b\u00e9cois des a\u00e9roports","type":"rich","width":600,"height":338,"html":"<blockquote class=\"wp-embedded-content\" data-secret=\"28NaHloneu\"><a href=\"https:\/\/reseauquebecoisdesaeroports.ca\/en\/new\/fermetures-tours-menacent-securite-publique\/\">Les fermetures de tours menacent-elle la s\u00e9curit\u00e9 publique?<\/a><\/blockquote><iframe sandbox=\"allow-scripts\" security=\"restricted\" src=\"https:\/\/reseauquebecoisdesaeroports.ca\/en\/new\/fermetures-tours-menacent-securite-publique\/embed\/#?secret=28NaHloneu\" width=\"600\" height=\"338\" title=\"&#8220;Les fermetures de tours menacent-elle la s\u00e9curit\u00e9 publique?&#8221; &#8212; R\u00e9seau qu\u00e9b\u00e9cois des a\u00e9roports\" data-secret=\"28NaHloneu\" frameborder=\"0\" marginwidth=\"0\" marginheight=\"0\" scrolling=\"no\" class=\"wp-embedded-content\"><\/iframe><script type=\"text\/javascript\">\n\/* <![CDATA[ *\/\n\/*! This file is auto-generated *\/\n!function(d,l){\"use strict\";l.querySelector&&d.addEventListener&&\"undefined\"!=typeof URL&&(d.wp=d.wp||{},d.wp.receiveEmbedMessage||(d.wp.receiveEmbedMessage=function(e){var t=e.data;if((t||t.secret||t.message||t.value)&&!\/[^a-zA-Z0-9]\/.test(t.secret)){for(var s,r,n,a=l.querySelectorAll('iframe[data-secret=\"'+t.secret+'\"]'),o=l.querySelectorAll('blockquote[data-secret=\"'+t.secret+'\"]'),c=new RegExp(\"^https?:$\",\"i\"),i=0;i<o.length;i++)o[i].style.display=\"none\";for(i=0;i<a.length;i++)s=a[i],e.source===s.contentWindow&&(s.removeAttribute(\"style\"),\"height\"===t.message?(1e3<(r=parseInt(t.value,10))?r=1e3:~~r<200&&(r=200),s.height=r):\"link\"===t.message&&(r=new URL(s.getAttribute(\"src\")),n=new URL(t.value),c.test(n.protocol))&&n.host===r.host&&l.activeElement===s&&(d.top.location.href=t.value))}},d.addEventListener(\"message\",d.wp.receiveEmbedMessage,!1),l.addEventListener(\"DOMContentLoaded\",function(){for(var e,t,s=l.querySelectorAll(\"iframe.wp-embedded-content\"),r=0;r<s.length;r++)(t=(e=s[r]).getAttribute(\"data-secret\"))||(t=Math.random().toString(36).substring(2,12),e.src+=\"#?secret=\"+t,e.setAttribute(\"data-secret\",t)),e.contentWindow.postMessage({message:\"ready\",secret:t},\"*\")},!1)))}(window,document);\n\/\/# sourceURL=https:\/\/reseauquebecoisdesaeroports.ca\/wp-includes\/js\/wp-embed.min.js\n\/* ]]> *\/\n<\/script>\n","description":"Le mois dernier, plus de 100 contr\u00f4leurs a\u00e9riens ont re\u00e7u un avis de licenciement. La vague de r\u00e9duction des services a\u00e9riens par NAV CANADA cause de graves pr\u00e9occupations en mati\u00e8re de s\u00e9curit\u00e9 publique, selon l\u2019Association canadienne du contr\u00f4le du trafic a\u00e9rien (ACCTA). Elle rappelle que la p\u00e9nurie de contr\u00f4leurs a\u00e9riens..."}