{"version":"1.0","provider_name":"R\u00e9seau qu\u00e9b\u00e9cois des a\u00e9roports","provider_url":"https:\/\/reseauquebecoisdesaeroports.ca\/en\/","author_name":"reseauq","author_url":"https:\/\/reseauquebecoisdesaeroports.ca\/en\/author\/reseauq\/","title":"La r\u00e9forme du transport a\u00e9rien r\u00e9gional se fait attendre - R\u00e9seau qu\u00e9b\u00e9cois des a\u00e9roports","type":"rich","width":600,"height":338,"html":"<blockquote class=\"wp-embedded-content\" data-secret=\"QeKSQlSSFQ\"><a href=\"https:\/\/reseauquebecoisdesaeroports.ca\/en\/new\/reforme-transport-aerien-regional-se-fait-attendre\/\">La r\u00e9forme du transport a\u00e9rien r\u00e9gional se fait attendre<\/a><\/blockquote><iframe sandbox=\"allow-scripts\" security=\"restricted\" src=\"https:\/\/reseauquebecoisdesaeroports.ca\/en\/new\/reforme-transport-aerien-regional-se-fait-attendre\/embed\/#?secret=QeKSQlSSFQ\" width=\"600\" height=\"338\" title=\"&#8220;La r\u00e9forme du transport a\u00e9rien r\u00e9gional se fait attendre&#8221; &#8212; R\u00e9seau qu\u00e9b\u00e9cois des a\u00e9roports\" data-secret=\"QeKSQlSSFQ\" frameborder=\"0\" marginwidth=\"0\" marginheight=\"0\" scrolling=\"no\" class=\"wp-embedded-content\"><\/iframe><script type=\"text\/javascript\">\n\/* <![CDATA[ *\/\n\/*! This file is auto-generated *\/\n!function(d,l){\"use strict\";l.querySelector&&d.addEventListener&&\"undefined\"!=typeof URL&&(d.wp=d.wp||{},d.wp.receiveEmbedMessage||(d.wp.receiveEmbedMessage=function(e){var t=e.data;if((t||t.secret||t.message||t.value)&&!\/[^a-zA-Z0-9]\/.test(t.secret)){for(var s,r,n,a=l.querySelectorAll('iframe[data-secret=\"'+t.secret+'\"]'),o=l.querySelectorAll('blockquote[data-secret=\"'+t.secret+'\"]'),c=new RegExp(\"^https?:$\",\"i\"),i=0;i<o.length;i++)o[i].style.display=\"none\";for(i=0;i<a.length;i++)s=a[i],e.source===s.contentWindow&&(s.removeAttribute(\"style\"),\"height\"===t.message?(1e3<(r=parseInt(t.value,10))?r=1e3:~~r<200&&(r=200),s.height=r):\"link\"===t.message&&(r=new URL(s.getAttribute(\"src\")),n=new URL(t.value),c.test(n.protocol))&&n.host===r.host&&l.activeElement===s&&(d.top.location.href=t.value))}},d.addEventListener(\"message\",d.wp.receiveEmbedMessage,!1),l.addEventListener(\"DOMContentLoaded\",function(){for(var e,t,s=l.querySelectorAll(\"iframe.wp-embedded-content\"),r=0;r<s.length;r++)(t=(e=s[r]).getAttribute(\"data-secret\"))||(t=Math.random().toString(36).substring(2,12),e.src+=\"#?secret=\"+t,e.setAttribute(\"data-secret\",t)),e.contentWindow.postMessage({message:\"ready\",secret:t},\"*\")},!1)))}(window,document);\n\/\/# sourceURL=https:\/\/reseauquebecoisdesaeroports.ca\/wp-includes\/js\/wp-embed.min.js\n\/* ]]> *\/\n<\/script>\n","description":"Neuf mois apr\u00e8s le retrait d\u2019Air Canada de r\u00e9gions du Qu\u00e9bec, le plan de dessertes r\u00e9gionales du gouvernement se fait toujours attendre. Certains acteurs craignent que l\u2019on rate l\u2019occasion de changer le mod\u00e8le en place. Selon les informations obtenues, le gouvernement mettrait possiblement l\u2019emphase sur la collaboration avec les transporteurs..."}