{"version":"1.0","provider_name":"R\u00e9seau qu\u00e9b\u00e9cois des a\u00e9roports","provider_url":"https:\/\/reseauquebecoisdesaeroports.ca\/en\/","author_name":"reseauq","author_url":"https:\/\/reseauquebecoisdesaeroports.ca\/en\/author\/reseauq\/","title":"Test COVID n\u00e9gatif \u00e0 compter du 7 janvier : l\u2019IATA exhorte Ottawa \u00e0 mettre \u00e7a sur la glace - R\u00e9seau qu\u00e9b\u00e9cois des a\u00e9roports","type":"rich","width":600,"height":338,"html":"<blockquote class=\"wp-embedded-content\" data-secret=\"RMyL9ouI9L\"><a href=\"https:\/\/reseauquebecoisdesaeroports.ca\/en\/new\/test-covid-negatif-7-janvier-iata-ottawa\/\">Test COVID n\u00e9gatif \u00e0 compter du 7 janvier : l\u2019IATA exhorte Ottawa \u00e0 mettre \u00e7a sur la glace<\/a><\/blockquote><iframe sandbox=\"allow-scripts\" security=\"restricted\" src=\"https:\/\/reseauquebecoisdesaeroports.ca\/en\/new\/test-covid-negatif-7-janvier-iata-ottawa\/embed\/#?secret=RMyL9ouI9L\" width=\"600\" height=\"338\" title=\"&#8220;Test COVID n\u00e9gatif \u00e0 compter du 7 janvier : l\u2019IATA exhorte Ottawa \u00e0 mettre \u00e7a sur la glace&#8221; &#8212; R\u00e9seau qu\u00e9b\u00e9cois des a\u00e9roports\" data-secret=\"RMyL9ouI9L\" frameborder=\"0\" marginwidth=\"0\" marginheight=\"0\" scrolling=\"no\" class=\"wp-embedded-content\"><\/iframe><script type=\"text\/javascript\">\n\/* <![CDATA[ *\/\n\/*! This file is auto-generated *\/\n!function(d,l){\"use strict\";l.querySelector&&d.addEventListener&&\"undefined\"!=typeof URL&&(d.wp=d.wp||{},d.wp.receiveEmbedMessage||(d.wp.receiveEmbedMessage=function(e){var t=e.data;if((t||t.secret||t.message||t.value)&&!\/[^a-zA-Z0-9]\/.test(t.secret)){for(var s,r,n,a=l.querySelectorAll('iframe[data-secret=\"'+t.secret+'\"]'),o=l.querySelectorAll('blockquote[data-secret=\"'+t.secret+'\"]'),c=new RegExp(\"^https?:$\",\"i\"),i=0;i<o.length;i++)o[i].style.display=\"none\";for(i=0;i<a.length;i++)s=a[i],e.source===s.contentWindow&&(s.removeAttribute(\"style\"),\"height\"===t.message?(1e3<(r=parseInt(t.value,10))?r=1e3:~~r<200&&(r=200),s.height=r):\"link\"===t.message&&(r=new URL(s.getAttribute(\"src\")),n=new URL(t.value),c.test(n.protocol))&&n.host===r.host&&l.activeElement===s&&(d.top.location.href=t.value))}},d.addEventListener(\"message\",d.wp.receiveEmbedMessage,!1),l.addEventListener(\"DOMContentLoaded\",function(){for(var e,t,s=l.querySelectorAll(\"iframe.wp-embedded-content\"),r=0;r<s.length;r++)(t=(e=s[r]).getAttribute(\"data-secret\"))||(t=Math.random().toString(36).substring(2,12),e.src+=\"#?secret=\"+t,e.setAttribute(\"data-secret\",t)),e.contentWindow.postMessage({message:\"ready\",secret:t},\"*\")},!1)))}(window,document);\n\/\/# sourceURL=https:\/\/reseauquebecoisdesaeroports.ca\/wp-includes\/js\/wp-embed.min.js\n\/* ]]> *\/\n<\/script>\n","description":"L\u2019IATA exprime son m\u00e9contentement face \u00e0 la d\u00e9cision d\u2019Ottawa d\u2019imposer un test PCR n\u00e9gatif 72 heures pr\u00e9c\u00e9dant le retour d\u2019un voyageur au pays. L\u2019organisation juge cette mesure \u00ab impitoyable \u00bb et \u00ab impraticable \u00bb et rappelle que l\u2019industrie r\u00e9clame depuis des mois des tests syst\u00e9matiques \u00e0 l\u2019arriv\u00e9e afin de limiter..."}