{"id":2471,"date":"2020-11-11T20:04:00","date_gmt":"2020-11-11T20:04:00","guid":{"rendered":"https:\/\/reseauquebecoisdesaeroports.ca\/new\/temps-durs-eroport-saguenay-bagotville\/"},"modified":"2023-08-13T19:25:38","modified_gmt":"2023-08-13T23:25:38","slug":"temps-durs-eroport-saguenay-bagotville","status":"publish","type":"nouvelles","link":"https:\/\/reseauquebecoisdesaeroports.ca\/en\/new\/temps-durs-eroport-saguenay-bagotville\/","title":{"rendered":"Les temps sont durs \u00e0 l\u2019a\u00e9roport Saguenay-Bagotville"},"content":{"rendered":"<p>Le passage en zone rouge de la r\u00e9gion du Saguenay-Lac-Saint-Jean complique la situation de l\u2019a\u00e9roport. Le nombre de vols demeure tr\u00e8s faible quand on le compare \u00e0 celui avant la pand\u00e9mie. Pour la directrice de l\u2019a\u00e9roport, Louise B\u00e9langer, ce sont les vols nolis\u00e9s qui ont permis de maintenir les activit\u00e9s de l\u2019a\u00e9roport.<\/p>\n","protected":false},"author":1,"featured_media":0,"template":"","class_list":["post-2471","nouvelles","type-nouvelles","status-publish"],"acf":[],"yoast_head":"<!-- This site is optimized with the Yoast SEO plugin v25.8 - https:\/\/yoast.com\/wordpress\/plugins\/seo\/ -->\n<title>Les temps sont durs \u00e0 l\u2019a\u00e9roport Saguenay-Bagotville - R\u00e9seau qu\u00e9b\u00e9cois des a\u00e9roports<\/title>\n<meta name=\"robots\" content=\"index, follow, max-snippet:-1, max-image-preview:large, max-video-preview:-1\" \/>\n<link rel=\"canonical\" href=\"https:\/\/reseauquebecoisdesaeroports.ca\/new\/temps-durs-eroport-saguenay-bagotville\/\" \/>\n<meta property=\"og:locale\" content=\"en_US\" \/>\n<meta property=\"og:type\" content=\"article\" \/>\n<meta property=\"og:title\" content=\"Les temps sont durs \u00e0 l\u2019a\u00e9roport Saguenay-Bagotville - R\u00e9seau qu\u00e9b\u00e9cois des a\u00e9roports\" \/>\n<meta property=\"og:description\" content=\"Le passage en zone rouge de la r\u00e9gion du Saguenay-Lac-Saint-Jean complique la situation de l\u2019a\u00e9roport. Le nombre de vols demeure tr\u00e8s faible quand on le compare \u00e0 celui avant la pand\u00e9mie. Pour la directrice de l\u2019a\u00e9roport, Louise B\u00e9langer, ce sont les vols nolis\u00e9s qui ont permis de maintenir les activit\u00e9s...\" \/>\n<meta property=\"og:url\" content=\"https:\/\/reseauquebecoisdesaeroports.ca\/new\/temps-durs-eroport-saguenay-bagotville\/\" \/>\n<meta property=\"og:site_name\" content=\"R\u00e9seau qu\u00e9b\u00e9cois des a\u00e9roports\" \/>\n<meta property=\"article:modified_time\" content=\"2023-08-13T23:25:38+00:00\" \/>\n<meta name=\"twitter:card\" content=\"summary_large_image\" \/>\n<script type=\"application\/ld+json\" class=\"yoast-schema-graph\">{\"@context\":\"https:\/\/schema.org\",\"@graph\":[{\"@type\":\"WebPage\",\"@id\":\"https:\/\/reseauquebecoisdesaeroports.ca\/new\/temps-durs-eroport-saguenay-bagotville\/\",\"url\":\"https:\/\/reseauquebecoisdesaeroports.ca\/new\/temps-durs-eroport-saguenay-bagotville\/\",\"name\":\"Les temps sont durs \u00e0 l\u2019a\u00e9roport Saguenay-Bagotville - R\u00e9seau qu\u00e9b\u00e9cois des a\u00e9roports\",\"isPartOf\":{\"@id\":\"https:\/\/reseauquebecoisdesaeroports.ca\/#website\"},\"datePublished\":\"2020-11-11T20:04:00+00:00\",\"dateModified\":\"2023-08-13T23:25:38+00:00\",\"breadcrumb\":{\"@id\":\"https:\/\/reseauquebecoisdesaeroports.ca\/new\/temps-durs-eroport-saguenay-bagotville\/#breadcrumb\"},\"inLanguage\":\"en-CA\",\"potentialAction\":[{\"@type\":\"ReadAction\",\"target\":[\"https:\/\/reseauquebecoisdesaeroports.ca\/new\/temps-durs-eroport-saguenay-bagotville\/\"]}]},{\"@type\":\"BreadcrumbList\",\"@id\":\"https:\/\/reseauquebecoisdesaeroports.ca\/new\/temps-durs-eroport-saguenay-bagotville\/#breadcrumb\",\"itemListElement\":[{\"@type\":\"ListItem\",\"position\":1,\"name\":\"Accueil\",\"item\":\"https:\/\/reseauquebecoisdesaeroports.ca\/\"},{\"@type\":\"ListItem\",\"position\":2,\"name\":\"Les temps sont durs \u00e0 l\u2019a\u00e9roport Saguenay-Bagotville\"}]},{\"@type\":\"WebSite\",\"@id\":\"https:\/\/reseauquebecoisdesaeroports.ca\/#website\",\"url\":\"https:\/\/reseauquebecoisdesaeroports.ca\/\",\"name\":\"R\u00e9seau qu\u00e9b\u00e9cois des a\u00e9roports\",\"description\":\"\",\"potentialAction\":[{\"@type\":\"SearchAction\",\"target\":{\"@type\":\"EntryPoint\",\"urlTemplate\":\"https:\/\/reseauquebecoisdesaeroports.ca\/?s={search_term_string}\"},\"query-input\":{\"@type\":\"PropertyValueSpecification\",\"valueRequired\":true,\"valueName\":\"search_term_string\"}}],\"inLanguage\":\"en-CA\"}]}<\/script>\n<!-- \/ Yoast SEO plugin. -->","yoast_head_json":{"title":"Les temps sont durs \u00e0 l\u2019a\u00e9roport Saguenay-Bagotville - R\u00e9seau qu\u00e9b\u00e9cois des a\u00e9roports","robots":{"index":"index","follow":"follow","max-snippet":"max-snippet:-1","max-image-preview":"max-image-preview:large","max-video-preview":"max-video-preview:-1"},"canonical":"https:\/\/reseauquebecoisdesaeroports.ca\/new\/temps-durs-eroport-saguenay-bagotville\/","og_locale":"en_US","og_type":"article","og_title":"Les temps sont durs \u00e0 l\u2019a\u00e9roport Saguenay-Bagotville - R\u00e9seau qu\u00e9b\u00e9cois des a\u00e9roports","og_description":"Le passage en zone rouge de la r\u00e9gion du Saguenay-Lac-Saint-Jean complique la situation de l\u2019a\u00e9roport. Le nombre de vols demeure tr\u00e8s faible quand on le compare \u00e0 celui avant la pand\u00e9mie. Pour la directrice de l\u2019a\u00e9roport, Louise B\u00e9langer, ce sont les vols nolis\u00e9s qui ont permis de maintenir les activit\u00e9s...","og_url":"https:\/\/reseauquebecoisdesaeroports.ca\/new\/temps-durs-eroport-saguenay-bagotville\/","og_site_name":"R\u00e9seau qu\u00e9b\u00e9cois des a\u00e9roports","article_modified_time":"2023-08-13T23:25:38+00:00","twitter_card":"summary_large_image","schema":{"@context":"https:\/\/schema.org","@graph":[{"@type":"WebPage","@id":"https:\/\/reseauquebecoisdesaeroports.ca\/new\/temps-durs-eroport-saguenay-bagotville\/","url":"https:\/\/reseauquebecoisdesaeroports.ca\/new\/temps-durs-eroport-saguenay-bagotville\/","name":"Les temps sont durs \u00e0 l\u2019a\u00e9roport Saguenay-Bagotville - R\u00e9seau qu\u00e9b\u00e9cois des a\u00e9roports","isPartOf":{"@id":"https:\/\/reseauquebecoisdesaeroports.ca\/#website"},"datePublished":"2020-11-11T20:04:00+00:00","dateModified":"2023-08-13T23:25:38+00:00","breadcrumb":{"@id":"https:\/\/reseauquebecoisdesaeroports.ca\/new\/temps-durs-eroport-saguenay-bagotville\/#breadcrumb"},"inLanguage":"en-CA","potentialAction":[{"@type":"ReadAction","target":["https:\/\/reseauquebecoisdesaeroports.ca\/new\/temps-durs-eroport-saguenay-bagotville\/"]}]},{"@type":"BreadcrumbList","@id":"https:\/\/reseauquebecoisdesaeroports.ca\/new\/temps-durs-eroport-saguenay-bagotville\/#breadcrumb","itemListElement":[{"@type":"ListItem","position":1,"name":"Accueil","item":"https:\/\/reseauquebecoisdesaeroports.ca\/"},{"@type":"ListItem","position":2,"name":"Les temps sont durs \u00e0 l\u2019a\u00e9roport Saguenay-Bagotville"}]},{"@type":"WebSite","@id":"https:\/\/reseauquebecoisdesaeroports.ca\/#website","url":"https:\/\/reseauquebecoisdesaeroports.ca\/","name":"R\u00e9seau qu\u00e9b\u00e9cois des a\u00e9roports","description":"","potentialAction":[{"@type":"SearchAction","target":{"@type":"EntryPoint","urlTemplate":"https:\/\/reseauquebecoisdesaeroports.ca\/?s={search_term_string}"},"query-input":{"@type":"PropertyValueSpecification","valueRequired":true,"valueName":"search_term_string"}}],"inLanguage":"en-CA"}]}},"_links":{"self":[{"href":"https:\/\/reseauquebecoisdesaeroports.ca\/en\/wp-json\/wp\/v2\/nouvelles\/2471","targetHints":{"allow":["GET"]}}],"collection":[{"href":"https:\/\/reseauquebecoisdesaeroports.ca\/en\/wp-json\/wp\/v2\/nouvelles"}],"about":[{"href":"https:\/\/reseauquebecoisdesaeroports.ca\/en\/wp-json\/wp\/v2\/types\/nouvelles"}],"author":[{"embeddable":true,"href":"https:\/\/reseauquebecoisdesaeroports.ca\/en\/wp-json\/wp\/v2\/users\/1"}],"wp:attachment":[{"href":"https:\/\/reseauquebecoisdesaeroports.ca\/en\/wp-json\/wp\/v2\/media?parent=2471"}],"curies":[{"name":"wp","href":"https:\/\/api.w.org\/{rel}","templated":true}]}}