{"id":2473,"date":"2020-11-11T20:06:00","date_gmt":"2020-11-11T20:06:47","guid":{"rendered":"https:\/\/reseauquebecoisdesaeroports.ca\/new\/aeroports-regionaux-demandent-aide-quebec\/"},"modified":"2023-08-13T19:25:39","modified_gmt":"2023-08-13T23:25:39","slug":"aeroports-regionaux-demandent-aide-quebec","status":"publish","type":"nouvelles","link":"https:\/\/reseauquebecoisdesaeroports.ca\/en\/new\/aeroports-regionaux-demandent-aide-quebec\/","title":{"rendered":"Des a\u00e9roports r\u00e9gionaux demandent l\u2019aide de Qu\u00e9bec"},"content":{"rendered":"<p>Cinq a\u00e9roports r\u00e9gionaux du Qu\u00e9bec ont annonc\u00e9 la cr\u00e9ation d\u2019un comit\u00e9 de survie pour venir en aide aux a\u00e9roports qui n\u2019ont pas eu acc\u00e8s \u00e0 l\u2019aide accord\u00e9e aux municipalit\u00e9s. Le comit\u00e9 est compos\u00e9 des a\u00e9roports de Val-d\u2019Or, Mont-Tremblant, Mont-Joli, Charlevoix et Baie&#8209;Comeau. Selon le R\u00e9seau qu\u00e9b\u00e9cois des a\u00e9roports, la perte estim\u00e9e \u00e0 16 M$ en mai dernier n\u2019a certainement pas diminu\u00e9 et les a\u00e9roports ont besoin d\u2019une aide d\u2019urgence.<\/p>\n","protected":false},"author":1,"featured_media":0,"template":"","class_list":["post-2473","nouvelles","type-nouvelles","status-publish"],"acf":[],"yoast_head":"<!-- This site is optimized with the Yoast SEO plugin v25.8 - https:\/\/yoast.com\/wordpress\/plugins\/seo\/ -->\n<title>Des a\u00e9roports r\u00e9gionaux demandent l\u2019aide de Qu\u00e9bec - R\u00e9seau qu\u00e9b\u00e9cois des a\u00e9roports<\/title>\n<meta name=\"robots\" content=\"index, follow, max-snippet:-1, max-image-preview:large, max-video-preview:-1\" \/>\n<link rel=\"canonical\" href=\"https:\/\/reseauquebecoisdesaeroports.ca\/new\/aeroports-regionaux-demandent-aide-quebec\/\" \/>\n<meta property=\"og:locale\" content=\"en_US\" \/>\n<meta property=\"og:type\" content=\"article\" \/>\n<meta property=\"og:title\" content=\"Des a\u00e9roports r\u00e9gionaux demandent l\u2019aide de Qu\u00e9bec - R\u00e9seau qu\u00e9b\u00e9cois des a\u00e9roports\" \/>\n<meta property=\"og:description\" content=\"Cinq a\u00e9roports r\u00e9gionaux du Qu\u00e9bec ont annonc\u00e9 la cr\u00e9ation d\u2019un comit\u00e9 de survie pour venir en aide aux a\u00e9roports qui n\u2019ont pas eu acc\u00e8s \u00e0 l\u2019aide accord\u00e9e aux municipalit\u00e9s. Le comit\u00e9 est compos\u00e9 des a\u00e9roports de Val-d\u2019Or, Mont-Tremblant, Mont-Joli, Charlevoix et Baie&#8209;Comeau. Selon le R\u00e9seau qu\u00e9b\u00e9cois des a\u00e9roports, la perte...\" \/>\n<meta property=\"og:url\" content=\"https:\/\/reseauquebecoisdesaeroports.ca\/new\/aeroports-regionaux-demandent-aide-quebec\/\" \/>\n<meta property=\"og:site_name\" content=\"R\u00e9seau qu\u00e9b\u00e9cois des a\u00e9roports\" \/>\n<meta property=\"article:modified_time\" content=\"2023-08-13T23:25:39+00:00\" \/>\n<meta name=\"twitter:card\" content=\"summary_large_image\" \/>\n<script type=\"application\/ld+json\" class=\"yoast-schema-graph\">{\"@context\":\"https:\/\/schema.org\",\"@graph\":[{\"@type\":\"WebPage\",\"@id\":\"https:\/\/reseauquebecoisdesaeroports.ca\/new\/aeroports-regionaux-demandent-aide-quebec\/\",\"url\":\"https:\/\/reseauquebecoisdesaeroports.ca\/new\/aeroports-regionaux-demandent-aide-quebec\/\",\"name\":\"Des a\u00e9roports r\u00e9gionaux demandent l\u2019aide de Qu\u00e9bec - R\u00e9seau qu\u00e9b\u00e9cois des a\u00e9roports\",\"isPartOf\":{\"@id\":\"https:\/\/reseauquebecoisdesaeroports.ca\/#website\"},\"datePublished\":\"2020-11-11T20:06:47+00:00\",\"dateModified\":\"2023-08-13T23:25:39+00:00\",\"breadcrumb\":{\"@id\":\"https:\/\/reseauquebecoisdesaeroports.ca\/new\/aeroports-regionaux-demandent-aide-quebec\/#breadcrumb\"},\"inLanguage\":\"en-CA\",\"potentialAction\":[{\"@type\":\"ReadAction\",\"target\":[\"https:\/\/reseauquebecoisdesaeroports.ca\/new\/aeroports-regionaux-demandent-aide-quebec\/\"]}]},{\"@type\":\"BreadcrumbList\",\"@id\":\"https:\/\/reseauquebecoisdesaeroports.ca\/new\/aeroports-regionaux-demandent-aide-quebec\/#breadcrumb\",\"itemListElement\":[{\"@type\":\"ListItem\",\"position\":1,\"name\":\"Accueil\",\"item\":\"https:\/\/reseauquebecoisdesaeroports.ca\/\"},{\"@type\":\"ListItem\",\"position\":2,\"name\":\"Des a\u00e9roports r\u00e9gionaux demandent l\u2019aide de Qu\u00e9bec\"}]},{\"@type\":\"WebSite\",\"@id\":\"https:\/\/reseauquebecoisdesaeroports.ca\/#website\",\"url\":\"https:\/\/reseauquebecoisdesaeroports.ca\/\",\"name\":\"R\u00e9seau qu\u00e9b\u00e9cois des a\u00e9roports\",\"description\":\"\",\"potentialAction\":[{\"@type\":\"SearchAction\",\"target\":{\"@type\":\"EntryPoint\",\"urlTemplate\":\"https:\/\/reseauquebecoisdesaeroports.ca\/?s={search_term_string}\"},\"query-input\":{\"@type\":\"PropertyValueSpecification\",\"valueRequired\":true,\"valueName\":\"search_term_string\"}}],\"inLanguage\":\"en-CA\"}]}<\/script>\n<!-- \/ Yoast SEO plugin. -->","yoast_head_json":{"title":"Des a\u00e9roports r\u00e9gionaux demandent l\u2019aide de Qu\u00e9bec - R\u00e9seau qu\u00e9b\u00e9cois des a\u00e9roports","robots":{"index":"index","follow":"follow","max-snippet":"max-snippet:-1","max-image-preview":"max-image-preview:large","max-video-preview":"max-video-preview:-1"},"canonical":"https:\/\/reseauquebecoisdesaeroports.ca\/new\/aeroports-regionaux-demandent-aide-quebec\/","og_locale":"en_US","og_type":"article","og_title":"Des a\u00e9roports r\u00e9gionaux demandent l\u2019aide de Qu\u00e9bec - R\u00e9seau qu\u00e9b\u00e9cois des a\u00e9roports","og_description":"Cinq a\u00e9roports r\u00e9gionaux du Qu\u00e9bec ont annonc\u00e9 la cr\u00e9ation d\u2019un comit\u00e9 de survie pour venir en aide aux a\u00e9roports qui n\u2019ont pas eu acc\u00e8s \u00e0 l\u2019aide accord\u00e9e aux municipalit\u00e9s. Le comit\u00e9 est compos\u00e9 des a\u00e9roports de Val-d\u2019Or, Mont-Tremblant, Mont-Joli, Charlevoix et Baie&#8209;Comeau. Selon le R\u00e9seau qu\u00e9b\u00e9cois des a\u00e9roports, la perte...","og_url":"https:\/\/reseauquebecoisdesaeroports.ca\/new\/aeroports-regionaux-demandent-aide-quebec\/","og_site_name":"R\u00e9seau qu\u00e9b\u00e9cois des a\u00e9roports","article_modified_time":"2023-08-13T23:25:39+00:00","twitter_card":"summary_large_image","schema":{"@context":"https:\/\/schema.org","@graph":[{"@type":"WebPage","@id":"https:\/\/reseauquebecoisdesaeroports.ca\/new\/aeroports-regionaux-demandent-aide-quebec\/","url":"https:\/\/reseauquebecoisdesaeroports.ca\/new\/aeroports-regionaux-demandent-aide-quebec\/","name":"Des a\u00e9roports r\u00e9gionaux demandent l\u2019aide de Qu\u00e9bec - R\u00e9seau qu\u00e9b\u00e9cois des a\u00e9roports","isPartOf":{"@id":"https:\/\/reseauquebecoisdesaeroports.ca\/#website"},"datePublished":"2020-11-11T20:06:47+00:00","dateModified":"2023-08-13T23:25:39+00:00","breadcrumb":{"@id":"https:\/\/reseauquebecoisdesaeroports.ca\/new\/aeroports-regionaux-demandent-aide-quebec\/#breadcrumb"},"inLanguage":"en-CA","potentialAction":[{"@type":"ReadAction","target":["https:\/\/reseauquebecoisdesaeroports.ca\/new\/aeroports-regionaux-demandent-aide-quebec\/"]}]},{"@type":"BreadcrumbList","@id":"https:\/\/reseauquebecoisdesaeroports.ca\/new\/aeroports-regionaux-demandent-aide-quebec\/#breadcrumb","itemListElement":[{"@type":"ListItem","position":1,"name":"Accueil","item":"https:\/\/reseauquebecoisdesaeroports.ca\/"},{"@type":"ListItem","position":2,"name":"Des a\u00e9roports r\u00e9gionaux demandent l\u2019aide de Qu\u00e9bec"}]},{"@type":"WebSite","@id":"https:\/\/reseauquebecoisdesaeroports.ca\/#website","url":"https:\/\/reseauquebecoisdesaeroports.ca\/","name":"R\u00e9seau qu\u00e9b\u00e9cois des a\u00e9roports","description":"","potentialAction":[{"@type":"SearchAction","target":{"@type":"EntryPoint","urlTemplate":"https:\/\/reseauquebecoisdesaeroports.ca\/?s={search_term_string}"},"query-input":{"@type":"PropertyValueSpecification","valueRequired":true,"valueName":"search_term_string"}}],"inLanguage":"en-CA"}]}},"_links":{"self":[{"href":"https:\/\/reseauquebecoisdesaeroports.ca\/en\/wp-json\/wp\/v2\/nouvelles\/2473","targetHints":{"allow":["GET"]}}],"collection":[{"href":"https:\/\/reseauquebecoisdesaeroports.ca\/en\/wp-json\/wp\/v2\/nouvelles"}],"about":[{"href":"https:\/\/reseauquebecoisdesaeroports.ca\/en\/wp-json\/wp\/v2\/types\/nouvelles"}],"author":[{"embeddable":true,"href":"https:\/\/reseauquebecoisdesaeroports.ca\/en\/wp-json\/wp\/v2\/users\/1"}],"wp:attachment":[{"href":"https:\/\/reseauquebecoisdesaeroports.ca\/en\/wp-json\/wp\/v2\/media?parent=2473"}],"curies":[{"name":"wp","href":"https:\/\/api.w.org\/{rel}","templated":true}]}}