{"id":2475,"date":"2020-11-12T01:02:00","date_gmt":"2020-11-11T20:02:33","guid":{"rendered":"https:\/\/reseauquebecoisdesaeroports.ca\/new\/pres-10-millions-travaux-majeurs-aeroport-matane\/"},"modified":"2023-08-13T19:25:39","modified_gmt":"2023-08-13T23:25:39","slug":"pres-10-millions-travaux-majeurs-aeroport-matane","status":"publish","type":"nouvelles","link":"https:\/\/reseauquebecoisdesaeroports.ca\/en\/new\/pres-10-millions-travaux-majeurs-aeroport-matane\/","title":{"rendered":"Pr\u00e8s de 10 millions pour des travaux majeurs \u00e0 l\u2019a\u00e9roport de Matane"},"content":{"rendered":"<p>Le minist\u00e8re des Transports du Qu\u00e9bec vient d\u2019octroyer une subvention de 9 732 004 $ \u00e0 l\u2019a\u00e9roport afin d\u2019effectuer des travaux pour permettre \u00e0 l\u2019avion-h\u00f4pital de se poser \u00e0 Matane. Les travaux consistent \u00e0 mettre en place une station m\u00e9t\u00e9o, recl\u00f4turer le site, installer un nouveau syst\u00e8me d\u2019\u00e9clairage, revitaliser l\u2019a\u00e9rogare et asphalter la piste. Le gouvernement subventionne 75 % du projet en raison du volet d\u2019\u00e9vacuation m\u00e9dicale. Eddy M\u00e9tivier, conseiller municipal responsable du dossier, affirme que c\u2019est un \u00ab gain \u00e9norme pour La Matanie \u00bb.<\/p>\n","protected":false},"author":1,"featured_media":0,"template":"","class_list":["post-2475","nouvelles","type-nouvelles","status-publish"],"acf":[],"yoast_head":"<!-- This site is optimized with the Yoast SEO plugin v25.8 - https:\/\/yoast.com\/wordpress\/plugins\/seo\/ -->\n<title>Pr\u00e8s de 10 millions pour des travaux majeurs \u00e0 l\u2019a\u00e9roport de Matane - R\u00e9seau qu\u00e9b\u00e9cois des a\u00e9roports<\/title>\n<meta name=\"robots\" content=\"index, follow, max-snippet:-1, max-image-preview:large, max-video-preview:-1\" \/>\n<link rel=\"canonical\" href=\"https:\/\/reseauquebecoisdesaeroports.ca\/new\/pres-10-millions-travaux-majeurs-aeroport-matane\/\" \/>\n<meta property=\"og:locale\" content=\"en_US\" \/>\n<meta property=\"og:type\" content=\"article\" \/>\n<meta property=\"og:title\" content=\"Pr\u00e8s de 10 millions pour des travaux majeurs \u00e0 l\u2019a\u00e9roport de Matane - R\u00e9seau qu\u00e9b\u00e9cois des a\u00e9roports\" \/>\n<meta property=\"og:description\" content=\"Le minist\u00e8re des Transports du Qu\u00e9bec vient d\u2019octroyer une subvention de 9 732 004 $ \u00e0 l\u2019a\u00e9roport afin d\u2019effectuer des travaux pour permettre \u00e0 l\u2019avion-h\u00f4pital de se poser \u00e0 Matane. Les travaux consistent \u00e0 mettre en place une station m\u00e9t\u00e9o, recl\u00f4turer le site, installer un nouveau syst\u00e8me d\u2019\u00e9clairage, revitaliser l\u2019a\u00e9rogare...\" \/>\n<meta property=\"og:url\" content=\"https:\/\/reseauquebecoisdesaeroports.ca\/new\/pres-10-millions-travaux-majeurs-aeroport-matane\/\" \/>\n<meta property=\"og:site_name\" content=\"R\u00e9seau qu\u00e9b\u00e9cois des a\u00e9roports\" \/>\n<meta property=\"article:modified_time\" content=\"2023-08-13T23:25:39+00:00\" \/>\n<meta name=\"twitter:card\" content=\"summary_large_image\" \/>\n<script type=\"application\/ld+json\" class=\"yoast-schema-graph\">{\"@context\":\"https:\/\/schema.org\",\"@graph\":[{\"@type\":\"WebPage\",\"@id\":\"https:\/\/reseauquebecoisdesaeroports.ca\/new\/pres-10-millions-travaux-majeurs-aeroport-matane\/\",\"url\":\"https:\/\/reseauquebecoisdesaeroports.ca\/new\/pres-10-millions-travaux-majeurs-aeroport-matane\/\",\"name\":\"Pr\u00e8s de 10 millions pour des travaux majeurs \u00e0 l\u2019a\u00e9roport de Matane - R\u00e9seau qu\u00e9b\u00e9cois des a\u00e9roports\",\"isPartOf\":{\"@id\":\"https:\/\/reseauquebecoisdesaeroports.ca\/#website\"},\"datePublished\":\"2020-11-11T20:02:33+00:00\",\"dateModified\":\"2023-08-13T23:25:39+00:00\",\"breadcrumb\":{\"@id\":\"https:\/\/reseauquebecoisdesaeroports.ca\/new\/pres-10-millions-travaux-majeurs-aeroport-matane\/#breadcrumb\"},\"inLanguage\":\"en-CA\",\"potentialAction\":[{\"@type\":\"ReadAction\",\"target\":[\"https:\/\/reseauquebecoisdesaeroports.ca\/new\/pres-10-millions-travaux-majeurs-aeroport-matane\/\"]}]},{\"@type\":\"BreadcrumbList\",\"@id\":\"https:\/\/reseauquebecoisdesaeroports.ca\/new\/pres-10-millions-travaux-majeurs-aeroport-matane\/#breadcrumb\",\"itemListElement\":[{\"@type\":\"ListItem\",\"position\":1,\"name\":\"Accueil\",\"item\":\"https:\/\/reseauquebecoisdesaeroports.ca\/\"},{\"@type\":\"ListItem\",\"position\":2,\"name\":\"Pr\u00e8s de 10 millions pour des travaux majeurs \u00e0 l\u2019a\u00e9roport de Matane\"}]},{\"@type\":\"WebSite\",\"@id\":\"https:\/\/reseauquebecoisdesaeroports.ca\/#website\",\"url\":\"https:\/\/reseauquebecoisdesaeroports.ca\/\",\"name\":\"R\u00e9seau qu\u00e9b\u00e9cois des a\u00e9roports\",\"description\":\"\",\"potentialAction\":[{\"@type\":\"SearchAction\",\"target\":{\"@type\":\"EntryPoint\",\"urlTemplate\":\"https:\/\/reseauquebecoisdesaeroports.ca\/?s={search_term_string}\"},\"query-input\":{\"@type\":\"PropertyValueSpecification\",\"valueRequired\":true,\"valueName\":\"search_term_string\"}}],\"inLanguage\":\"en-CA\"}]}<\/script>\n<!-- \/ Yoast SEO plugin. -->","yoast_head_json":{"title":"Pr\u00e8s de 10 millions pour des travaux majeurs \u00e0 l\u2019a\u00e9roport de Matane - R\u00e9seau qu\u00e9b\u00e9cois des a\u00e9roports","robots":{"index":"index","follow":"follow","max-snippet":"max-snippet:-1","max-image-preview":"max-image-preview:large","max-video-preview":"max-video-preview:-1"},"canonical":"https:\/\/reseauquebecoisdesaeroports.ca\/new\/pres-10-millions-travaux-majeurs-aeroport-matane\/","og_locale":"en_US","og_type":"article","og_title":"Pr\u00e8s de 10 millions pour des travaux majeurs \u00e0 l\u2019a\u00e9roport de Matane - R\u00e9seau qu\u00e9b\u00e9cois des a\u00e9roports","og_description":"Le minist\u00e8re des Transports du Qu\u00e9bec vient d\u2019octroyer une subvention de 9 732 004 $ \u00e0 l\u2019a\u00e9roport afin d\u2019effectuer des travaux pour permettre \u00e0 l\u2019avion-h\u00f4pital de se poser \u00e0 Matane. Les travaux consistent \u00e0 mettre en place une station m\u00e9t\u00e9o, recl\u00f4turer le site, installer un nouveau syst\u00e8me d\u2019\u00e9clairage, revitaliser l\u2019a\u00e9rogare...","og_url":"https:\/\/reseauquebecoisdesaeroports.ca\/new\/pres-10-millions-travaux-majeurs-aeroport-matane\/","og_site_name":"R\u00e9seau qu\u00e9b\u00e9cois des a\u00e9roports","article_modified_time":"2023-08-13T23:25:39+00:00","twitter_card":"summary_large_image","schema":{"@context":"https:\/\/schema.org","@graph":[{"@type":"WebPage","@id":"https:\/\/reseauquebecoisdesaeroports.ca\/new\/pres-10-millions-travaux-majeurs-aeroport-matane\/","url":"https:\/\/reseauquebecoisdesaeroports.ca\/new\/pres-10-millions-travaux-majeurs-aeroport-matane\/","name":"Pr\u00e8s de 10 millions pour des travaux majeurs \u00e0 l\u2019a\u00e9roport de Matane - R\u00e9seau qu\u00e9b\u00e9cois des a\u00e9roports","isPartOf":{"@id":"https:\/\/reseauquebecoisdesaeroports.ca\/#website"},"datePublished":"2020-11-11T20:02:33+00:00","dateModified":"2023-08-13T23:25:39+00:00","breadcrumb":{"@id":"https:\/\/reseauquebecoisdesaeroports.ca\/new\/pres-10-millions-travaux-majeurs-aeroport-matane\/#breadcrumb"},"inLanguage":"en-CA","potentialAction":[{"@type":"ReadAction","target":["https:\/\/reseauquebecoisdesaeroports.ca\/new\/pres-10-millions-travaux-majeurs-aeroport-matane\/"]}]},{"@type":"BreadcrumbList","@id":"https:\/\/reseauquebecoisdesaeroports.ca\/new\/pres-10-millions-travaux-majeurs-aeroport-matane\/#breadcrumb","itemListElement":[{"@type":"ListItem","position":1,"name":"Accueil","item":"https:\/\/reseauquebecoisdesaeroports.ca\/"},{"@type":"ListItem","position":2,"name":"Pr\u00e8s de 10 millions pour des travaux majeurs \u00e0 l\u2019a\u00e9roport de Matane"}]},{"@type":"WebSite","@id":"https:\/\/reseauquebecoisdesaeroports.ca\/#website","url":"https:\/\/reseauquebecoisdesaeroports.ca\/","name":"R\u00e9seau qu\u00e9b\u00e9cois des a\u00e9roports","description":"","potentialAction":[{"@type":"SearchAction","target":{"@type":"EntryPoint","urlTemplate":"https:\/\/reseauquebecoisdesaeroports.ca\/?s={search_term_string}"},"query-input":{"@type":"PropertyValueSpecification","valueRequired":true,"valueName":"search_term_string"}}],"inLanguage":"en-CA"}]}},"_links":{"self":[{"href":"https:\/\/reseauquebecoisdesaeroports.ca\/en\/wp-json\/wp\/v2\/nouvelles\/2475","targetHints":{"allow":["GET"]}}],"collection":[{"href":"https:\/\/reseauquebecoisdesaeroports.ca\/en\/wp-json\/wp\/v2\/nouvelles"}],"about":[{"href":"https:\/\/reseauquebecoisdesaeroports.ca\/en\/wp-json\/wp\/v2\/types\/nouvelles"}],"author":[{"embeddable":true,"href":"https:\/\/reseauquebecoisdesaeroports.ca\/en\/wp-json\/wp\/v2\/users\/1"}],"wp:attachment":[{"href":"https:\/\/reseauquebecoisdesaeroports.ca\/en\/wp-json\/wp\/v2\/media?parent=2475"}],"curies":[{"name":"wp","href":"https:\/\/api.w.org\/{rel}","templated":true}]}}