{"id":2478,"date":"2020-11-18T20:01:00","date_gmt":"2020-11-18T20:01:54","guid":{"rendered":"https:\/\/reseauquebecoisdesaeroports.ca\/new\/deputee-demande-aide-ciblee-aeroports-regionaux-2\/"},"modified":"2020-11-18T20:01:00","modified_gmt":"2020-11-18T20:01:54","slug":"deputee-demande-aide-ciblee-aeroports-regionaux-2","status":"publish","type":"nouvelles","link":"https:\/\/reseauquebecoisdesaeroports.ca\/en\/new\/deputee-demande-aide-ciblee-aeroports-regionaux-2\/","title":{"rendered":"La d\u00e9put\u00e9e demande une aide cibl\u00e9e pour les a\u00e9roports r\u00e9gionaux"},"content":{"rendered":"<p>La d\u00e9put\u00e9e bloquiste d\u2019Avignon-La Mitis-Matane-Matap\u00e9dia, Kristina Michaud, a interpell\u00e9 le ministre des Transports du Canada, Marc Garneau, afin qu\u2019il mette en place un programme d\u2019aide financi\u00e8re destin\u00e9 aux a\u00e9roports r\u00e9gionaux. Selon elle, \u00ab le plan de relance de l\u2019industrie a\u00e9rienne doit aller plus loin et inclure de l\u2019aide imm\u00e9diate pour les petits a\u00e9roports&nbsp;\u00bb. En l\u2019absence de mesures concr\u00e8tes, certains des petits a\u00e9roports risquent de fermer ne pouvant plus assumer leurs frais fixes.<\/p>\n","protected":false},"author":1,"featured_media":0,"template":"","class_list":["post-2478","nouvelles","type-nouvelles","status-publish"],"acf":[],"yoast_head":"<!-- This site is optimized with the Yoast SEO plugin v25.8 - https:\/\/yoast.com\/wordpress\/plugins\/seo\/ -->\n<title>La d\u00e9put\u00e9e demande une aide cibl\u00e9e pour les a\u00e9roports r\u00e9gionaux - R\u00e9seau qu\u00e9b\u00e9cois des a\u00e9roports<\/title>\n<meta name=\"robots\" content=\"index, follow, max-snippet:-1, max-image-preview:large, max-video-preview:-1\" \/>\n<link rel=\"canonical\" href=\"https:\/\/reseauquebecoisdesaeroports.ca\/new\/deputee-demande-aide-ciblee-aeroports-regionaux-2\/\" \/>\n<meta property=\"og:locale\" content=\"en_US\" \/>\n<meta property=\"og:type\" content=\"article\" \/>\n<meta property=\"og:title\" content=\"La d\u00e9put\u00e9e demande une aide cibl\u00e9e pour les a\u00e9roports r\u00e9gionaux - R\u00e9seau qu\u00e9b\u00e9cois des a\u00e9roports\" \/>\n<meta property=\"og:description\" content=\"La d\u00e9put\u00e9e bloquiste d\u2019Avignon-La Mitis-Matane-Matap\u00e9dia, Kristina Michaud, a interpell\u00e9 le ministre des Transports du Canada, Marc Garneau, afin qu\u2019il mette en place un programme d\u2019aide financi\u00e8re destin\u00e9 aux a\u00e9roports r\u00e9gionaux. Selon elle, \u00ab le plan de relance de l\u2019industrie a\u00e9rienne doit aller plus loin et inclure de l\u2019aide imm\u00e9diate pour...\" \/>\n<meta property=\"og:url\" content=\"https:\/\/reseauquebecoisdesaeroports.ca\/new\/deputee-demande-aide-ciblee-aeroports-regionaux-2\/\" \/>\n<meta property=\"og:site_name\" content=\"R\u00e9seau qu\u00e9b\u00e9cois des a\u00e9roports\" \/>\n<meta name=\"twitter:card\" content=\"summary_large_image\" \/>\n<script type=\"application\/ld+json\" class=\"yoast-schema-graph\">{\"@context\":\"https:\/\/schema.org\",\"@graph\":[{\"@type\":\"WebPage\",\"@id\":\"https:\/\/reseauquebecoisdesaeroports.ca\/new\/deputee-demande-aide-ciblee-aeroports-regionaux-2\/\",\"url\":\"https:\/\/reseauquebecoisdesaeroports.ca\/new\/deputee-demande-aide-ciblee-aeroports-regionaux-2\/\",\"name\":\"La d\u00e9put\u00e9e demande une aide cibl\u00e9e pour les a\u00e9roports r\u00e9gionaux - R\u00e9seau qu\u00e9b\u00e9cois des a\u00e9roports\",\"isPartOf\":{\"@id\":\"https:\/\/reseauquebecoisdesaeroports.ca\/#website\"},\"datePublished\":\"2020-11-18T20:01:54+00:00\",\"breadcrumb\":{\"@id\":\"https:\/\/reseauquebecoisdesaeroports.ca\/new\/deputee-demande-aide-ciblee-aeroports-regionaux-2\/#breadcrumb\"},\"inLanguage\":\"en-CA\",\"potentialAction\":[{\"@type\":\"ReadAction\",\"target\":[\"https:\/\/reseauquebecoisdesaeroports.ca\/new\/deputee-demande-aide-ciblee-aeroports-regionaux-2\/\"]}]},{\"@type\":\"BreadcrumbList\",\"@id\":\"https:\/\/reseauquebecoisdesaeroports.ca\/new\/deputee-demande-aide-ciblee-aeroports-regionaux-2\/#breadcrumb\",\"itemListElement\":[{\"@type\":\"ListItem\",\"position\":1,\"name\":\"Accueil\",\"item\":\"https:\/\/reseauquebecoisdesaeroports.ca\/\"},{\"@type\":\"ListItem\",\"position\":2,\"name\":\"La d\u00e9put\u00e9e demande une aide cibl\u00e9e pour les a\u00e9roports r\u00e9gionaux\"}]},{\"@type\":\"WebSite\",\"@id\":\"https:\/\/reseauquebecoisdesaeroports.ca\/#website\",\"url\":\"https:\/\/reseauquebecoisdesaeroports.ca\/\",\"name\":\"R\u00e9seau qu\u00e9b\u00e9cois des a\u00e9roports\",\"description\":\"\",\"potentialAction\":[{\"@type\":\"SearchAction\",\"target\":{\"@type\":\"EntryPoint\",\"urlTemplate\":\"https:\/\/reseauquebecoisdesaeroports.ca\/?s={search_term_string}\"},\"query-input\":{\"@type\":\"PropertyValueSpecification\",\"valueRequired\":true,\"valueName\":\"search_term_string\"}}],\"inLanguage\":\"en-CA\"}]}<\/script>\n<!-- \/ Yoast SEO plugin. -->","yoast_head_json":{"title":"La d\u00e9put\u00e9e demande une aide cibl\u00e9e pour les a\u00e9roports r\u00e9gionaux - R\u00e9seau qu\u00e9b\u00e9cois des a\u00e9roports","robots":{"index":"index","follow":"follow","max-snippet":"max-snippet:-1","max-image-preview":"max-image-preview:large","max-video-preview":"max-video-preview:-1"},"canonical":"https:\/\/reseauquebecoisdesaeroports.ca\/new\/deputee-demande-aide-ciblee-aeroports-regionaux-2\/","og_locale":"en_US","og_type":"article","og_title":"La d\u00e9put\u00e9e demande une aide cibl\u00e9e pour les a\u00e9roports r\u00e9gionaux - R\u00e9seau qu\u00e9b\u00e9cois des a\u00e9roports","og_description":"La d\u00e9put\u00e9e bloquiste d\u2019Avignon-La Mitis-Matane-Matap\u00e9dia, Kristina Michaud, a interpell\u00e9 le ministre des Transports du Canada, Marc Garneau, afin qu\u2019il mette en place un programme d\u2019aide financi\u00e8re destin\u00e9 aux a\u00e9roports r\u00e9gionaux. Selon elle, \u00ab le plan de relance de l\u2019industrie a\u00e9rienne doit aller plus loin et inclure de l\u2019aide imm\u00e9diate pour...","og_url":"https:\/\/reseauquebecoisdesaeroports.ca\/new\/deputee-demande-aide-ciblee-aeroports-regionaux-2\/","og_site_name":"R\u00e9seau qu\u00e9b\u00e9cois des a\u00e9roports","twitter_card":"summary_large_image","schema":{"@context":"https:\/\/schema.org","@graph":[{"@type":"WebPage","@id":"https:\/\/reseauquebecoisdesaeroports.ca\/new\/deputee-demande-aide-ciblee-aeroports-regionaux-2\/","url":"https:\/\/reseauquebecoisdesaeroports.ca\/new\/deputee-demande-aide-ciblee-aeroports-regionaux-2\/","name":"La d\u00e9put\u00e9e demande une aide cibl\u00e9e pour les a\u00e9roports r\u00e9gionaux - R\u00e9seau qu\u00e9b\u00e9cois des a\u00e9roports","isPartOf":{"@id":"https:\/\/reseauquebecoisdesaeroports.ca\/#website"},"datePublished":"2020-11-18T20:01:54+00:00","breadcrumb":{"@id":"https:\/\/reseauquebecoisdesaeroports.ca\/new\/deputee-demande-aide-ciblee-aeroports-regionaux-2\/#breadcrumb"},"inLanguage":"en-CA","potentialAction":[{"@type":"ReadAction","target":["https:\/\/reseauquebecoisdesaeroports.ca\/new\/deputee-demande-aide-ciblee-aeroports-regionaux-2\/"]}]},{"@type":"BreadcrumbList","@id":"https:\/\/reseauquebecoisdesaeroports.ca\/new\/deputee-demande-aide-ciblee-aeroports-regionaux-2\/#breadcrumb","itemListElement":[{"@type":"ListItem","position":1,"name":"Accueil","item":"https:\/\/reseauquebecoisdesaeroports.ca\/"},{"@type":"ListItem","position":2,"name":"La d\u00e9put\u00e9e demande une aide cibl\u00e9e pour les a\u00e9roports r\u00e9gionaux"}]},{"@type":"WebSite","@id":"https:\/\/reseauquebecoisdesaeroports.ca\/#website","url":"https:\/\/reseauquebecoisdesaeroports.ca\/","name":"R\u00e9seau qu\u00e9b\u00e9cois des a\u00e9roports","description":"","potentialAction":[{"@type":"SearchAction","target":{"@type":"EntryPoint","urlTemplate":"https:\/\/reseauquebecoisdesaeroports.ca\/?s={search_term_string}"},"query-input":{"@type":"PropertyValueSpecification","valueRequired":true,"valueName":"search_term_string"}}],"inLanguage":"en-CA"}]}},"_links":{"self":[{"href":"https:\/\/reseauquebecoisdesaeroports.ca\/en\/wp-json\/wp\/v2\/nouvelles\/2478","targetHints":{"allow":["GET"]}}],"collection":[{"href":"https:\/\/reseauquebecoisdesaeroports.ca\/en\/wp-json\/wp\/v2\/nouvelles"}],"about":[{"href":"https:\/\/reseauquebecoisdesaeroports.ca\/en\/wp-json\/wp\/v2\/types\/nouvelles"}],"author":[{"embeddable":true,"href":"https:\/\/reseauquebecoisdesaeroports.ca\/en\/wp-json\/wp\/v2\/users\/1"}],"wp:attachment":[{"href":"https:\/\/reseauquebecoisdesaeroports.ca\/en\/wp-json\/wp\/v2\/media?parent=2478"}],"curies":[{"name":"wp","href":"https:\/\/api.w.org\/{rel}","templated":true}]}}