{"id":2496,"date":"2020-12-09T20:05:00","date_gmt":"2020-12-09T20:05:14","guid":{"rendered":"https:\/\/reseauquebecoisdesaeroports.ca\/new\/cooperative-quebecoise-decoller-ete\/"},"modified":"2020-12-09T20:05:00","modified_gmt":"2020-12-09T20:05:14","slug":"cooperative-quebecoise-decoller-ete","status":"publish","type":"nouvelles","link":"https:\/\/reseauquebecoisdesaeroports.ca\/en\/new\/cooperative-quebecoise-decoller-ete\/","title":{"rendered":"La coop\u00e9rative qu\u00e9b\u00e9coise veut d\u00e9coller d\u2019ici l\u2019\u00e9t\u00e9"},"content":{"rendered":"<p>La Coop\u00e9rative de transport r\u00e9gional du Qu\u00e9bec (TREQ) s\u2019appr\u00eate \u00e0 commencer sa campagne de recrutement. La mise en service devrait avoir lieu en mai ou juin 2021. En raison de la pr\u00e9sente crise, de nombreux pilotes se cherchent un emploi et l\u2019entreprise a re\u00e7u des centaines de CV.&nbsp;TREQ op\u00e9rera une flotte d\u2019appareils Q400; les trajets les plus longs co\u00fbteraient entre 318&nbsp;et 425 $.<\/p>\n","protected":false},"author":1,"featured_media":0,"template":"","class_list":["post-2496","nouvelles","type-nouvelles","status-publish"],"acf":[],"yoast_head":"<!-- This site is optimized with the Yoast SEO plugin v25.8 - https:\/\/yoast.com\/wordpress\/plugins\/seo\/ -->\n<title>La coop\u00e9rative qu\u00e9b\u00e9coise veut d\u00e9coller d\u2019ici l\u2019\u00e9t\u00e9 - R\u00e9seau qu\u00e9b\u00e9cois des a\u00e9roports<\/title>\n<meta name=\"robots\" content=\"index, follow, max-snippet:-1, max-image-preview:large, max-video-preview:-1\" \/>\n<link rel=\"canonical\" href=\"https:\/\/reseauquebecoisdesaeroports.ca\/new\/cooperative-quebecoise-decoller-ete\/\" \/>\n<meta property=\"og:locale\" content=\"en_US\" \/>\n<meta property=\"og:type\" content=\"article\" \/>\n<meta property=\"og:title\" content=\"La coop\u00e9rative qu\u00e9b\u00e9coise veut d\u00e9coller d\u2019ici l\u2019\u00e9t\u00e9 - R\u00e9seau qu\u00e9b\u00e9cois des a\u00e9roports\" \/>\n<meta property=\"og:description\" content=\"La Coop\u00e9rative de transport r\u00e9gional du Qu\u00e9bec (TREQ) s\u2019appr\u00eate \u00e0 commencer sa campagne de recrutement. La mise en service devrait avoir lieu en mai ou juin 2021. En raison de la pr\u00e9sente crise, de nombreux pilotes se cherchent un emploi et l\u2019entreprise a re\u00e7u des centaines de CV.&nbsp;TREQ op\u00e9rera une...\" \/>\n<meta property=\"og:url\" content=\"https:\/\/reseauquebecoisdesaeroports.ca\/new\/cooperative-quebecoise-decoller-ete\/\" \/>\n<meta property=\"og:site_name\" content=\"R\u00e9seau qu\u00e9b\u00e9cois des a\u00e9roports\" \/>\n<meta name=\"twitter:card\" content=\"summary_large_image\" \/>\n<script type=\"application\/ld+json\" class=\"yoast-schema-graph\">{\"@context\":\"https:\/\/schema.org\",\"@graph\":[{\"@type\":\"WebPage\",\"@id\":\"https:\/\/reseauquebecoisdesaeroports.ca\/new\/cooperative-quebecoise-decoller-ete\/\",\"url\":\"https:\/\/reseauquebecoisdesaeroports.ca\/new\/cooperative-quebecoise-decoller-ete\/\",\"name\":\"La coop\u00e9rative qu\u00e9b\u00e9coise veut d\u00e9coller d\u2019ici l\u2019\u00e9t\u00e9 - R\u00e9seau qu\u00e9b\u00e9cois des a\u00e9roports\",\"isPartOf\":{\"@id\":\"https:\/\/reseauquebecoisdesaeroports.ca\/#website\"},\"datePublished\":\"2020-12-09T20:05:14+00:00\",\"breadcrumb\":{\"@id\":\"https:\/\/reseauquebecoisdesaeroports.ca\/new\/cooperative-quebecoise-decoller-ete\/#breadcrumb\"},\"inLanguage\":\"en-CA\",\"potentialAction\":[{\"@type\":\"ReadAction\",\"target\":[\"https:\/\/reseauquebecoisdesaeroports.ca\/new\/cooperative-quebecoise-decoller-ete\/\"]}]},{\"@type\":\"BreadcrumbList\",\"@id\":\"https:\/\/reseauquebecoisdesaeroports.ca\/new\/cooperative-quebecoise-decoller-ete\/#breadcrumb\",\"itemListElement\":[{\"@type\":\"ListItem\",\"position\":1,\"name\":\"Accueil\",\"item\":\"https:\/\/reseauquebecoisdesaeroports.ca\/\"},{\"@type\":\"ListItem\",\"position\":2,\"name\":\"La coop\u00e9rative qu\u00e9b\u00e9coise veut d\u00e9coller d\u2019ici l\u2019\u00e9t\u00e9\"}]},{\"@type\":\"WebSite\",\"@id\":\"https:\/\/reseauquebecoisdesaeroports.ca\/#website\",\"url\":\"https:\/\/reseauquebecoisdesaeroports.ca\/\",\"name\":\"R\u00e9seau qu\u00e9b\u00e9cois des a\u00e9roports\",\"description\":\"\",\"potentialAction\":[{\"@type\":\"SearchAction\",\"target\":{\"@type\":\"EntryPoint\",\"urlTemplate\":\"https:\/\/reseauquebecoisdesaeroports.ca\/?s={search_term_string}\"},\"query-input\":{\"@type\":\"PropertyValueSpecification\",\"valueRequired\":true,\"valueName\":\"search_term_string\"}}],\"inLanguage\":\"en-CA\"}]}<\/script>\n<!-- \/ Yoast SEO plugin. -->","yoast_head_json":{"title":"La coop\u00e9rative qu\u00e9b\u00e9coise veut d\u00e9coller d\u2019ici l\u2019\u00e9t\u00e9 - R\u00e9seau qu\u00e9b\u00e9cois des a\u00e9roports","robots":{"index":"index","follow":"follow","max-snippet":"max-snippet:-1","max-image-preview":"max-image-preview:large","max-video-preview":"max-video-preview:-1"},"canonical":"https:\/\/reseauquebecoisdesaeroports.ca\/new\/cooperative-quebecoise-decoller-ete\/","og_locale":"en_US","og_type":"article","og_title":"La coop\u00e9rative qu\u00e9b\u00e9coise veut d\u00e9coller d\u2019ici l\u2019\u00e9t\u00e9 - R\u00e9seau qu\u00e9b\u00e9cois des a\u00e9roports","og_description":"La Coop\u00e9rative de transport r\u00e9gional du Qu\u00e9bec (TREQ) s\u2019appr\u00eate \u00e0 commencer sa campagne de recrutement. La mise en service devrait avoir lieu en mai ou juin 2021. En raison de la pr\u00e9sente crise, de nombreux pilotes se cherchent un emploi et l\u2019entreprise a re\u00e7u des centaines de CV.&nbsp;TREQ op\u00e9rera une...","og_url":"https:\/\/reseauquebecoisdesaeroports.ca\/new\/cooperative-quebecoise-decoller-ete\/","og_site_name":"R\u00e9seau qu\u00e9b\u00e9cois des a\u00e9roports","twitter_card":"summary_large_image","schema":{"@context":"https:\/\/schema.org","@graph":[{"@type":"WebPage","@id":"https:\/\/reseauquebecoisdesaeroports.ca\/new\/cooperative-quebecoise-decoller-ete\/","url":"https:\/\/reseauquebecoisdesaeroports.ca\/new\/cooperative-quebecoise-decoller-ete\/","name":"La coop\u00e9rative qu\u00e9b\u00e9coise veut d\u00e9coller d\u2019ici l\u2019\u00e9t\u00e9 - R\u00e9seau qu\u00e9b\u00e9cois des a\u00e9roports","isPartOf":{"@id":"https:\/\/reseauquebecoisdesaeroports.ca\/#website"},"datePublished":"2020-12-09T20:05:14+00:00","breadcrumb":{"@id":"https:\/\/reseauquebecoisdesaeroports.ca\/new\/cooperative-quebecoise-decoller-ete\/#breadcrumb"},"inLanguage":"en-CA","potentialAction":[{"@type":"ReadAction","target":["https:\/\/reseauquebecoisdesaeroports.ca\/new\/cooperative-quebecoise-decoller-ete\/"]}]},{"@type":"BreadcrumbList","@id":"https:\/\/reseauquebecoisdesaeroports.ca\/new\/cooperative-quebecoise-decoller-ete\/#breadcrumb","itemListElement":[{"@type":"ListItem","position":1,"name":"Accueil","item":"https:\/\/reseauquebecoisdesaeroports.ca\/"},{"@type":"ListItem","position":2,"name":"La coop\u00e9rative qu\u00e9b\u00e9coise veut d\u00e9coller d\u2019ici l\u2019\u00e9t\u00e9"}]},{"@type":"WebSite","@id":"https:\/\/reseauquebecoisdesaeroports.ca\/#website","url":"https:\/\/reseauquebecoisdesaeroports.ca\/","name":"R\u00e9seau qu\u00e9b\u00e9cois des a\u00e9roports","description":"","potentialAction":[{"@type":"SearchAction","target":{"@type":"EntryPoint","urlTemplate":"https:\/\/reseauquebecoisdesaeroports.ca\/?s={search_term_string}"},"query-input":{"@type":"PropertyValueSpecification","valueRequired":true,"valueName":"search_term_string"}}],"inLanguage":"en-CA"}]}},"_links":{"self":[{"href":"https:\/\/reseauquebecoisdesaeroports.ca\/en\/wp-json\/wp\/v2\/nouvelles\/2496","targetHints":{"allow":["GET"]}}],"collection":[{"href":"https:\/\/reseauquebecoisdesaeroports.ca\/en\/wp-json\/wp\/v2\/nouvelles"}],"about":[{"href":"https:\/\/reseauquebecoisdesaeroports.ca\/en\/wp-json\/wp\/v2\/types\/nouvelles"}],"author":[{"embeddable":true,"href":"https:\/\/reseauquebecoisdesaeroports.ca\/en\/wp-json\/wp\/v2\/users\/1"}],"wp:attachment":[{"href":"https:\/\/reseauquebecoisdesaeroports.ca\/en\/wp-json\/wp\/v2\/media?parent=2496"}],"curies":[{"name":"wp","href":"https:\/\/api.w.org\/{rel}","templated":true}]}}