{"id":2497,"date":"2020-12-10T01:03:00","date_gmt":"2020-12-09T20:03:34","guid":{"rendered":"https:\/\/reseauquebecoisdesaeroports.ca\/new\/relance-verte-pour-aviation-canadienne\/"},"modified":"2020-12-10T01:03:00","modified_gmt":"2020-12-09T20:03:34","slug":"relance-verte-pour-aviation-canadienne","status":"publish","type":"nouvelles","link":"https:\/\/reseauquebecoisdesaeroports.ca\/en\/new\/relance-verte-pour-aviation-canadienne\/","title":{"rendered":"Une relance verte pour l\u2019aviation canadienne?"},"content":{"rendered":"<p>Le pr\u00e9sident du conseil de l\u2019OACI a soulev\u00e9 l\u2019importance de la solidarit\u00e9, de l\u2019innovation et de la durabilit\u00e9 dans les plans de relance du secteur a\u00e9rien. L\u2019OACI qui coordonne le r\u00e9gime CORSIA de compensation des \u00e9missions des vols internationaux a assur\u00e9 qu\u2019elle continuerait de collaborer en ce sens avec l\u2019industrie et les gouvernements. L\u2019organisme a d\u2019ailleurs mis en place de nombreux autres outils environnementaux.<\/p>\n","protected":false},"author":1,"featured_media":0,"template":"","class_list":["post-2497","nouvelles","type-nouvelles","status-publish"],"acf":[],"yoast_head":"<!-- This site is optimized with the Yoast SEO plugin v25.8 - https:\/\/yoast.com\/wordpress\/plugins\/seo\/ -->\n<title>Une relance verte pour l\u2019aviation canadienne? - R\u00e9seau qu\u00e9b\u00e9cois des a\u00e9roports<\/title>\n<meta name=\"robots\" content=\"index, follow, max-snippet:-1, max-image-preview:large, max-video-preview:-1\" \/>\n<link rel=\"canonical\" href=\"https:\/\/reseauquebecoisdesaeroports.ca\/new\/relance-verte-pour-aviation-canadienne\/\" \/>\n<meta property=\"og:locale\" content=\"en_US\" \/>\n<meta property=\"og:type\" content=\"article\" \/>\n<meta property=\"og:title\" content=\"Une relance verte pour l\u2019aviation canadienne? - R\u00e9seau qu\u00e9b\u00e9cois des a\u00e9roports\" \/>\n<meta property=\"og:description\" content=\"Le pr\u00e9sident du conseil de l\u2019OACI a soulev\u00e9 l\u2019importance de la solidarit\u00e9, de l\u2019innovation et de la durabilit\u00e9 dans les plans de relance du secteur a\u00e9rien. L\u2019OACI qui coordonne le r\u00e9gime CORSIA de compensation des \u00e9missions des vols internationaux a assur\u00e9 qu\u2019elle continuerait de collaborer en ce sens avec l\u2019industrie...\" \/>\n<meta property=\"og:url\" content=\"https:\/\/reseauquebecoisdesaeroports.ca\/new\/relance-verte-pour-aviation-canadienne\/\" \/>\n<meta property=\"og:site_name\" content=\"R\u00e9seau qu\u00e9b\u00e9cois des a\u00e9roports\" \/>\n<meta name=\"twitter:card\" content=\"summary_large_image\" \/>\n<script type=\"application\/ld+json\" class=\"yoast-schema-graph\">{\"@context\":\"https:\/\/schema.org\",\"@graph\":[{\"@type\":\"WebPage\",\"@id\":\"https:\/\/reseauquebecoisdesaeroports.ca\/new\/relance-verte-pour-aviation-canadienne\/\",\"url\":\"https:\/\/reseauquebecoisdesaeroports.ca\/new\/relance-verte-pour-aviation-canadienne\/\",\"name\":\"Une relance verte pour l\u2019aviation canadienne? - R\u00e9seau qu\u00e9b\u00e9cois des a\u00e9roports\",\"isPartOf\":{\"@id\":\"https:\/\/reseauquebecoisdesaeroports.ca\/#website\"},\"datePublished\":\"2020-12-09T20:03:34+00:00\",\"breadcrumb\":{\"@id\":\"https:\/\/reseauquebecoisdesaeroports.ca\/new\/relance-verte-pour-aviation-canadienne\/#breadcrumb\"},\"inLanguage\":\"en-CA\",\"potentialAction\":[{\"@type\":\"ReadAction\",\"target\":[\"https:\/\/reseauquebecoisdesaeroports.ca\/new\/relance-verte-pour-aviation-canadienne\/\"]}]},{\"@type\":\"BreadcrumbList\",\"@id\":\"https:\/\/reseauquebecoisdesaeroports.ca\/new\/relance-verte-pour-aviation-canadienne\/#breadcrumb\",\"itemListElement\":[{\"@type\":\"ListItem\",\"position\":1,\"name\":\"Accueil\",\"item\":\"https:\/\/reseauquebecoisdesaeroports.ca\/\"},{\"@type\":\"ListItem\",\"position\":2,\"name\":\"Une relance verte pour l\u2019aviation canadienne?\"}]},{\"@type\":\"WebSite\",\"@id\":\"https:\/\/reseauquebecoisdesaeroports.ca\/#website\",\"url\":\"https:\/\/reseauquebecoisdesaeroports.ca\/\",\"name\":\"R\u00e9seau qu\u00e9b\u00e9cois des a\u00e9roports\",\"description\":\"\",\"potentialAction\":[{\"@type\":\"SearchAction\",\"target\":{\"@type\":\"EntryPoint\",\"urlTemplate\":\"https:\/\/reseauquebecoisdesaeroports.ca\/?s={search_term_string}\"},\"query-input\":{\"@type\":\"PropertyValueSpecification\",\"valueRequired\":true,\"valueName\":\"search_term_string\"}}],\"inLanguage\":\"en-CA\"}]}<\/script>\n<!-- \/ Yoast SEO plugin. -->","yoast_head_json":{"title":"Une relance verte pour l\u2019aviation canadienne? - R\u00e9seau qu\u00e9b\u00e9cois des a\u00e9roports","robots":{"index":"index","follow":"follow","max-snippet":"max-snippet:-1","max-image-preview":"max-image-preview:large","max-video-preview":"max-video-preview:-1"},"canonical":"https:\/\/reseauquebecoisdesaeroports.ca\/new\/relance-verte-pour-aviation-canadienne\/","og_locale":"en_US","og_type":"article","og_title":"Une relance verte pour l\u2019aviation canadienne? - R\u00e9seau qu\u00e9b\u00e9cois des a\u00e9roports","og_description":"Le pr\u00e9sident du conseil de l\u2019OACI a soulev\u00e9 l\u2019importance de la solidarit\u00e9, de l\u2019innovation et de la durabilit\u00e9 dans les plans de relance du secteur a\u00e9rien. L\u2019OACI qui coordonne le r\u00e9gime CORSIA de compensation des \u00e9missions des vols internationaux a assur\u00e9 qu\u2019elle continuerait de collaborer en ce sens avec l\u2019industrie...","og_url":"https:\/\/reseauquebecoisdesaeroports.ca\/new\/relance-verte-pour-aviation-canadienne\/","og_site_name":"R\u00e9seau qu\u00e9b\u00e9cois des a\u00e9roports","twitter_card":"summary_large_image","schema":{"@context":"https:\/\/schema.org","@graph":[{"@type":"WebPage","@id":"https:\/\/reseauquebecoisdesaeroports.ca\/new\/relance-verte-pour-aviation-canadienne\/","url":"https:\/\/reseauquebecoisdesaeroports.ca\/new\/relance-verte-pour-aviation-canadienne\/","name":"Une relance verte pour l\u2019aviation canadienne? - R\u00e9seau qu\u00e9b\u00e9cois des a\u00e9roports","isPartOf":{"@id":"https:\/\/reseauquebecoisdesaeroports.ca\/#website"},"datePublished":"2020-12-09T20:03:34+00:00","breadcrumb":{"@id":"https:\/\/reseauquebecoisdesaeroports.ca\/new\/relance-verte-pour-aviation-canadienne\/#breadcrumb"},"inLanguage":"en-CA","potentialAction":[{"@type":"ReadAction","target":["https:\/\/reseauquebecoisdesaeroports.ca\/new\/relance-verte-pour-aviation-canadienne\/"]}]},{"@type":"BreadcrumbList","@id":"https:\/\/reseauquebecoisdesaeroports.ca\/new\/relance-verte-pour-aviation-canadienne\/#breadcrumb","itemListElement":[{"@type":"ListItem","position":1,"name":"Accueil","item":"https:\/\/reseauquebecoisdesaeroports.ca\/"},{"@type":"ListItem","position":2,"name":"Une relance verte pour l\u2019aviation canadienne?"}]},{"@type":"WebSite","@id":"https:\/\/reseauquebecoisdesaeroports.ca\/#website","url":"https:\/\/reseauquebecoisdesaeroports.ca\/","name":"R\u00e9seau qu\u00e9b\u00e9cois des a\u00e9roports","description":"","potentialAction":[{"@type":"SearchAction","target":{"@type":"EntryPoint","urlTemplate":"https:\/\/reseauquebecoisdesaeroports.ca\/?s={search_term_string}"},"query-input":{"@type":"PropertyValueSpecification","valueRequired":true,"valueName":"search_term_string"}}],"inLanguage":"en-CA"}]}},"_links":{"self":[{"href":"https:\/\/reseauquebecoisdesaeroports.ca\/en\/wp-json\/wp\/v2\/nouvelles\/2497","targetHints":{"allow":["GET"]}}],"collection":[{"href":"https:\/\/reseauquebecoisdesaeroports.ca\/en\/wp-json\/wp\/v2\/nouvelles"}],"about":[{"href":"https:\/\/reseauquebecoisdesaeroports.ca\/en\/wp-json\/wp\/v2\/types\/nouvelles"}],"author":[{"embeddable":true,"href":"https:\/\/reseauquebecoisdesaeroports.ca\/en\/wp-json\/wp\/v2\/users\/1"}],"wp:attachment":[{"href":"https:\/\/reseauquebecoisdesaeroports.ca\/en\/wp-json\/wp\/v2\/media?parent=2497"}],"curies":[{"name":"wp","href":"https:\/\/api.w.org\/{rel}","templated":true}]}}