{"id":2506,"date":"2020-12-23T20:03:00","date_gmt":"2020-12-23T20:03:28","guid":{"rendered":"https:\/\/reseauquebecoisdesaeroports.ca\/new\/aeroport-montreal-trudeau-bonde\/"},"modified":"2020-12-23T20:03:00","modified_gmt":"2020-12-23T20:03:28","slug":"aeroport-montreal-trudeau-bonde","status":"publish","type":"nouvelles","link":"https:\/\/reseauquebecoisdesaeroports.ca\/en\/new\/aeroport-montreal-trudeau-bonde\/","title":{"rendered":"L\u2019a\u00e9roport Montr\u00e9al-Trudeau bond\u00e9"},"content":{"rendered":"<p>Vendredi dernier, 12 000 voyageurs \u00e9taient attendus \u00e0 l\u2019a\u00e9roport de Montr\u00e9al. C\u2019est le plus fort achalandage depuis le d\u00e9but de la pand\u00e9mie bien qu\u2019inf\u00e9rieur \u00e0 celui de 62 000 voyageurs \u00e0 la m\u00eame date l\u2019an dernier. Le gouvernement f\u00e9d\u00e9ral rappelle aux voyageurs qu\u2019une quarantaine de 14 jours est obligatoire au retour.<\/p>\n","protected":false},"author":1,"featured_media":0,"template":"","class_list":["post-2506","nouvelles","type-nouvelles","status-publish"],"acf":[],"yoast_head":"<!-- This site is optimized with the Yoast SEO plugin v25.8 - https:\/\/yoast.com\/wordpress\/plugins\/seo\/ -->\n<title>L\u2019a\u00e9roport Montr\u00e9al-Trudeau bond\u00e9 - R\u00e9seau qu\u00e9b\u00e9cois des a\u00e9roports<\/title>\n<meta name=\"robots\" content=\"index, follow, max-snippet:-1, max-image-preview:large, max-video-preview:-1\" \/>\n<link rel=\"canonical\" href=\"https:\/\/reseauquebecoisdesaeroports.ca\/new\/aeroport-montreal-trudeau-bonde\/\" \/>\n<meta property=\"og:locale\" content=\"en_US\" \/>\n<meta property=\"og:type\" content=\"article\" \/>\n<meta property=\"og:title\" content=\"L\u2019a\u00e9roport Montr\u00e9al-Trudeau bond\u00e9 - R\u00e9seau qu\u00e9b\u00e9cois des a\u00e9roports\" \/>\n<meta property=\"og:description\" content=\"Vendredi dernier, 12 000 voyageurs \u00e9taient attendus \u00e0 l\u2019a\u00e9roport de Montr\u00e9al. C\u2019est le plus fort achalandage depuis le d\u00e9but de la pand\u00e9mie bien qu\u2019inf\u00e9rieur \u00e0 celui de 62 000 voyageurs \u00e0 la m\u00eame date l\u2019an dernier. Le gouvernement f\u00e9d\u00e9ral rappelle aux voyageurs qu\u2019une quarantaine de 14 jours est obligatoire au...\" \/>\n<meta property=\"og:url\" content=\"https:\/\/reseauquebecoisdesaeroports.ca\/new\/aeroport-montreal-trudeau-bonde\/\" \/>\n<meta property=\"og:site_name\" content=\"R\u00e9seau qu\u00e9b\u00e9cois des a\u00e9roports\" \/>\n<meta name=\"twitter:card\" content=\"summary_large_image\" \/>\n<script type=\"application\/ld+json\" class=\"yoast-schema-graph\">{\"@context\":\"https:\/\/schema.org\",\"@graph\":[{\"@type\":\"WebPage\",\"@id\":\"https:\/\/reseauquebecoisdesaeroports.ca\/new\/aeroport-montreal-trudeau-bonde\/\",\"url\":\"https:\/\/reseauquebecoisdesaeroports.ca\/new\/aeroport-montreal-trudeau-bonde\/\",\"name\":\"L\u2019a\u00e9roport Montr\u00e9al-Trudeau bond\u00e9 - R\u00e9seau qu\u00e9b\u00e9cois des a\u00e9roports\",\"isPartOf\":{\"@id\":\"https:\/\/reseauquebecoisdesaeroports.ca\/#website\"},\"datePublished\":\"2020-12-23T20:03:28+00:00\",\"breadcrumb\":{\"@id\":\"https:\/\/reseauquebecoisdesaeroports.ca\/new\/aeroport-montreal-trudeau-bonde\/#breadcrumb\"},\"inLanguage\":\"en-CA\",\"potentialAction\":[{\"@type\":\"ReadAction\",\"target\":[\"https:\/\/reseauquebecoisdesaeroports.ca\/new\/aeroport-montreal-trudeau-bonde\/\"]}]},{\"@type\":\"BreadcrumbList\",\"@id\":\"https:\/\/reseauquebecoisdesaeroports.ca\/new\/aeroport-montreal-trudeau-bonde\/#breadcrumb\",\"itemListElement\":[{\"@type\":\"ListItem\",\"position\":1,\"name\":\"Accueil\",\"item\":\"https:\/\/reseauquebecoisdesaeroports.ca\/\"},{\"@type\":\"ListItem\",\"position\":2,\"name\":\"L\u2019a\u00e9roport Montr\u00e9al-Trudeau bond\u00e9\"}]},{\"@type\":\"WebSite\",\"@id\":\"https:\/\/reseauquebecoisdesaeroports.ca\/#website\",\"url\":\"https:\/\/reseauquebecoisdesaeroports.ca\/\",\"name\":\"R\u00e9seau qu\u00e9b\u00e9cois des a\u00e9roports\",\"description\":\"\",\"potentialAction\":[{\"@type\":\"SearchAction\",\"target\":{\"@type\":\"EntryPoint\",\"urlTemplate\":\"https:\/\/reseauquebecoisdesaeroports.ca\/?s={search_term_string}\"},\"query-input\":{\"@type\":\"PropertyValueSpecification\",\"valueRequired\":true,\"valueName\":\"search_term_string\"}}],\"inLanguage\":\"en-CA\"}]}<\/script>\n<!-- \/ Yoast SEO plugin. -->","yoast_head_json":{"title":"L\u2019a\u00e9roport Montr\u00e9al-Trudeau bond\u00e9 - R\u00e9seau qu\u00e9b\u00e9cois des a\u00e9roports","robots":{"index":"index","follow":"follow","max-snippet":"max-snippet:-1","max-image-preview":"max-image-preview:large","max-video-preview":"max-video-preview:-1"},"canonical":"https:\/\/reseauquebecoisdesaeroports.ca\/new\/aeroport-montreal-trudeau-bonde\/","og_locale":"en_US","og_type":"article","og_title":"L\u2019a\u00e9roport Montr\u00e9al-Trudeau bond\u00e9 - R\u00e9seau qu\u00e9b\u00e9cois des a\u00e9roports","og_description":"Vendredi dernier, 12 000 voyageurs \u00e9taient attendus \u00e0 l\u2019a\u00e9roport de Montr\u00e9al. C\u2019est le plus fort achalandage depuis le d\u00e9but de la pand\u00e9mie bien qu\u2019inf\u00e9rieur \u00e0 celui de 62 000 voyageurs \u00e0 la m\u00eame date l\u2019an dernier. Le gouvernement f\u00e9d\u00e9ral rappelle aux voyageurs qu\u2019une quarantaine de 14 jours est obligatoire au...","og_url":"https:\/\/reseauquebecoisdesaeroports.ca\/new\/aeroport-montreal-trudeau-bonde\/","og_site_name":"R\u00e9seau qu\u00e9b\u00e9cois des a\u00e9roports","twitter_card":"summary_large_image","schema":{"@context":"https:\/\/schema.org","@graph":[{"@type":"WebPage","@id":"https:\/\/reseauquebecoisdesaeroports.ca\/new\/aeroport-montreal-trudeau-bonde\/","url":"https:\/\/reseauquebecoisdesaeroports.ca\/new\/aeroport-montreal-trudeau-bonde\/","name":"L\u2019a\u00e9roport Montr\u00e9al-Trudeau bond\u00e9 - R\u00e9seau qu\u00e9b\u00e9cois des a\u00e9roports","isPartOf":{"@id":"https:\/\/reseauquebecoisdesaeroports.ca\/#website"},"datePublished":"2020-12-23T20:03:28+00:00","breadcrumb":{"@id":"https:\/\/reseauquebecoisdesaeroports.ca\/new\/aeroport-montreal-trudeau-bonde\/#breadcrumb"},"inLanguage":"en-CA","potentialAction":[{"@type":"ReadAction","target":["https:\/\/reseauquebecoisdesaeroports.ca\/new\/aeroport-montreal-trudeau-bonde\/"]}]},{"@type":"BreadcrumbList","@id":"https:\/\/reseauquebecoisdesaeroports.ca\/new\/aeroport-montreal-trudeau-bonde\/#breadcrumb","itemListElement":[{"@type":"ListItem","position":1,"name":"Accueil","item":"https:\/\/reseauquebecoisdesaeroports.ca\/"},{"@type":"ListItem","position":2,"name":"L\u2019a\u00e9roport Montr\u00e9al-Trudeau bond\u00e9"}]},{"@type":"WebSite","@id":"https:\/\/reseauquebecoisdesaeroports.ca\/#website","url":"https:\/\/reseauquebecoisdesaeroports.ca\/","name":"R\u00e9seau qu\u00e9b\u00e9cois des a\u00e9roports","description":"","potentialAction":[{"@type":"SearchAction","target":{"@type":"EntryPoint","urlTemplate":"https:\/\/reseauquebecoisdesaeroports.ca\/?s={search_term_string}"},"query-input":{"@type":"PropertyValueSpecification","valueRequired":true,"valueName":"search_term_string"}}],"inLanguage":"en-CA"}]}},"_links":{"self":[{"href":"https:\/\/reseauquebecoisdesaeroports.ca\/en\/wp-json\/wp\/v2\/nouvelles\/2506","targetHints":{"allow":["GET"]}}],"collection":[{"href":"https:\/\/reseauquebecoisdesaeroports.ca\/en\/wp-json\/wp\/v2\/nouvelles"}],"about":[{"href":"https:\/\/reseauquebecoisdesaeroports.ca\/en\/wp-json\/wp\/v2\/types\/nouvelles"}],"author":[{"embeddable":true,"href":"https:\/\/reseauquebecoisdesaeroports.ca\/en\/wp-json\/wp\/v2\/users\/1"}],"wp:attachment":[{"href":"https:\/\/reseauquebecoisdesaeroports.ca\/en\/wp-json\/wp\/v2\/media?parent=2506"}],"curies":[{"name":"wp","href":"https:\/\/api.w.org\/{rel}","templated":true}]}}