{"id":2508,"date":"2021-01-06T20:00:00","date_gmt":"2021-01-06T20:00:28","guid":{"rendered":"https:\/\/reseauquebecoisdesaeroports.ca\/new\/test-covid-negatif-7-janvier-iata-ottawa\/"},"modified":"2021-01-06T20:00:00","modified_gmt":"2021-01-06T20:00:28","slug":"test-covid-negatif-7-janvier-iata-ottawa","status":"publish","type":"nouvelles","link":"https:\/\/reseauquebecoisdesaeroports.ca\/en\/new\/test-covid-negatif-7-janvier-iata-ottawa\/","title":{"rendered":"Test COVID n\u00e9gatif \u00e0 compter du 7 janvier : l\u2019IATA exhorte Ottawa \u00e0 mettre \u00e7a sur la glace"},"content":{"rendered":"<p>L\u2019IATA exprime son m\u00e9contentement face \u00e0 la d\u00e9cision d\u2019Ottawa d\u2019imposer un test PCR n\u00e9gatif 72 heures pr\u00e9c\u00e9dant le retour d\u2019un voyageur au pays. L\u2019organisation juge cette mesure \u00ab impitoyable \u00bb et \u00ab impraticable \u00bb et rappelle que l\u2019industrie r\u00e9clame depuis des mois des tests syst\u00e9matiques \u00e0 l\u2019arriv\u00e9e afin de limiter les quarantaines. <\/p>\n","protected":false},"author":1,"featured_media":0,"template":"","class_list":["post-2508","nouvelles","type-nouvelles","status-publish"],"acf":[],"yoast_head":"<!-- This site is optimized with the Yoast SEO plugin v25.8 - https:\/\/yoast.com\/wordpress\/plugins\/seo\/ -->\n<title>Test COVID n\u00e9gatif \u00e0 compter du 7 janvier : l\u2019IATA exhorte Ottawa \u00e0 mettre \u00e7a sur la glace - R\u00e9seau qu\u00e9b\u00e9cois des a\u00e9roports<\/title>\n<meta name=\"robots\" content=\"index, follow, max-snippet:-1, max-image-preview:large, max-video-preview:-1\" \/>\n<link rel=\"canonical\" href=\"https:\/\/reseauquebecoisdesaeroports.ca\/new\/test-covid-negatif-7-janvier-iata-ottawa\/\" \/>\n<meta property=\"og:locale\" content=\"en_US\" \/>\n<meta property=\"og:type\" content=\"article\" \/>\n<meta property=\"og:title\" content=\"Test COVID n\u00e9gatif \u00e0 compter du 7 janvier : l\u2019IATA exhorte Ottawa \u00e0 mettre \u00e7a sur la glace - R\u00e9seau qu\u00e9b\u00e9cois des a\u00e9roports\" \/>\n<meta property=\"og:description\" content=\"L\u2019IATA exprime son m\u00e9contentement face \u00e0 la d\u00e9cision d\u2019Ottawa d\u2019imposer un test PCR n\u00e9gatif 72 heures pr\u00e9c\u00e9dant le retour d\u2019un voyageur au pays. L\u2019organisation juge cette mesure \u00ab impitoyable \u00bb et \u00ab impraticable \u00bb et rappelle que l\u2019industrie r\u00e9clame depuis des mois des tests syst\u00e9matiques \u00e0 l\u2019arriv\u00e9e afin de limiter...\" \/>\n<meta property=\"og:url\" content=\"https:\/\/reseauquebecoisdesaeroports.ca\/new\/test-covid-negatif-7-janvier-iata-ottawa\/\" \/>\n<meta property=\"og:site_name\" content=\"R\u00e9seau qu\u00e9b\u00e9cois des a\u00e9roports\" \/>\n<meta name=\"twitter:card\" content=\"summary_large_image\" \/>\n<script type=\"application\/ld+json\" class=\"yoast-schema-graph\">{\"@context\":\"https:\/\/schema.org\",\"@graph\":[{\"@type\":\"WebPage\",\"@id\":\"https:\/\/reseauquebecoisdesaeroports.ca\/new\/test-covid-negatif-7-janvier-iata-ottawa\/\",\"url\":\"https:\/\/reseauquebecoisdesaeroports.ca\/new\/test-covid-negatif-7-janvier-iata-ottawa\/\",\"name\":\"Test COVID n\u00e9gatif \u00e0 compter du 7 janvier : l\u2019IATA exhorte Ottawa \u00e0 mettre \u00e7a sur la glace - R\u00e9seau qu\u00e9b\u00e9cois des a\u00e9roports\",\"isPartOf\":{\"@id\":\"https:\/\/reseauquebecoisdesaeroports.ca\/#website\"},\"datePublished\":\"2021-01-06T20:00:28+00:00\",\"breadcrumb\":{\"@id\":\"https:\/\/reseauquebecoisdesaeroports.ca\/new\/test-covid-negatif-7-janvier-iata-ottawa\/#breadcrumb\"},\"inLanguage\":\"en-CA\",\"potentialAction\":[{\"@type\":\"ReadAction\",\"target\":[\"https:\/\/reseauquebecoisdesaeroports.ca\/new\/test-covid-negatif-7-janvier-iata-ottawa\/\"]}]},{\"@type\":\"BreadcrumbList\",\"@id\":\"https:\/\/reseauquebecoisdesaeroports.ca\/new\/test-covid-negatif-7-janvier-iata-ottawa\/#breadcrumb\",\"itemListElement\":[{\"@type\":\"ListItem\",\"position\":1,\"name\":\"Accueil\",\"item\":\"https:\/\/reseauquebecoisdesaeroports.ca\/\"},{\"@type\":\"ListItem\",\"position\":2,\"name\":\"Test COVID n\u00e9gatif \u00e0 compter du 7 janvier : l\u2019IATA exhorte Ottawa \u00e0 mettre \u00e7a sur la glace\"}]},{\"@type\":\"WebSite\",\"@id\":\"https:\/\/reseauquebecoisdesaeroports.ca\/#website\",\"url\":\"https:\/\/reseauquebecoisdesaeroports.ca\/\",\"name\":\"R\u00e9seau qu\u00e9b\u00e9cois des a\u00e9roports\",\"description\":\"\",\"potentialAction\":[{\"@type\":\"SearchAction\",\"target\":{\"@type\":\"EntryPoint\",\"urlTemplate\":\"https:\/\/reseauquebecoisdesaeroports.ca\/?s={search_term_string}\"},\"query-input\":{\"@type\":\"PropertyValueSpecification\",\"valueRequired\":true,\"valueName\":\"search_term_string\"}}],\"inLanguage\":\"en-CA\"}]}<\/script>\n<!-- \/ Yoast SEO plugin. -->","yoast_head_json":{"title":"Test COVID n\u00e9gatif \u00e0 compter du 7 janvier : l\u2019IATA exhorte Ottawa \u00e0 mettre \u00e7a sur la glace - R\u00e9seau qu\u00e9b\u00e9cois des a\u00e9roports","robots":{"index":"index","follow":"follow","max-snippet":"max-snippet:-1","max-image-preview":"max-image-preview:large","max-video-preview":"max-video-preview:-1"},"canonical":"https:\/\/reseauquebecoisdesaeroports.ca\/new\/test-covid-negatif-7-janvier-iata-ottawa\/","og_locale":"en_US","og_type":"article","og_title":"Test COVID n\u00e9gatif \u00e0 compter du 7 janvier : l\u2019IATA exhorte Ottawa \u00e0 mettre \u00e7a sur la glace - R\u00e9seau qu\u00e9b\u00e9cois des a\u00e9roports","og_description":"L\u2019IATA exprime son m\u00e9contentement face \u00e0 la d\u00e9cision d\u2019Ottawa d\u2019imposer un test PCR n\u00e9gatif 72 heures pr\u00e9c\u00e9dant le retour d\u2019un voyageur au pays. L\u2019organisation juge cette mesure \u00ab impitoyable \u00bb et \u00ab impraticable \u00bb et rappelle que l\u2019industrie r\u00e9clame depuis des mois des tests syst\u00e9matiques \u00e0 l\u2019arriv\u00e9e afin de limiter...","og_url":"https:\/\/reseauquebecoisdesaeroports.ca\/new\/test-covid-negatif-7-janvier-iata-ottawa\/","og_site_name":"R\u00e9seau qu\u00e9b\u00e9cois des a\u00e9roports","twitter_card":"summary_large_image","schema":{"@context":"https:\/\/schema.org","@graph":[{"@type":"WebPage","@id":"https:\/\/reseauquebecoisdesaeroports.ca\/new\/test-covid-negatif-7-janvier-iata-ottawa\/","url":"https:\/\/reseauquebecoisdesaeroports.ca\/new\/test-covid-negatif-7-janvier-iata-ottawa\/","name":"Test COVID n\u00e9gatif \u00e0 compter du 7 janvier : l\u2019IATA exhorte Ottawa \u00e0 mettre \u00e7a sur la glace - R\u00e9seau qu\u00e9b\u00e9cois des a\u00e9roports","isPartOf":{"@id":"https:\/\/reseauquebecoisdesaeroports.ca\/#website"},"datePublished":"2021-01-06T20:00:28+00:00","breadcrumb":{"@id":"https:\/\/reseauquebecoisdesaeroports.ca\/new\/test-covid-negatif-7-janvier-iata-ottawa\/#breadcrumb"},"inLanguage":"en-CA","potentialAction":[{"@type":"ReadAction","target":["https:\/\/reseauquebecoisdesaeroports.ca\/new\/test-covid-negatif-7-janvier-iata-ottawa\/"]}]},{"@type":"BreadcrumbList","@id":"https:\/\/reseauquebecoisdesaeroports.ca\/new\/test-covid-negatif-7-janvier-iata-ottawa\/#breadcrumb","itemListElement":[{"@type":"ListItem","position":1,"name":"Accueil","item":"https:\/\/reseauquebecoisdesaeroports.ca\/"},{"@type":"ListItem","position":2,"name":"Test COVID n\u00e9gatif \u00e0 compter du 7 janvier : l\u2019IATA exhorte Ottawa \u00e0 mettre \u00e7a sur la glace"}]},{"@type":"WebSite","@id":"https:\/\/reseauquebecoisdesaeroports.ca\/#website","url":"https:\/\/reseauquebecoisdesaeroports.ca\/","name":"R\u00e9seau qu\u00e9b\u00e9cois des a\u00e9roports","description":"","potentialAction":[{"@type":"SearchAction","target":{"@type":"EntryPoint","urlTemplate":"https:\/\/reseauquebecoisdesaeroports.ca\/?s={search_term_string}"},"query-input":{"@type":"PropertyValueSpecification","valueRequired":true,"valueName":"search_term_string"}}],"inLanguage":"en-CA"}]}},"_links":{"self":[{"href":"https:\/\/reseauquebecoisdesaeroports.ca\/en\/wp-json\/wp\/v2\/nouvelles\/2508","targetHints":{"allow":["GET"]}}],"collection":[{"href":"https:\/\/reseauquebecoisdesaeroports.ca\/en\/wp-json\/wp\/v2\/nouvelles"}],"about":[{"href":"https:\/\/reseauquebecoisdesaeroports.ca\/en\/wp-json\/wp\/v2\/types\/nouvelles"}],"author":[{"embeddable":true,"href":"https:\/\/reseauquebecoisdesaeroports.ca\/en\/wp-json\/wp\/v2\/users\/1"}],"wp:attachment":[{"href":"https:\/\/reseauquebecoisdesaeroports.ca\/en\/wp-json\/wp\/v2\/media?parent=2508"}],"curies":[{"name":"wp","href":"https:\/\/api.w.org\/{rel}","templated":true}]}}