{"id":2515,"date":"2021-01-13T20:02:00","date_gmt":"2021-01-13T20:02:00","guid":{"rendered":"https:\/\/reseauquebecoisdesaeroports.ca\/new\/nouvel-envol-aeroport-rocher-perce\/"},"modified":"2021-01-13T20:02:00","modified_gmt":"2021-01-13T20:02:00","slug":"nouvel-envol-aeroport-rocher-perce","status":"publish","type":"nouvelles","link":"https:\/\/reseauquebecoisdesaeroports.ca\/en\/new\/nouvel-envol-aeroport-rocher-perce\/","title":{"rendered":"Nouvel envol pour l\u2019a\u00e9roport du Rocher-Perc\u00e9"},"content":{"rendered":"<p>Apr\u00e8s la r\u00e9alisation de travaux de 11 millions de dollars, l\u2019a\u00e9roport du Rocher-Perc\u00e9 regarde vers l\u2019avenir. Celui-ci envisage de se tourner vers le nolisement de vols touristiques ainsi que le transport cargo de produits de la mer. La pr\u00e9f\u00e8te de la MRC croit que ceci pourrait favoriser le d\u00e9veloppement du tourisme hors-saison.<\/p>\n","protected":false},"author":1,"featured_media":0,"template":"","class_list":["post-2515","nouvelles","type-nouvelles","status-publish"],"acf":[],"yoast_head":"<!-- This site is optimized with the Yoast SEO plugin v25.8 - https:\/\/yoast.com\/wordpress\/plugins\/seo\/ -->\n<title>Nouvel envol pour l\u2019a\u00e9roport du Rocher-Perc\u00e9 - R\u00e9seau qu\u00e9b\u00e9cois des a\u00e9roports<\/title>\n<meta name=\"robots\" content=\"index, follow, max-snippet:-1, max-image-preview:large, max-video-preview:-1\" \/>\n<link rel=\"canonical\" href=\"https:\/\/reseauquebecoisdesaeroports.ca\/new\/nouvel-envol-aeroport-rocher-perce\/\" \/>\n<meta property=\"og:locale\" content=\"en_US\" \/>\n<meta property=\"og:type\" content=\"article\" \/>\n<meta property=\"og:title\" content=\"Nouvel envol pour l\u2019a\u00e9roport du Rocher-Perc\u00e9 - R\u00e9seau qu\u00e9b\u00e9cois des a\u00e9roports\" \/>\n<meta property=\"og:description\" content=\"Apr\u00e8s la r\u00e9alisation de travaux de 11 millions de dollars, l\u2019a\u00e9roport du Rocher-Perc\u00e9 regarde vers l\u2019avenir. Celui-ci envisage de se tourner vers le nolisement de vols touristiques ainsi que le transport cargo de produits de la mer. La pr\u00e9f\u00e8te de la MRC croit que ceci pourrait favoriser le d\u00e9veloppement du...\" \/>\n<meta property=\"og:url\" content=\"https:\/\/reseauquebecoisdesaeroports.ca\/new\/nouvel-envol-aeroport-rocher-perce\/\" \/>\n<meta property=\"og:site_name\" content=\"R\u00e9seau qu\u00e9b\u00e9cois des a\u00e9roports\" \/>\n<meta name=\"twitter:card\" content=\"summary_large_image\" \/>\n<script type=\"application\/ld+json\" class=\"yoast-schema-graph\">{\"@context\":\"https:\/\/schema.org\",\"@graph\":[{\"@type\":\"WebPage\",\"@id\":\"https:\/\/reseauquebecoisdesaeroports.ca\/new\/nouvel-envol-aeroport-rocher-perce\/\",\"url\":\"https:\/\/reseauquebecoisdesaeroports.ca\/new\/nouvel-envol-aeroport-rocher-perce\/\",\"name\":\"Nouvel envol pour l\u2019a\u00e9roport du Rocher-Perc\u00e9 - R\u00e9seau qu\u00e9b\u00e9cois des a\u00e9roports\",\"isPartOf\":{\"@id\":\"https:\/\/reseauquebecoisdesaeroports.ca\/#website\"},\"datePublished\":\"2021-01-13T20:02:00+00:00\",\"breadcrumb\":{\"@id\":\"https:\/\/reseauquebecoisdesaeroports.ca\/new\/nouvel-envol-aeroport-rocher-perce\/#breadcrumb\"},\"inLanguage\":\"en-CA\",\"potentialAction\":[{\"@type\":\"ReadAction\",\"target\":[\"https:\/\/reseauquebecoisdesaeroports.ca\/new\/nouvel-envol-aeroport-rocher-perce\/\"]}]},{\"@type\":\"BreadcrumbList\",\"@id\":\"https:\/\/reseauquebecoisdesaeroports.ca\/new\/nouvel-envol-aeroport-rocher-perce\/#breadcrumb\",\"itemListElement\":[{\"@type\":\"ListItem\",\"position\":1,\"name\":\"Accueil\",\"item\":\"https:\/\/reseauquebecoisdesaeroports.ca\/\"},{\"@type\":\"ListItem\",\"position\":2,\"name\":\"Nouvel envol pour l\u2019a\u00e9roport du Rocher-Perc\u00e9\"}]},{\"@type\":\"WebSite\",\"@id\":\"https:\/\/reseauquebecoisdesaeroports.ca\/#website\",\"url\":\"https:\/\/reseauquebecoisdesaeroports.ca\/\",\"name\":\"R\u00e9seau qu\u00e9b\u00e9cois des a\u00e9roports\",\"description\":\"\",\"potentialAction\":[{\"@type\":\"SearchAction\",\"target\":{\"@type\":\"EntryPoint\",\"urlTemplate\":\"https:\/\/reseauquebecoisdesaeroports.ca\/?s={search_term_string}\"},\"query-input\":{\"@type\":\"PropertyValueSpecification\",\"valueRequired\":true,\"valueName\":\"search_term_string\"}}],\"inLanguage\":\"en-CA\"}]}<\/script>\n<!-- \/ Yoast SEO plugin. -->","yoast_head_json":{"title":"Nouvel envol pour l\u2019a\u00e9roport du Rocher-Perc\u00e9 - R\u00e9seau qu\u00e9b\u00e9cois des a\u00e9roports","robots":{"index":"index","follow":"follow","max-snippet":"max-snippet:-1","max-image-preview":"max-image-preview:large","max-video-preview":"max-video-preview:-1"},"canonical":"https:\/\/reseauquebecoisdesaeroports.ca\/new\/nouvel-envol-aeroport-rocher-perce\/","og_locale":"en_US","og_type":"article","og_title":"Nouvel envol pour l\u2019a\u00e9roport du Rocher-Perc\u00e9 - R\u00e9seau qu\u00e9b\u00e9cois des a\u00e9roports","og_description":"Apr\u00e8s la r\u00e9alisation de travaux de 11 millions de dollars, l\u2019a\u00e9roport du Rocher-Perc\u00e9 regarde vers l\u2019avenir. Celui-ci envisage de se tourner vers le nolisement de vols touristiques ainsi que le transport cargo de produits de la mer. La pr\u00e9f\u00e8te de la MRC croit que ceci pourrait favoriser le d\u00e9veloppement du...","og_url":"https:\/\/reseauquebecoisdesaeroports.ca\/new\/nouvel-envol-aeroport-rocher-perce\/","og_site_name":"R\u00e9seau qu\u00e9b\u00e9cois des a\u00e9roports","twitter_card":"summary_large_image","schema":{"@context":"https:\/\/schema.org","@graph":[{"@type":"WebPage","@id":"https:\/\/reseauquebecoisdesaeroports.ca\/new\/nouvel-envol-aeroport-rocher-perce\/","url":"https:\/\/reseauquebecoisdesaeroports.ca\/new\/nouvel-envol-aeroport-rocher-perce\/","name":"Nouvel envol pour l\u2019a\u00e9roport du Rocher-Perc\u00e9 - R\u00e9seau qu\u00e9b\u00e9cois des a\u00e9roports","isPartOf":{"@id":"https:\/\/reseauquebecoisdesaeroports.ca\/#website"},"datePublished":"2021-01-13T20:02:00+00:00","breadcrumb":{"@id":"https:\/\/reseauquebecoisdesaeroports.ca\/new\/nouvel-envol-aeroport-rocher-perce\/#breadcrumb"},"inLanguage":"en-CA","potentialAction":[{"@type":"ReadAction","target":["https:\/\/reseauquebecoisdesaeroports.ca\/new\/nouvel-envol-aeroport-rocher-perce\/"]}]},{"@type":"BreadcrumbList","@id":"https:\/\/reseauquebecoisdesaeroports.ca\/new\/nouvel-envol-aeroport-rocher-perce\/#breadcrumb","itemListElement":[{"@type":"ListItem","position":1,"name":"Accueil","item":"https:\/\/reseauquebecoisdesaeroports.ca\/"},{"@type":"ListItem","position":2,"name":"Nouvel envol pour l\u2019a\u00e9roport du Rocher-Perc\u00e9"}]},{"@type":"WebSite","@id":"https:\/\/reseauquebecoisdesaeroports.ca\/#website","url":"https:\/\/reseauquebecoisdesaeroports.ca\/","name":"R\u00e9seau qu\u00e9b\u00e9cois des a\u00e9roports","description":"","potentialAction":[{"@type":"SearchAction","target":{"@type":"EntryPoint","urlTemplate":"https:\/\/reseauquebecoisdesaeroports.ca\/?s={search_term_string}"},"query-input":{"@type":"PropertyValueSpecification","valueRequired":true,"valueName":"search_term_string"}}],"inLanguage":"en-CA"}]}},"_links":{"self":[{"href":"https:\/\/reseauquebecoisdesaeroports.ca\/en\/wp-json\/wp\/v2\/nouvelles\/2515","targetHints":{"allow":["GET"]}}],"collection":[{"href":"https:\/\/reseauquebecoisdesaeroports.ca\/en\/wp-json\/wp\/v2\/nouvelles"}],"about":[{"href":"https:\/\/reseauquebecoisdesaeroports.ca\/en\/wp-json\/wp\/v2\/types\/nouvelles"}],"author":[{"embeddable":true,"href":"https:\/\/reseauquebecoisdesaeroports.ca\/en\/wp-json\/wp\/v2\/users\/1"}],"wp:attachment":[{"href":"https:\/\/reseauquebecoisdesaeroports.ca\/en\/wp-json\/wp\/v2\/media?parent=2515"}],"curies":[{"name":"wp","href":"https:\/\/api.w.org\/{rel}","templated":true}]}}