{"id":2516,"date":"2021-01-13T20:03:00","date_gmt":"2021-01-13T20:03:30","guid":{"rendered":"https:\/\/reseauquebecoisdesaeroports.ca\/new\/une-traversee-sur-quatre-annulee-pont-aerien-entre-matane-cote-nord\/"},"modified":"2021-01-13T20:03:00","modified_gmt":"2021-01-13T20:03:30","slug":"une-traversee-sur-quatre-annulee-pont-aerien-entre-matane-cote-nord","status":"publish","type":"nouvelles","link":"https:\/\/reseauquebecoisdesaeroports.ca\/en\/new\/une-traversee-sur-quatre-annulee-pont-aerien-entre-matane-cote-nord\/","title":{"rendered":"Une travers\u00e9e sur quatre annul\u00e9e en d\u00e9cembre : un pont a\u00e9rien r\u00e9clam\u00e9 entre Matane et la C\u00f4te-Nord"},"content":{"rendered":"<p>La traverse Matane-Godbout a annul\u00e9 pr\u00e8s d\u2019un passage sur quatre lors du mois de d\u00e9cembre. Des d\u00e9put\u00e9s p\u00e9quistes r\u00e9clament donc \u00e0 la Soci\u00e9t\u00e9 des traversiers du Qu\u00e9bec qu\u2019elle mette en place un pont a\u00e9rien au besoin. Ces d\u00e9put\u00e9s exigent ce lien uniquement pour les d\u00e9placements essentiels.<\/p>\n","protected":false},"author":1,"featured_media":0,"template":"","class_list":["post-2516","nouvelles","type-nouvelles","status-publish"],"acf":[],"yoast_head":"<!-- This site is optimized with the Yoast SEO plugin v25.8 - https:\/\/yoast.com\/wordpress\/plugins\/seo\/ -->\n<title>Une travers\u00e9e sur quatre annul\u00e9e en d\u00e9cembre : un pont a\u00e9rien r\u00e9clam\u00e9 entre Matane et la C\u00f4te-Nord - R\u00e9seau qu\u00e9b\u00e9cois des a\u00e9roports<\/title>\n<meta name=\"robots\" content=\"index, follow, max-snippet:-1, max-image-preview:large, max-video-preview:-1\" \/>\n<link rel=\"canonical\" href=\"https:\/\/reseauquebecoisdesaeroports.ca\/new\/une-traversee-sur-quatre-annulee-pont-aerien-entre-matane-cote-nord\/\" \/>\n<meta property=\"og:locale\" content=\"en_US\" \/>\n<meta property=\"og:type\" content=\"article\" \/>\n<meta property=\"og:title\" content=\"Une travers\u00e9e sur quatre annul\u00e9e en d\u00e9cembre : un pont a\u00e9rien r\u00e9clam\u00e9 entre Matane et la C\u00f4te-Nord - R\u00e9seau qu\u00e9b\u00e9cois des a\u00e9roports\" \/>\n<meta property=\"og:description\" content=\"La traverse Matane-Godbout a annul\u00e9 pr\u00e8s d\u2019un passage sur quatre lors du mois de d\u00e9cembre. Des d\u00e9put\u00e9s p\u00e9quistes r\u00e9clament donc \u00e0 la Soci\u00e9t\u00e9 des traversiers du Qu\u00e9bec qu\u2019elle mette en place un pont a\u00e9rien au besoin. Ces d\u00e9put\u00e9s exigent ce lien uniquement pour les d\u00e9placements essentiels.\" \/>\n<meta property=\"og:url\" content=\"https:\/\/reseauquebecoisdesaeroports.ca\/new\/une-traversee-sur-quatre-annulee-pont-aerien-entre-matane-cote-nord\/\" \/>\n<meta property=\"og:site_name\" content=\"R\u00e9seau qu\u00e9b\u00e9cois des a\u00e9roports\" \/>\n<meta name=\"twitter:card\" content=\"summary_large_image\" \/>\n<script type=\"application\/ld+json\" class=\"yoast-schema-graph\">{\"@context\":\"https:\/\/schema.org\",\"@graph\":[{\"@type\":\"WebPage\",\"@id\":\"https:\/\/reseauquebecoisdesaeroports.ca\/new\/une-traversee-sur-quatre-annulee-pont-aerien-entre-matane-cote-nord\/\",\"url\":\"https:\/\/reseauquebecoisdesaeroports.ca\/new\/une-traversee-sur-quatre-annulee-pont-aerien-entre-matane-cote-nord\/\",\"name\":\"Une travers\u00e9e sur quatre annul\u00e9e en d\u00e9cembre : un pont a\u00e9rien r\u00e9clam\u00e9 entre Matane et la C\u00f4te-Nord - R\u00e9seau qu\u00e9b\u00e9cois des a\u00e9roports\",\"isPartOf\":{\"@id\":\"https:\/\/reseauquebecoisdesaeroports.ca\/#website\"},\"datePublished\":\"2021-01-13T20:03:30+00:00\",\"breadcrumb\":{\"@id\":\"https:\/\/reseauquebecoisdesaeroports.ca\/new\/une-traversee-sur-quatre-annulee-pont-aerien-entre-matane-cote-nord\/#breadcrumb\"},\"inLanguage\":\"en-CA\",\"potentialAction\":[{\"@type\":\"ReadAction\",\"target\":[\"https:\/\/reseauquebecoisdesaeroports.ca\/new\/une-traversee-sur-quatre-annulee-pont-aerien-entre-matane-cote-nord\/\"]}]},{\"@type\":\"BreadcrumbList\",\"@id\":\"https:\/\/reseauquebecoisdesaeroports.ca\/new\/une-traversee-sur-quatre-annulee-pont-aerien-entre-matane-cote-nord\/#breadcrumb\",\"itemListElement\":[{\"@type\":\"ListItem\",\"position\":1,\"name\":\"Accueil\",\"item\":\"https:\/\/reseauquebecoisdesaeroports.ca\/\"},{\"@type\":\"ListItem\",\"position\":2,\"name\":\"Une travers\u00e9e sur quatre annul\u00e9e en d\u00e9cembre : un pont a\u00e9rien r\u00e9clam\u00e9 entre Matane et la C\u00f4te-Nord\"}]},{\"@type\":\"WebSite\",\"@id\":\"https:\/\/reseauquebecoisdesaeroports.ca\/#website\",\"url\":\"https:\/\/reseauquebecoisdesaeroports.ca\/\",\"name\":\"R\u00e9seau qu\u00e9b\u00e9cois des a\u00e9roports\",\"description\":\"\",\"potentialAction\":[{\"@type\":\"SearchAction\",\"target\":{\"@type\":\"EntryPoint\",\"urlTemplate\":\"https:\/\/reseauquebecoisdesaeroports.ca\/?s={search_term_string}\"},\"query-input\":{\"@type\":\"PropertyValueSpecification\",\"valueRequired\":true,\"valueName\":\"search_term_string\"}}],\"inLanguage\":\"en-CA\"}]}<\/script>\n<!-- \/ Yoast SEO plugin. -->","yoast_head_json":{"title":"Une travers\u00e9e sur quatre annul\u00e9e en d\u00e9cembre : un pont a\u00e9rien r\u00e9clam\u00e9 entre Matane et la C\u00f4te-Nord - R\u00e9seau qu\u00e9b\u00e9cois des a\u00e9roports","robots":{"index":"index","follow":"follow","max-snippet":"max-snippet:-1","max-image-preview":"max-image-preview:large","max-video-preview":"max-video-preview:-1"},"canonical":"https:\/\/reseauquebecoisdesaeroports.ca\/new\/une-traversee-sur-quatre-annulee-pont-aerien-entre-matane-cote-nord\/","og_locale":"en_US","og_type":"article","og_title":"Une travers\u00e9e sur quatre annul\u00e9e en d\u00e9cembre : un pont a\u00e9rien r\u00e9clam\u00e9 entre Matane et la C\u00f4te-Nord - R\u00e9seau qu\u00e9b\u00e9cois des a\u00e9roports","og_description":"La traverse Matane-Godbout a annul\u00e9 pr\u00e8s d\u2019un passage sur quatre lors du mois de d\u00e9cembre. Des d\u00e9put\u00e9s p\u00e9quistes r\u00e9clament donc \u00e0 la Soci\u00e9t\u00e9 des traversiers du Qu\u00e9bec qu\u2019elle mette en place un pont a\u00e9rien au besoin. Ces d\u00e9put\u00e9s exigent ce lien uniquement pour les d\u00e9placements essentiels.","og_url":"https:\/\/reseauquebecoisdesaeroports.ca\/new\/une-traversee-sur-quatre-annulee-pont-aerien-entre-matane-cote-nord\/","og_site_name":"R\u00e9seau qu\u00e9b\u00e9cois des a\u00e9roports","twitter_card":"summary_large_image","schema":{"@context":"https:\/\/schema.org","@graph":[{"@type":"WebPage","@id":"https:\/\/reseauquebecoisdesaeroports.ca\/new\/une-traversee-sur-quatre-annulee-pont-aerien-entre-matane-cote-nord\/","url":"https:\/\/reseauquebecoisdesaeroports.ca\/new\/une-traversee-sur-quatre-annulee-pont-aerien-entre-matane-cote-nord\/","name":"Une travers\u00e9e sur quatre annul\u00e9e en d\u00e9cembre : un pont a\u00e9rien r\u00e9clam\u00e9 entre Matane et la C\u00f4te-Nord - R\u00e9seau qu\u00e9b\u00e9cois des a\u00e9roports","isPartOf":{"@id":"https:\/\/reseauquebecoisdesaeroports.ca\/#website"},"datePublished":"2021-01-13T20:03:30+00:00","breadcrumb":{"@id":"https:\/\/reseauquebecoisdesaeroports.ca\/new\/une-traversee-sur-quatre-annulee-pont-aerien-entre-matane-cote-nord\/#breadcrumb"},"inLanguage":"en-CA","potentialAction":[{"@type":"ReadAction","target":["https:\/\/reseauquebecoisdesaeroports.ca\/new\/une-traversee-sur-quatre-annulee-pont-aerien-entre-matane-cote-nord\/"]}]},{"@type":"BreadcrumbList","@id":"https:\/\/reseauquebecoisdesaeroports.ca\/new\/une-traversee-sur-quatre-annulee-pont-aerien-entre-matane-cote-nord\/#breadcrumb","itemListElement":[{"@type":"ListItem","position":1,"name":"Accueil","item":"https:\/\/reseauquebecoisdesaeroports.ca\/"},{"@type":"ListItem","position":2,"name":"Une travers\u00e9e sur quatre annul\u00e9e en d\u00e9cembre : un pont a\u00e9rien r\u00e9clam\u00e9 entre Matane et la C\u00f4te-Nord"}]},{"@type":"WebSite","@id":"https:\/\/reseauquebecoisdesaeroports.ca\/#website","url":"https:\/\/reseauquebecoisdesaeroports.ca\/","name":"R\u00e9seau qu\u00e9b\u00e9cois des a\u00e9roports","description":"","potentialAction":[{"@type":"SearchAction","target":{"@type":"EntryPoint","urlTemplate":"https:\/\/reseauquebecoisdesaeroports.ca\/?s={search_term_string}"},"query-input":{"@type":"PropertyValueSpecification","valueRequired":true,"valueName":"search_term_string"}}],"inLanguage":"en-CA"}]}},"_links":{"self":[{"href":"https:\/\/reseauquebecoisdesaeroports.ca\/en\/wp-json\/wp\/v2\/nouvelles\/2516","targetHints":{"allow":["GET"]}}],"collection":[{"href":"https:\/\/reseauquebecoisdesaeroports.ca\/en\/wp-json\/wp\/v2\/nouvelles"}],"about":[{"href":"https:\/\/reseauquebecoisdesaeroports.ca\/en\/wp-json\/wp\/v2\/types\/nouvelles"}],"author":[{"embeddable":true,"href":"https:\/\/reseauquebecoisdesaeroports.ca\/en\/wp-json\/wp\/v2\/users\/1"}],"wp:attachment":[{"href":"https:\/\/reseauquebecoisdesaeroports.ca\/en\/wp-json\/wp\/v2\/media?parent=2516"}],"curies":[{"name":"wp","href":"https:\/\/api.w.org\/{rel}","templated":true}]}}