{"id":2521,"date":"2021-01-20T20:03:00","date_gmt":"2021-01-20T20:03:00","guid":{"rendered":"https:\/\/reseauquebecoisdesaeroports.ca\/new\/vers-modele-regional-transport-aerien\/"},"modified":"2021-01-20T20:03:00","modified_gmt":"2021-01-20T20:03:00","slug":"vers-modele-regional-transport-aerien","status":"publish","type":"nouvelles","link":"https:\/\/reseauquebecoisdesaeroports.ca\/en\/new\/vers-modele-regional-transport-aerien\/","title":{"rendered":"Vers un mod\u00e8le r\u00e9gional de transport a\u00e9rien"},"content":{"rendered":"<p>La Conf\u00e9rence des pr\u00e9fets de l\u2019Abitibi-T\u00e9miscamingue (CPAT) entreprend le projet de d\u00e9finir un mod\u00e8le a\u00e9rien r\u00e9gional pour favoriser la relance \u00e9conomique. La CPAT a mandat\u00e9 Lyne&nbsp;Comtois pour r\u00e9aliser ce mandat. L\u2019objectif est de mettre en place des services a\u00e9riens fiables \u00e0 moyen et long terme r\u00e9pondant aux attentes et aux besoins des gens de la r\u00e9gion.<\/p>\n","protected":false},"author":1,"featured_media":0,"template":"","class_list":["post-2521","nouvelles","type-nouvelles","status-publish"],"acf":[],"yoast_head":"<!-- This site is optimized with the Yoast SEO plugin v25.8 - https:\/\/yoast.com\/wordpress\/plugins\/seo\/ -->\n<title>Vers un mod\u00e8le r\u00e9gional de transport a\u00e9rien - R\u00e9seau qu\u00e9b\u00e9cois des a\u00e9roports<\/title>\n<meta name=\"robots\" content=\"index, follow, max-snippet:-1, max-image-preview:large, max-video-preview:-1\" \/>\n<link rel=\"canonical\" href=\"https:\/\/reseauquebecoisdesaeroports.ca\/new\/vers-modele-regional-transport-aerien\/\" \/>\n<meta property=\"og:locale\" content=\"en_US\" \/>\n<meta property=\"og:type\" content=\"article\" \/>\n<meta property=\"og:title\" content=\"Vers un mod\u00e8le r\u00e9gional de transport a\u00e9rien - R\u00e9seau qu\u00e9b\u00e9cois des a\u00e9roports\" \/>\n<meta property=\"og:description\" content=\"La Conf\u00e9rence des pr\u00e9fets de l\u2019Abitibi-T\u00e9miscamingue (CPAT) entreprend le projet de d\u00e9finir un mod\u00e8le a\u00e9rien r\u00e9gional pour favoriser la relance \u00e9conomique. La CPAT a mandat\u00e9 Lyne&nbsp;Comtois pour r\u00e9aliser ce mandat. L\u2019objectif est de mettre en place des services a\u00e9riens fiables \u00e0 moyen et long terme r\u00e9pondant aux attentes et aux...\" \/>\n<meta property=\"og:url\" content=\"https:\/\/reseauquebecoisdesaeroports.ca\/new\/vers-modele-regional-transport-aerien\/\" \/>\n<meta property=\"og:site_name\" content=\"R\u00e9seau qu\u00e9b\u00e9cois des a\u00e9roports\" \/>\n<meta name=\"twitter:card\" content=\"summary_large_image\" \/>\n<script type=\"application\/ld+json\" class=\"yoast-schema-graph\">{\"@context\":\"https:\/\/schema.org\",\"@graph\":[{\"@type\":\"WebPage\",\"@id\":\"https:\/\/reseauquebecoisdesaeroports.ca\/new\/vers-modele-regional-transport-aerien\/\",\"url\":\"https:\/\/reseauquebecoisdesaeroports.ca\/new\/vers-modele-regional-transport-aerien\/\",\"name\":\"Vers un mod\u00e8le r\u00e9gional de transport a\u00e9rien - R\u00e9seau qu\u00e9b\u00e9cois des a\u00e9roports\",\"isPartOf\":{\"@id\":\"https:\/\/reseauquebecoisdesaeroports.ca\/#website\"},\"datePublished\":\"2021-01-20T20:03:00+00:00\",\"breadcrumb\":{\"@id\":\"https:\/\/reseauquebecoisdesaeroports.ca\/new\/vers-modele-regional-transport-aerien\/#breadcrumb\"},\"inLanguage\":\"en-CA\",\"potentialAction\":[{\"@type\":\"ReadAction\",\"target\":[\"https:\/\/reseauquebecoisdesaeroports.ca\/new\/vers-modele-regional-transport-aerien\/\"]}]},{\"@type\":\"BreadcrumbList\",\"@id\":\"https:\/\/reseauquebecoisdesaeroports.ca\/new\/vers-modele-regional-transport-aerien\/#breadcrumb\",\"itemListElement\":[{\"@type\":\"ListItem\",\"position\":1,\"name\":\"Accueil\",\"item\":\"https:\/\/reseauquebecoisdesaeroports.ca\/\"},{\"@type\":\"ListItem\",\"position\":2,\"name\":\"Vers un mod\u00e8le r\u00e9gional de transport a\u00e9rien\"}]},{\"@type\":\"WebSite\",\"@id\":\"https:\/\/reseauquebecoisdesaeroports.ca\/#website\",\"url\":\"https:\/\/reseauquebecoisdesaeroports.ca\/\",\"name\":\"R\u00e9seau qu\u00e9b\u00e9cois des a\u00e9roports\",\"description\":\"\",\"potentialAction\":[{\"@type\":\"SearchAction\",\"target\":{\"@type\":\"EntryPoint\",\"urlTemplate\":\"https:\/\/reseauquebecoisdesaeroports.ca\/?s={search_term_string}\"},\"query-input\":{\"@type\":\"PropertyValueSpecification\",\"valueRequired\":true,\"valueName\":\"search_term_string\"}}],\"inLanguage\":\"en-CA\"}]}<\/script>\n<!-- \/ Yoast SEO plugin. -->","yoast_head_json":{"title":"Vers un mod\u00e8le r\u00e9gional de transport a\u00e9rien - R\u00e9seau qu\u00e9b\u00e9cois des a\u00e9roports","robots":{"index":"index","follow":"follow","max-snippet":"max-snippet:-1","max-image-preview":"max-image-preview:large","max-video-preview":"max-video-preview:-1"},"canonical":"https:\/\/reseauquebecoisdesaeroports.ca\/new\/vers-modele-regional-transport-aerien\/","og_locale":"en_US","og_type":"article","og_title":"Vers un mod\u00e8le r\u00e9gional de transport a\u00e9rien - R\u00e9seau qu\u00e9b\u00e9cois des a\u00e9roports","og_description":"La Conf\u00e9rence des pr\u00e9fets de l\u2019Abitibi-T\u00e9miscamingue (CPAT) entreprend le projet de d\u00e9finir un mod\u00e8le a\u00e9rien r\u00e9gional pour favoriser la relance \u00e9conomique. La CPAT a mandat\u00e9 Lyne&nbsp;Comtois pour r\u00e9aliser ce mandat. L\u2019objectif est de mettre en place des services a\u00e9riens fiables \u00e0 moyen et long terme r\u00e9pondant aux attentes et aux...","og_url":"https:\/\/reseauquebecoisdesaeroports.ca\/new\/vers-modele-regional-transport-aerien\/","og_site_name":"R\u00e9seau qu\u00e9b\u00e9cois des a\u00e9roports","twitter_card":"summary_large_image","schema":{"@context":"https:\/\/schema.org","@graph":[{"@type":"WebPage","@id":"https:\/\/reseauquebecoisdesaeroports.ca\/new\/vers-modele-regional-transport-aerien\/","url":"https:\/\/reseauquebecoisdesaeroports.ca\/new\/vers-modele-regional-transport-aerien\/","name":"Vers un mod\u00e8le r\u00e9gional de transport a\u00e9rien - R\u00e9seau qu\u00e9b\u00e9cois des a\u00e9roports","isPartOf":{"@id":"https:\/\/reseauquebecoisdesaeroports.ca\/#website"},"datePublished":"2021-01-20T20:03:00+00:00","breadcrumb":{"@id":"https:\/\/reseauquebecoisdesaeroports.ca\/new\/vers-modele-regional-transport-aerien\/#breadcrumb"},"inLanguage":"en-CA","potentialAction":[{"@type":"ReadAction","target":["https:\/\/reseauquebecoisdesaeroports.ca\/new\/vers-modele-regional-transport-aerien\/"]}]},{"@type":"BreadcrumbList","@id":"https:\/\/reseauquebecoisdesaeroports.ca\/new\/vers-modele-regional-transport-aerien\/#breadcrumb","itemListElement":[{"@type":"ListItem","position":1,"name":"Accueil","item":"https:\/\/reseauquebecoisdesaeroports.ca\/"},{"@type":"ListItem","position":2,"name":"Vers un mod\u00e8le r\u00e9gional de transport a\u00e9rien"}]},{"@type":"WebSite","@id":"https:\/\/reseauquebecoisdesaeroports.ca\/#website","url":"https:\/\/reseauquebecoisdesaeroports.ca\/","name":"R\u00e9seau qu\u00e9b\u00e9cois des a\u00e9roports","description":"","potentialAction":[{"@type":"SearchAction","target":{"@type":"EntryPoint","urlTemplate":"https:\/\/reseauquebecoisdesaeroports.ca\/?s={search_term_string}"},"query-input":{"@type":"PropertyValueSpecification","valueRequired":true,"valueName":"search_term_string"}}],"inLanguage":"en-CA"}]}},"_links":{"self":[{"href":"https:\/\/reseauquebecoisdesaeroports.ca\/en\/wp-json\/wp\/v2\/nouvelles\/2521","targetHints":{"allow":["GET"]}}],"collection":[{"href":"https:\/\/reseauquebecoisdesaeroports.ca\/en\/wp-json\/wp\/v2\/nouvelles"}],"about":[{"href":"https:\/\/reseauquebecoisdesaeroports.ca\/en\/wp-json\/wp\/v2\/types\/nouvelles"}],"author":[{"embeddable":true,"href":"https:\/\/reseauquebecoisdesaeroports.ca\/en\/wp-json\/wp\/v2\/users\/1"}],"wp:attachment":[{"href":"https:\/\/reseauquebecoisdesaeroports.ca\/en\/wp-json\/wp\/v2\/media?parent=2521"}],"curies":[{"name":"wp","href":"https:\/\/api.w.org\/{rel}","templated":true}]}}