{"id":2523,"date":"2021-01-27T20:01:00","date_gmt":"2021-01-27T20:01:26","guid":{"rendered":"https:\/\/reseauquebecoisdesaeroports.ca\/new\/legault-demande-interdire-vols-internationaux-non-essentiels\/"},"modified":"2021-01-27T20:01:00","modified_gmt":"2021-01-27T20:01:26","slug":"legault-demande-interdire-vols-internationaux-non-essentiels","status":"publish","type":"nouvelles","link":"https:\/\/reseauquebecoisdesaeroports.ca\/en\/new\/legault-demande-interdire-vols-internationaux-non-essentiels\/","title":{"rendered":"Legault demande \u00e0 Trudeau d\u2019interdire les vols internationaux non essentiels"},"content":{"rendered":"<p>Le Premier ministre du Qu\u00e9bec presse son homologue f\u00e9d\u00e9ral d\u2019interdire les vols internationaux non essentiels pour contrer les offres all\u00e9chantes des compagnies a\u00e9riennes, notamment celles pour des voyages au cours de la semaine de rel\u00e2che. Le gouvernement f\u00e9d\u00e9ral a annonc\u00e9 la possibilit\u00e9 d\u2019imposer des restrictions suppl\u00e9mentaires aux voyageurs.<\/p>\n","protected":false},"author":1,"featured_media":0,"template":"","class_list":["post-2523","nouvelles","type-nouvelles","status-publish"],"acf":[],"yoast_head":"<!-- This site is optimized with the Yoast SEO plugin v25.8 - https:\/\/yoast.com\/wordpress\/plugins\/seo\/ -->\n<title>Legault demande \u00e0 Trudeau d\u2019interdire les vols internationaux non essentiels - R\u00e9seau qu\u00e9b\u00e9cois des a\u00e9roports<\/title>\n<meta name=\"robots\" content=\"index, follow, max-snippet:-1, max-image-preview:large, max-video-preview:-1\" \/>\n<link rel=\"canonical\" href=\"https:\/\/reseauquebecoisdesaeroports.ca\/new\/legault-demande-interdire-vols-internationaux-non-essentiels\/\" \/>\n<meta property=\"og:locale\" content=\"en_US\" \/>\n<meta property=\"og:type\" content=\"article\" \/>\n<meta property=\"og:title\" content=\"Legault demande \u00e0 Trudeau d\u2019interdire les vols internationaux non essentiels - R\u00e9seau qu\u00e9b\u00e9cois des a\u00e9roports\" \/>\n<meta property=\"og:description\" content=\"Le Premier ministre du Qu\u00e9bec presse son homologue f\u00e9d\u00e9ral d\u2019interdire les vols internationaux non essentiels pour contrer les offres all\u00e9chantes des compagnies a\u00e9riennes, notamment celles pour des voyages au cours de la semaine de rel\u00e2che. Le gouvernement f\u00e9d\u00e9ral a annonc\u00e9 la possibilit\u00e9 d\u2019imposer des restrictions suppl\u00e9mentaires aux voyageurs.\" \/>\n<meta property=\"og:url\" content=\"https:\/\/reseauquebecoisdesaeroports.ca\/new\/legault-demande-interdire-vols-internationaux-non-essentiels\/\" \/>\n<meta property=\"og:site_name\" content=\"R\u00e9seau qu\u00e9b\u00e9cois des a\u00e9roports\" \/>\n<meta name=\"twitter:card\" content=\"summary_large_image\" \/>\n<script type=\"application\/ld+json\" class=\"yoast-schema-graph\">{\"@context\":\"https:\/\/schema.org\",\"@graph\":[{\"@type\":\"WebPage\",\"@id\":\"https:\/\/reseauquebecoisdesaeroports.ca\/new\/legault-demande-interdire-vols-internationaux-non-essentiels\/\",\"url\":\"https:\/\/reseauquebecoisdesaeroports.ca\/new\/legault-demande-interdire-vols-internationaux-non-essentiels\/\",\"name\":\"Legault demande \u00e0 Trudeau d\u2019interdire les vols internationaux non essentiels - R\u00e9seau qu\u00e9b\u00e9cois des a\u00e9roports\",\"isPartOf\":{\"@id\":\"https:\/\/reseauquebecoisdesaeroports.ca\/#website\"},\"datePublished\":\"2021-01-27T20:01:26+00:00\",\"breadcrumb\":{\"@id\":\"https:\/\/reseauquebecoisdesaeroports.ca\/new\/legault-demande-interdire-vols-internationaux-non-essentiels\/#breadcrumb\"},\"inLanguage\":\"en-CA\",\"potentialAction\":[{\"@type\":\"ReadAction\",\"target\":[\"https:\/\/reseauquebecoisdesaeroports.ca\/new\/legault-demande-interdire-vols-internationaux-non-essentiels\/\"]}]},{\"@type\":\"BreadcrumbList\",\"@id\":\"https:\/\/reseauquebecoisdesaeroports.ca\/new\/legault-demande-interdire-vols-internationaux-non-essentiels\/#breadcrumb\",\"itemListElement\":[{\"@type\":\"ListItem\",\"position\":1,\"name\":\"Accueil\",\"item\":\"https:\/\/reseauquebecoisdesaeroports.ca\/\"},{\"@type\":\"ListItem\",\"position\":2,\"name\":\"Legault demande \u00e0 Trudeau d\u2019interdire les vols internationaux non essentiels\"}]},{\"@type\":\"WebSite\",\"@id\":\"https:\/\/reseauquebecoisdesaeroports.ca\/#website\",\"url\":\"https:\/\/reseauquebecoisdesaeroports.ca\/\",\"name\":\"R\u00e9seau qu\u00e9b\u00e9cois des a\u00e9roports\",\"description\":\"\",\"potentialAction\":[{\"@type\":\"SearchAction\",\"target\":{\"@type\":\"EntryPoint\",\"urlTemplate\":\"https:\/\/reseauquebecoisdesaeroports.ca\/?s={search_term_string}\"},\"query-input\":{\"@type\":\"PropertyValueSpecification\",\"valueRequired\":true,\"valueName\":\"search_term_string\"}}],\"inLanguage\":\"en-CA\"}]}<\/script>\n<!-- \/ Yoast SEO plugin. -->","yoast_head_json":{"title":"Legault demande \u00e0 Trudeau d\u2019interdire les vols internationaux non essentiels - R\u00e9seau qu\u00e9b\u00e9cois des a\u00e9roports","robots":{"index":"index","follow":"follow","max-snippet":"max-snippet:-1","max-image-preview":"max-image-preview:large","max-video-preview":"max-video-preview:-1"},"canonical":"https:\/\/reseauquebecoisdesaeroports.ca\/new\/legault-demande-interdire-vols-internationaux-non-essentiels\/","og_locale":"en_US","og_type":"article","og_title":"Legault demande \u00e0 Trudeau d\u2019interdire les vols internationaux non essentiels - R\u00e9seau qu\u00e9b\u00e9cois des a\u00e9roports","og_description":"Le Premier ministre du Qu\u00e9bec presse son homologue f\u00e9d\u00e9ral d\u2019interdire les vols internationaux non essentiels pour contrer les offres all\u00e9chantes des compagnies a\u00e9riennes, notamment celles pour des voyages au cours de la semaine de rel\u00e2che. Le gouvernement f\u00e9d\u00e9ral a annonc\u00e9 la possibilit\u00e9 d\u2019imposer des restrictions suppl\u00e9mentaires aux voyageurs.","og_url":"https:\/\/reseauquebecoisdesaeroports.ca\/new\/legault-demande-interdire-vols-internationaux-non-essentiels\/","og_site_name":"R\u00e9seau qu\u00e9b\u00e9cois des a\u00e9roports","twitter_card":"summary_large_image","schema":{"@context":"https:\/\/schema.org","@graph":[{"@type":"WebPage","@id":"https:\/\/reseauquebecoisdesaeroports.ca\/new\/legault-demande-interdire-vols-internationaux-non-essentiels\/","url":"https:\/\/reseauquebecoisdesaeroports.ca\/new\/legault-demande-interdire-vols-internationaux-non-essentiels\/","name":"Legault demande \u00e0 Trudeau d\u2019interdire les vols internationaux non essentiels - R\u00e9seau qu\u00e9b\u00e9cois des a\u00e9roports","isPartOf":{"@id":"https:\/\/reseauquebecoisdesaeroports.ca\/#website"},"datePublished":"2021-01-27T20:01:26+00:00","breadcrumb":{"@id":"https:\/\/reseauquebecoisdesaeroports.ca\/new\/legault-demande-interdire-vols-internationaux-non-essentiels\/#breadcrumb"},"inLanguage":"en-CA","potentialAction":[{"@type":"ReadAction","target":["https:\/\/reseauquebecoisdesaeroports.ca\/new\/legault-demande-interdire-vols-internationaux-non-essentiels\/"]}]},{"@type":"BreadcrumbList","@id":"https:\/\/reseauquebecoisdesaeroports.ca\/new\/legault-demande-interdire-vols-internationaux-non-essentiels\/#breadcrumb","itemListElement":[{"@type":"ListItem","position":1,"name":"Accueil","item":"https:\/\/reseauquebecoisdesaeroports.ca\/"},{"@type":"ListItem","position":2,"name":"Legault demande \u00e0 Trudeau d\u2019interdire les vols internationaux non essentiels"}]},{"@type":"WebSite","@id":"https:\/\/reseauquebecoisdesaeroports.ca\/#website","url":"https:\/\/reseauquebecoisdesaeroports.ca\/","name":"R\u00e9seau qu\u00e9b\u00e9cois des a\u00e9roports","description":"","potentialAction":[{"@type":"SearchAction","target":{"@type":"EntryPoint","urlTemplate":"https:\/\/reseauquebecoisdesaeroports.ca\/?s={search_term_string}"},"query-input":{"@type":"PropertyValueSpecification","valueRequired":true,"valueName":"search_term_string"}}],"inLanguage":"en-CA"}]}},"_links":{"self":[{"href":"https:\/\/reseauquebecoisdesaeroports.ca\/en\/wp-json\/wp\/v2\/nouvelles\/2523","targetHints":{"allow":["GET"]}}],"collection":[{"href":"https:\/\/reseauquebecoisdesaeroports.ca\/en\/wp-json\/wp\/v2\/nouvelles"}],"about":[{"href":"https:\/\/reseauquebecoisdesaeroports.ca\/en\/wp-json\/wp\/v2\/types\/nouvelles"}],"author":[{"embeddable":true,"href":"https:\/\/reseauquebecoisdesaeroports.ca\/en\/wp-json\/wp\/v2\/users\/1"}],"wp:attachment":[{"href":"https:\/\/reseauquebecoisdesaeroports.ca\/en\/wp-json\/wp\/v2\/media?parent=2523"}],"curies":[{"name":"wp","href":"https:\/\/api.w.org\/{rel}","templated":true}]}}