{"id":2528,"date":"2021-02-03T20:00:00","date_gmt":"2021-02-03T20:00:10","guid":{"rendered":"https:\/\/reseauquebecoisdesaeroports.ca\/new\/gens-affaires-inquiets-avenir-aeroports-nouveau-brunswick\/"},"modified":"2021-02-03T20:00:00","modified_gmt":"2021-02-03T20:00:10","slug":"gens-affaires-inquiets-avenir-aeroports-nouveau-brunswick","status":"publish","type":"nouvelles","link":"https:\/\/reseauquebecoisdesaeroports.ca\/en\/new\/gens-affaires-inquiets-avenir-aeroports-nouveau-brunswick\/","title":{"rendered":"Les gens d\u2019affaires s\u2019inqui\u00e8tent de l\u2019avenir des a\u00e9roports du Nouveau-Brunswick"},"content":{"rendered":"<p>Les chambres de commerce de Moncton, de Fredericton et de Saint-Jean ont fait front commun pour s\u2019opposer \u00e0 l\u2019id\u00e9e d\u2019avoir un a\u00e9roport unique dans la province; cette solution \u00e9voqu\u00e9e par Blaine Higgs lors du discours du tr\u00f4ne serait tr\u00e8s peu attrayante pour les investisseurs. Rappelons que la situation est difficile pour les a\u00e9roports de la province qui ont perdu la plupart de leurs vols r\u00e9guliers. <\/p>\n","protected":false},"author":1,"featured_media":0,"template":"","class_list":["post-2528","nouvelles","type-nouvelles","status-publish"],"acf":[],"yoast_head":"<!-- This site is optimized with the Yoast SEO plugin v25.8 - https:\/\/yoast.com\/wordpress\/plugins\/seo\/ -->\n<title>Les gens d\u2019affaires s\u2019inqui\u00e8tent de l\u2019avenir des a\u00e9roports du Nouveau-Brunswick - R\u00e9seau qu\u00e9b\u00e9cois des a\u00e9roports<\/title>\n<meta name=\"robots\" content=\"index, follow, max-snippet:-1, max-image-preview:large, max-video-preview:-1\" \/>\n<link rel=\"canonical\" href=\"https:\/\/reseauquebecoisdesaeroports.ca\/new\/gens-affaires-inquiets-avenir-aeroports-nouveau-brunswick\/\" \/>\n<meta property=\"og:locale\" content=\"en_US\" \/>\n<meta property=\"og:type\" content=\"article\" \/>\n<meta property=\"og:title\" content=\"Les gens d\u2019affaires s\u2019inqui\u00e8tent de l\u2019avenir des a\u00e9roports du Nouveau-Brunswick - R\u00e9seau qu\u00e9b\u00e9cois des a\u00e9roports\" \/>\n<meta property=\"og:description\" content=\"Les chambres de commerce de Moncton, de Fredericton et de Saint-Jean ont fait front commun pour s\u2019opposer \u00e0 l\u2019id\u00e9e d\u2019avoir un a\u00e9roport unique dans la province; cette solution \u00e9voqu\u00e9e par Blaine Higgs lors du discours du tr\u00f4ne serait tr\u00e8s peu attrayante pour les investisseurs. Rappelons que la situation est difficile...\" \/>\n<meta property=\"og:url\" content=\"https:\/\/reseauquebecoisdesaeroports.ca\/new\/gens-affaires-inquiets-avenir-aeroports-nouveau-brunswick\/\" \/>\n<meta property=\"og:site_name\" content=\"R\u00e9seau qu\u00e9b\u00e9cois des a\u00e9roports\" \/>\n<meta name=\"twitter:card\" content=\"summary_large_image\" \/>\n<script type=\"application\/ld+json\" class=\"yoast-schema-graph\">{\"@context\":\"https:\/\/schema.org\",\"@graph\":[{\"@type\":\"WebPage\",\"@id\":\"https:\/\/reseauquebecoisdesaeroports.ca\/new\/gens-affaires-inquiets-avenir-aeroports-nouveau-brunswick\/\",\"url\":\"https:\/\/reseauquebecoisdesaeroports.ca\/new\/gens-affaires-inquiets-avenir-aeroports-nouveau-brunswick\/\",\"name\":\"Les gens d\u2019affaires s\u2019inqui\u00e8tent de l\u2019avenir des a\u00e9roports du Nouveau-Brunswick - R\u00e9seau qu\u00e9b\u00e9cois des a\u00e9roports\",\"isPartOf\":{\"@id\":\"https:\/\/reseauquebecoisdesaeroports.ca\/#website\"},\"datePublished\":\"2021-02-03T20:00:10+00:00\",\"breadcrumb\":{\"@id\":\"https:\/\/reseauquebecoisdesaeroports.ca\/new\/gens-affaires-inquiets-avenir-aeroports-nouveau-brunswick\/#breadcrumb\"},\"inLanguage\":\"en-CA\",\"potentialAction\":[{\"@type\":\"ReadAction\",\"target\":[\"https:\/\/reseauquebecoisdesaeroports.ca\/new\/gens-affaires-inquiets-avenir-aeroports-nouveau-brunswick\/\"]}]},{\"@type\":\"BreadcrumbList\",\"@id\":\"https:\/\/reseauquebecoisdesaeroports.ca\/new\/gens-affaires-inquiets-avenir-aeroports-nouveau-brunswick\/#breadcrumb\",\"itemListElement\":[{\"@type\":\"ListItem\",\"position\":1,\"name\":\"Accueil\",\"item\":\"https:\/\/reseauquebecoisdesaeroports.ca\/\"},{\"@type\":\"ListItem\",\"position\":2,\"name\":\"Les gens d\u2019affaires s\u2019inqui\u00e8tent de l\u2019avenir des a\u00e9roports du Nouveau-Brunswick\"}]},{\"@type\":\"WebSite\",\"@id\":\"https:\/\/reseauquebecoisdesaeroports.ca\/#website\",\"url\":\"https:\/\/reseauquebecoisdesaeroports.ca\/\",\"name\":\"R\u00e9seau qu\u00e9b\u00e9cois des a\u00e9roports\",\"description\":\"\",\"potentialAction\":[{\"@type\":\"SearchAction\",\"target\":{\"@type\":\"EntryPoint\",\"urlTemplate\":\"https:\/\/reseauquebecoisdesaeroports.ca\/?s={search_term_string}\"},\"query-input\":{\"@type\":\"PropertyValueSpecification\",\"valueRequired\":true,\"valueName\":\"search_term_string\"}}],\"inLanguage\":\"en-CA\"}]}<\/script>\n<!-- \/ Yoast SEO plugin. -->","yoast_head_json":{"title":"Les gens d\u2019affaires s\u2019inqui\u00e8tent de l\u2019avenir des a\u00e9roports du Nouveau-Brunswick - R\u00e9seau qu\u00e9b\u00e9cois des a\u00e9roports","robots":{"index":"index","follow":"follow","max-snippet":"max-snippet:-1","max-image-preview":"max-image-preview:large","max-video-preview":"max-video-preview:-1"},"canonical":"https:\/\/reseauquebecoisdesaeroports.ca\/new\/gens-affaires-inquiets-avenir-aeroports-nouveau-brunswick\/","og_locale":"en_US","og_type":"article","og_title":"Les gens d\u2019affaires s\u2019inqui\u00e8tent de l\u2019avenir des a\u00e9roports du Nouveau-Brunswick - R\u00e9seau qu\u00e9b\u00e9cois des a\u00e9roports","og_description":"Les chambres de commerce de Moncton, de Fredericton et de Saint-Jean ont fait front commun pour s\u2019opposer \u00e0 l\u2019id\u00e9e d\u2019avoir un a\u00e9roport unique dans la province; cette solution \u00e9voqu\u00e9e par Blaine Higgs lors du discours du tr\u00f4ne serait tr\u00e8s peu attrayante pour les investisseurs. Rappelons que la situation est difficile...","og_url":"https:\/\/reseauquebecoisdesaeroports.ca\/new\/gens-affaires-inquiets-avenir-aeroports-nouveau-brunswick\/","og_site_name":"R\u00e9seau qu\u00e9b\u00e9cois des a\u00e9roports","twitter_card":"summary_large_image","schema":{"@context":"https:\/\/schema.org","@graph":[{"@type":"WebPage","@id":"https:\/\/reseauquebecoisdesaeroports.ca\/new\/gens-affaires-inquiets-avenir-aeroports-nouveau-brunswick\/","url":"https:\/\/reseauquebecoisdesaeroports.ca\/new\/gens-affaires-inquiets-avenir-aeroports-nouveau-brunswick\/","name":"Les gens d\u2019affaires s\u2019inqui\u00e8tent de l\u2019avenir des a\u00e9roports du Nouveau-Brunswick - R\u00e9seau qu\u00e9b\u00e9cois des a\u00e9roports","isPartOf":{"@id":"https:\/\/reseauquebecoisdesaeroports.ca\/#website"},"datePublished":"2021-02-03T20:00:10+00:00","breadcrumb":{"@id":"https:\/\/reseauquebecoisdesaeroports.ca\/new\/gens-affaires-inquiets-avenir-aeroports-nouveau-brunswick\/#breadcrumb"},"inLanguage":"en-CA","potentialAction":[{"@type":"ReadAction","target":["https:\/\/reseauquebecoisdesaeroports.ca\/new\/gens-affaires-inquiets-avenir-aeroports-nouveau-brunswick\/"]}]},{"@type":"BreadcrumbList","@id":"https:\/\/reseauquebecoisdesaeroports.ca\/new\/gens-affaires-inquiets-avenir-aeroports-nouveau-brunswick\/#breadcrumb","itemListElement":[{"@type":"ListItem","position":1,"name":"Accueil","item":"https:\/\/reseauquebecoisdesaeroports.ca\/"},{"@type":"ListItem","position":2,"name":"Les gens d\u2019affaires s\u2019inqui\u00e8tent de l\u2019avenir des a\u00e9roports du Nouveau-Brunswick"}]},{"@type":"WebSite","@id":"https:\/\/reseauquebecoisdesaeroports.ca\/#website","url":"https:\/\/reseauquebecoisdesaeroports.ca\/","name":"R\u00e9seau qu\u00e9b\u00e9cois des a\u00e9roports","description":"","potentialAction":[{"@type":"SearchAction","target":{"@type":"EntryPoint","urlTemplate":"https:\/\/reseauquebecoisdesaeroports.ca\/?s={search_term_string}"},"query-input":{"@type":"PropertyValueSpecification","valueRequired":true,"valueName":"search_term_string"}}],"inLanguage":"en-CA"}]}},"_links":{"self":[{"href":"https:\/\/reseauquebecoisdesaeroports.ca\/en\/wp-json\/wp\/v2\/nouvelles\/2528","targetHints":{"allow":["GET"]}}],"collection":[{"href":"https:\/\/reseauquebecoisdesaeroports.ca\/en\/wp-json\/wp\/v2\/nouvelles"}],"about":[{"href":"https:\/\/reseauquebecoisdesaeroports.ca\/en\/wp-json\/wp\/v2\/types\/nouvelles"}],"author":[{"embeddable":true,"href":"https:\/\/reseauquebecoisdesaeroports.ca\/en\/wp-json\/wp\/v2\/users\/1"}],"wp:attachment":[{"href":"https:\/\/reseauquebecoisdesaeroports.ca\/en\/wp-json\/wp\/v2\/media?parent=2528"}],"curies":[{"name":"wp","href":"https:\/\/api.w.org\/{rel}","templated":true}]}}