{"id":2529,"date":"2021-02-03T20:01:00","date_gmt":"2021-02-03T20:01:55","guid":{"rendered":"https:\/\/reseauquebecoisdesaeroports.ca\/new\/covid-19-desespoir-envahit-employes\/"},"modified":"2021-02-03T20:01:00","modified_gmt":"2021-02-03T20:01:55","slug":"covid-19-desespoir-envahit-employes","status":"publish","type":"nouvelles","link":"https:\/\/reseauquebecoisdesaeroports.ca\/en\/new\/covid-19-desespoir-envahit-employes\/","title":{"rendered":"COVID-19 : le d\u00e9sespoir envahit les employ\u00e9s"},"content":{"rendered":"<p>Depuis le d\u00e9but de la crise, ce sont des dizaines de milliers d\u2019employ\u00e9s du transport a\u00e9rien et de l\u2019industrie a\u00e9rospatiale qui ont perdu leur emploi. Les mises \u00e0 pied se poursuivent alors que de nouvelles restrictions sont mises en vigueur concernant les voyages vers les destinations \u00ab soleil \u00bb. <\/p>\n","protected":false},"author":1,"featured_media":0,"template":"","class_list":["post-2529","nouvelles","type-nouvelles","status-publish"],"acf":[],"yoast_head":"<!-- This site is optimized with the Yoast SEO plugin v25.8 - https:\/\/yoast.com\/wordpress\/plugins\/seo\/ -->\n<title>COVID-19 : le d\u00e9sespoir envahit les employ\u00e9s - R\u00e9seau qu\u00e9b\u00e9cois des a\u00e9roports<\/title>\n<meta name=\"robots\" content=\"index, follow, max-snippet:-1, max-image-preview:large, max-video-preview:-1\" \/>\n<link rel=\"canonical\" href=\"https:\/\/reseauquebecoisdesaeroports.ca\/new\/covid-19-desespoir-envahit-employes\/\" \/>\n<meta property=\"og:locale\" content=\"en_US\" \/>\n<meta property=\"og:type\" content=\"article\" \/>\n<meta property=\"og:title\" content=\"COVID-19 : le d\u00e9sespoir envahit les employ\u00e9s - R\u00e9seau qu\u00e9b\u00e9cois des a\u00e9roports\" \/>\n<meta property=\"og:description\" content=\"Depuis le d\u00e9but de la crise, ce sont des dizaines de milliers d\u2019employ\u00e9s du transport a\u00e9rien et de l\u2019industrie a\u00e9rospatiale qui ont perdu leur emploi. Les mises \u00e0 pied se poursuivent alors que de nouvelles restrictions sont mises en vigueur concernant les voyages vers les destinations \u00ab soleil \u00bb.\" \/>\n<meta property=\"og:url\" content=\"https:\/\/reseauquebecoisdesaeroports.ca\/new\/covid-19-desespoir-envahit-employes\/\" \/>\n<meta property=\"og:site_name\" content=\"R\u00e9seau qu\u00e9b\u00e9cois des a\u00e9roports\" \/>\n<meta name=\"twitter:card\" content=\"summary_large_image\" \/>\n<script type=\"application\/ld+json\" class=\"yoast-schema-graph\">{\"@context\":\"https:\/\/schema.org\",\"@graph\":[{\"@type\":\"WebPage\",\"@id\":\"https:\/\/reseauquebecoisdesaeroports.ca\/new\/covid-19-desespoir-envahit-employes\/\",\"url\":\"https:\/\/reseauquebecoisdesaeroports.ca\/new\/covid-19-desespoir-envahit-employes\/\",\"name\":\"COVID-19 : le d\u00e9sespoir envahit les employ\u00e9s - R\u00e9seau qu\u00e9b\u00e9cois des a\u00e9roports\",\"isPartOf\":{\"@id\":\"https:\/\/reseauquebecoisdesaeroports.ca\/#website\"},\"datePublished\":\"2021-02-03T20:01:55+00:00\",\"breadcrumb\":{\"@id\":\"https:\/\/reseauquebecoisdesaeroports.ca\/new\/covid-19-desespoir-envahit-employes\/#breadcrumb\"},\"inLanguage\":\"en-CA\",\"potentialAction\":[{\"@type\":\"ReadAction\",\"target\":[\"https:\/\/reseauquebecoisdesaeroports.ca\/new\/covid-19-desespoir-envahit-employes\/\"]}]},{\"@type\":\"BreadcrumbList\",\"@id\":\"https:\/\/reseauquebecoisdesaeroports.ca\/new\/covid-19-desespoir-envahit-employes\/#breadcrumb\",\"itemListElement\":[{\"@type\":\"ListItem\",\"position\":1,\"name\":\"Accueil\",\"item\":\"https:\/\/reseauquebecoisdesaeroports.ca\/\"},{\"@type\":\"ListItem\",\"position\":2,\"name\":\"COVID-19 : le d\u00e9sespoir envahit les employ\u00e9s\"}]},{\"@type\":\"WebSite\",\"@id\":\"https:\/\/reseauquebecoisdesaeroports.ca\/#website\",\"url\":\"https:\/\/reseauquebecoisdesaeroports.ca\/\",\"name\":\"R\u00e9seau qu\u00e9b\u00e9cois des a\u00e9roports\",\"description\":\"\",\"potentialAction\":[{\"@type\":\"SearchAction\",\"target\":{\"@type\":\"EntryPoint\",\"urlTemplate\":\"https:\/\/reseauquebecoisdesaeroports.ca\/?s={search_term_string}\"},\"query-input\":{\"@type\":\"PropertyValueSpecification\",\"valueRequired\":true,\"valueName\":\"search_term_string\"}}],\"inLanguage\":\"en-CA\"}]}<\/script>\n<!-- \/ Yoast SEO plugin. -->","yoast_head_json":{"title":"COVID-19 : le d\u00e9sespoir envahit les employ\u00e9s - R\u00e9seau qu\u00e9b\u00e9cois des a\u00e9roports","robots":{"index":"index","follow":"follow","max-snippet":"max-snippet:-1","max-image-preview":"max-image-preview:large","max-video-preview":"max-video-preview:-1"},"canonical":"https:\/\/reseauquebecoisdesaeroports.ca\/new\/covid-19-desespoir-envahit-employes\/","og_locale":"en_US","og_type":"article","og_title":"COVID-19 : le d\u00e9sespoir envahit les employ\u00e9s - R\u00e9seau qu\u00e9b\u00e9cois des a\u00e9roports","og_description":"Depuis le d\u00e9but de la crise, ce sont des dizaines de milliers d\u2019employ\u00e9s du transport a\u00e9rien et de l\u2019industrie a\u00e9rospatiale qui ont perdu leur emploi. Les mises \u00e0 pied se poursuivent alors que de nouvelles restrictions sont mises en vigueur concernant les voyages vers les destinations \u00ab soleil \u00bb.","og_url":"https:\/\/reseauquebecoisdesaeroports.ca\/new\/covid-19-desespoir-envahit-employes\/","og_site_name":"R\u00e9seau qu\u00e9b\u00e9cois des a\u00e9roports","twitter_card":"summary_large_image","schema":{"@context":"https:\/\/schema.org","@graph":[{"@type":"WebPage","@id":"https:\/\/reseauquebecoisdesaeroports.ca\/new\/covid-19-desespoir-envahit-employes\/","url":"https:\/\/reseauquebecoisdesaeroports.ca\/new\/covid-19-desespoir-envahit-employes\/","name":"COVID-19 : le d\u00e9sespoir envahit les employ\u00e9s - R\u00e9seau qu\u00e9b\u00e9cois des a\u00e9roports","isPartOf":{"@id":"https:\/\/reseauquebecoisdesaeroports.ca\/#website"},"datePublished":"2021-02-03T20:01:55+00:00","breadcrumb":{"@id":"https:\/\/reseauquebecoisdesaeroports.ca\/new\/covid-19-desespoir-envahit-employes\/#breadcrumb"},"inLanguage":"en-CA","potentialAction":[{"@type":"ReadAction","target":["https:\/\/reseauquebecoisdesaeroports.ca\/new\/covid-19-desespoir-envahit-employes\/"]}]},{"@type":"BreadcrumbList","@id":"https:\/\/reseauquebecoisdesaeroports.ca\/new\/covid-19-desespoir-envahit-employes\/#breadcrumb","itemListElement":[{"@type":"ListItem","position":1,"name":"Accueil","item":"https:\/\/reseauquebecoisdesaeroports.ca\/"},{"@type":"ListItem","position":2,"name":"COVID-19 : le d\u00e9sespoir envahit les employ\u00e9s"}]},{"@type":"WebSite","@id":"https:\/\/reseauquebecoisdesaeroports.ca\/#website","url":"https:\/\/reseauquebecoisdesaeroports.ca\/","name":"R\u00e9seau qu\u00e9b\u00e9cois des a\u00e9roports","description":"","potentialAction":[{"@type":"SearchAction","target":{"@type":"EntryPoint","urlTemplate":"https:\/\/reseauquebecoisdesaeroports.ca\/?s={search_term_string}"},"query-input":{"@type":"PropertyValueSpecification","valueRequired":true,"valueName":"search_term_string"}}],"inLanguage":"en-CA"}]}},"_links":{"self":[{"href":"https:\/\/reseauquebecoisdesaeroports.ca\/en\/wp-json\/wp\/v2\/nouvelles\/2529","targetHints":{"allow":["GET"]}}],"collection":[{"href":"https:\/\/reseauquebecoisdesaeroports.ca\/en\/wp-json\/wp\/v2\/nouvelles"}],"about":[{"href":"https:\/\/reseauquebecoisdesaeroports.ca\/en\/wp-json\/wp\/v2\/types\/nouvelles"}],"author":[{"embeddable":true,"href":"https:\/\/reseauquebecoisdesaeroports.ca\/en\/wp-json\/wp\/v2\/users\/1"}],"wp:attachment":[{"href":"https:\/\/reseauquebecoisdesaeroports.ca\/en\/wp-json\/wp\/v2\/media?parent=2529"}],"curies":[{"name":"wp","href":"https:\/\/api.w.org\/{rel}","templated":true}]}}