{"id":2536,"date":"2021-02-10T20:02:00","date_gmt":"2021-02-10T20:02:00","guid":{"rendered":"https:\/\/reseauquebecoisdesaeroports.ca\/new\/inventer-avion-vert-relancer-montreal\/"},"modified":"2021-02-10T20:02:00","modified_gmt":"2021-02-10T20:02:00","slug":"inventer-avion-vert-relancer-montreal","status":"publish","type":"nouvelles","link":"https:\/\/reseauquebecoisdesaeroports.ca\/en\/new\/inventer-avion-vert-relancer-montreal\/","title":{"rendered":"Inventer l\u2019 \u00ab avion vert \u00bb de l\u2019avenir pour relancer Montr\u00e9al"},"content":{"rendered":"<p>Dans le but de restructurer le centre-ville de Montr\u00e9al, entre autres choses, le groupe Relan\u00e7ons MTL a soumis une recommandation de r\u00e9orientation de l\u2019industrie a\u00e9ronautique. Alors que le trafic a\u00e9rien s\u2019est effondr\u00e9, le groupe s\u2019est pench\u00e9 sur le futur de l\u2019industrie laquelle pourrait \u00eatre encadr\u00e9e par des normes environnementales plus strictes. Il propose un conglom\u00e9rat du secteur en R&amp;D afin de d\u00e9velopper l\u2019avion \u00ab vert \u00bb. <\/p>\n","protected":false},"author":1,"featured_media":0,"template":"","class_list":["post-2536","nouvelles","type-nouvelles","status-publish"],"acf":[],"yoast_head":"<!-- This site is optimized with the Yoast SEO plugin v25.8 - https:\/\/yoast.com\/wordpress\/plugins\/seo\/ -->\n<title>Inventer l\u2019 \u00ab avion vert \u00bb de l\u2019avenir pour relancer Montr\u00e9al - R\u00e9seau qu\u00e9b\u00e9cois des a\u00e9roports<\/title>\n<meta name=\"robots\" content=\"index, follow, max-snippet:-1, max-image-preview:large, max-video-preview:-1\" \/>\n<link rel=\"canonical\" href=\"https:\/\/reseauquebecoisdesaeroports.ca\/new\/inventer-avion-vert-relancer-montreal\/\" \/>\n<meta property=\"og:locale\" content=\"en_US\" \/>\n<meta property=\"og:type\" content=\"article\" \/>\n<meta property=\"og:title\" content=\"Inventer l\u2019 \u00ab avion vert \u00bb de l\u2019avenir pour relancer Montr\u00e9al - R\u00e9seau qu\u00e9b\u00e9cois des a\u00e9roports\" \/>\n<meta property=\"og:description\" content=\"Dans le but de restructurer le centre-ville de Montr\u00e9al, entre autres choses, le groupe Relan\u00e7ons MTL a soumis une recommandation de r\u00e9orientation de l\u2019industrie a\u00e9ronautique. Alors que le trafic a\u00e9rien s\u2019est effondr\u00e9, le groupe s\u2019est pench\u00e9 sur le futur de l\u2019industrie laquelle pourrait \u00eatre encadr\u00e9e par des normes environnementales plus...\" \/>\n<meta property=\"og:url\" content=\"https:\/\/reseauquebecoisdesaeroports.ca\/new\/inventer-avion-vert-relancer-montreal\/\" \/>\n<meta property=\"og:site_name\" content=\"R\u00e9seau qu\u00e9b\u00e9cois des a\u00e9roports\" \/>\n<meta name=\"twitter:card\" content=\"summary_large_image\" \/>\n<script type=\"application\/ld+json\" class=\"yoast-schema-graph\">{\"@context\":\"https:\/\/schema.org\",\"@graph\":[{\"@type\":\"WebPage\",\"@id\":\"https:\/\/reseauquebecoisdesaeroports.ca\/new\/inventer-avion-vert-relancer-montreal\/\",\"url\":\"https:\/\/reseauquebecoisdesaeroports.ca\/new\/inventer-avion-vert-relancer-montreal\/\",\"name\":\"Inventer l\u2019 \u00ab avion vert \u00bb de l\u2019avenir pour relancer Montr\u00e9al - R\u00e9seau qu\u00e9b\u00e9cois des a\u00e9roports\",\"isPartOf\":{\"@id\":\"https:\/\/reseauquebecoisdesaeroports.ca\/#website\"},\"datePublished\":\"2021-02-10T20:02:00+00:00\",\"breadcrumb\":{\"@id\":\"https:\/\/reseauquebecoisdesaeroports.ca\/new\/inventer-avion-vert-relancer-montreal\/#breadcrumb\"},\"inLanguage\":\"en-CA\",\"potentialAction\":[{\"@type\":\"ReadAction\",\"target\":[\"https:\/\/reseauquebecoisdesaeroports.ca\/new\/inventer-avion-vert-relancer-montreal\/\"]}]},{\"@type\":\"BreadcrumbList\",\"@id\":\"https:\/\/reseauquebecoisdesaeroports.ca\/new\/inventer-avion-vert-relancer-montreal\/#breadcrumb\",\"itemListElement\":[{\"@type\":\"ListItem\",\"position\":1,\"name\":\"Accueil\",\"item\":\"https:\/\/reseauquebecoisdesaeroports.ca\/\"},{\"@type\":\"ListItem\",\"position\":2,\"name\":\"Inventer l\u2019 \u00ab avion vert \u00bb de l\u2019avenir pour relancer Montr\u00e9al\"}]},{\"@type\":\"WebSite\",\"@id\":\"https:\/\/reseauquebecoisdesaeroports.ca\/#website\",\"url\":\"https:\/\/reseauquebecoisdesaeroports.ca\/\",\"name\":\"R\u00e9seau qu\u00e9b\u00e9cois des a\u00e9roports\",\"description\":\"\",\"potentialAction\":[{\"@type\":\"SearchAction\",\"target\":{\"@type\":\"EntryPoint\",\"urlTemplate\":\"https:\/\/reseauquebecoisdesaeroports.ca\/?s={search_term_string}\"},\"query-input\":{\"@type\":\"PropertyValueSpecification\",\"valueRequired\":true,\"valueName\":\"search_term_string\"}}],\"inLanguage\":\"en-CA\"}]}<\/script>\n<!-- \/ Yoast SEO plugin. -->","yoast_head_json":{"title":"Inventer l\u2019 \u00ab avion vert \u00bb de l\u2019avenir pour relancer Montr\u00e9al - R\u00e9seau qu\u00e9b\u00e9cois des a\u00e9roports","robots":{"index":"index","follow":"follow","max-snippet":"max-snippet:-1","max-image-preview":"max-image-preview:large","max-video-preview":"max-video-preview:-1"},"canonical":"https:\/\/reseauquebecoisdesaeroports.ca\/new\/inventer-avion-vert-relancer-montreal\/","og_locale":"en_US","og_type":"article","og_title":"Inventer l\u2019 \u00ab avion vert \u00bb de l\u2019avenir pour relancer Montr\u00e9al - R\u00e9seau qu\u00e9b\u00e9cois des a\u00e9roports","og_description":"Dans le but de restructurer le centre-ville de Montr\u00e9al, entre autres choses, le groupe Relan\u00e7ons MTL a soumis une recommandation de r\u00e9orientation de l\u2019industrie a\u00e9ronautique. Alors que le trafic a\u00e9rien s\u2019est effondr\u00e9, le groupe s\u2019est pench\u00e9 sur le futur de l\u2019industrie laquelle pourrait \u00eatre encadr\u00e9e par des normes environnementales plus...","og_url":"https:\/\/reseauquebecoisdesaeroports.ca\/new\/inventer-avion-vert-relancer-montreal\/","og_site_name":"R\u00e9seau qu\u00e9b\u00e9cois des a\u00e9roports","twitter_card":"summary_large_image","schema":{"@context":"https:\/\/schema.org","@graph":[{"@type":"WebPage","@id":"https:\/\/reseauquebecoisdesaeroports.ca\/new\/inventer-avion-vert-relancer-montreal\/","url":"https:\/\/reseauquebecoisdesaeroports.ca\/new\/inventer-avion-vert-relancer-montreal\/","name":"Inventer l\u2019 \u00ab avion vert \u00bb de l\u2019avenir pour relancer Montr\u00e9al - R\u00e9seau qu\u00e9b\u00e9cois des a\u00e9roports","isPartOf":{"@id":"https:\/\/reseauquebecoisdesaeroports.ca\/#website"},"datePublished":"2021-02-10T20:02:00+00:00","breadcrumb":{"@id":"https:\/\/reseauquebecoisdesaeroports.ca\/new\/inventer-avion-vert-relancer-montreal\/#breadcrumb"},"inLanguage":"en-CA","potentialAction":[{"@type":"ReadAction","target":["https:\/\/reseauquebecoisdesaeroports.ca\/new\/inventer-avion-vert-relancer-montreal\/"]}]},{"@type":"BreadcrumbList","@id":"https:\/\/reseauquebecoisdesaeroports.ca\/new\/inventer-avion-vert-relancer-montreal\/#breadcrumb","itemListElement":[{"@type":"ListItem","position":1,"name":"Accueil","item":"https:\/\/reseauquebecoisdesaeroports.ca\/"},{"@type":"ListItem","position":2,"name":"Inventer l\u2019 \u00ab avion vert \u00bb de l\u2019avenir pour relancer Montr\u00e9al"}]},{"@type":"WebSite","@id":"https:\/\/reseauquebecoisdesaeroports.ca\/#website","url":"https:\/\/reseauquebecoisdesaeroports.ca\/","name":"R\u00e9seau qu\u00e9b\u00e9cois des a\u00e9roports","description":"","potentialAction":[{"@type":"SearchAction","target":{"@type":"EntryPoint","urlTemplate":"https:\/\/reseauquebecoisdesaeroports.ca\/?s={search_term_string}"},"query-input":{"@type":"PropertyValueSpecification","valueRequired":true,"valueName":"search_term_string"}}],"inLanguage":"en-CA"}]}},"_links":{"self":[{"href":"https:\/\/reseauquebecoisdesaeroports.ca\/en\/wp-json\/wp\/v2\/nouvelles\/2536","targetHints":{"allow":["GET"]}}],"collection":[{"href":"https:\/\/reseauquebecoisdesaeroports.ca\/en\/wp-json\/wp\/v2\/nouvelles"}],"about":[{"href":"https:\/\/reseauquebecoisdesaeroports.ca\/en\/wp-json\/wp\/v2\/types\/nouvelles"}],"author":[{"embeddable":true,"href":"https:\/\/reseauquebecoisdesaeroports.ca\/en\/wp-json\/wp\/v2\/users\/1"}],"wp:attachment":[{"href":"https:\/\/reseauquebecoisdesaeroports.ca\/en\/wp-json\/wp\/v2\/media?parent=2536"}],"curies":[{"name":"wp","href":"https:\/\/api.w.org\/{rel}","templated":true}]}}