{"id":2539,"date":"2021-02-10T20:05:00","date_gmt":"2021-02-10T20:05:55","guid":{"rendered":"https:\/\/reseauquebecoisdesaeroports.ca\/new\/fermetures-tours-menacent-securite-publique\/"},"modified":"2021-02-10T20:05:00","modified_gmt":"2021-02-10T20:05:55","slug":"fermetures-tours-menacent-securite-publique","status":"publish","type":"nouvelles","link":"https:\/\/reseauquebecoisdesaeroports.ca\/en\/new\/fermetures-tours-menacent-securite-publique\/","title":{"rendered":"Les fermetures de tours menacent-elle la s\u00e9curit\u00e9 publique?"},"content":{"rendered":"<p>Le mois dernier, plus de 100 contr\u00f4leurs a\u00e9riens ont re\u00e7u un avis de licenciement. La vague de r\u00e9duction des services a\u00e9riens par NAV CANADA cause de graves pr\u00e9occupations en mati\u00e8re de s\u00e9curit\u00e9 publique, selon l\u2019Association canadienne du contr\u00f4le du trafic a\u00e9rien (ACCTA). Elle rappelle que la p\u00e9nurie de contr\u00f4leurs a\u00e9riens atteindra 20 % d\u2019ici juin 2021.<\/p>\n","protected":false},"author":1,"featured_media":0,"template":"","class_list":["post-2539","nouvelles","type-nouvelles","status-publish"],"acf":[],"yoast_head":"<!-- This site is optimized with the Yoast SEO plugin v25.8 - https:\/\/yoast.com\/wordpress\/plugins\/seo\/ -->\n<title>Les fermetures de tours menacent-elle la s\u00e9curit\u00e9 publique? - R\u00e9seau qu\u00e9b\u00e9cois des a\u00e9roports<\/title>\n<meta name=\"robots\" content=\"index, follow, max-snippet:-1, max-image-preview:large, max-video-preview:-1\" \/>\n<link rel=\"canonical\" href=\"https:\/\/reseauquebecoisdesaeroports.ca\/new\/fermetures-tours-menacent-securite-publique\/\" \/>\n<meta property=\"og:locale\" content=\"en_US\" \/>\n<meta property=\"og:type\" content=\"article\" \/>\n<meta property=\"og:title\" content=\"Les fermetures de tours menacent-elle la s\u00e9curit\u00e9 publique? - R\u00e9seau qu\u00e9b\u00e9cois des a\u00e9roports\" \/>\n<meta property=\"og:description\" content=\"Le mois dernier, plus de 100 contr\u00f4leurs a\u00e9riens ont re\u00e7u un avis de licenciement. La vague de r\u00e9duction des services a\u00e9riens par NAV CANADA cause de graves pr\u00e9occupations en mati\u00e8re de s\u00e9curit\u00e9 publique, selon l\u2019Association canadienne du contr\u00f4le du trafic a\u00e9rien (ACCTA). Elle rappelle que la p\u00e9nurie de contr\u00f4leurs a\u00e9riens...\" \/>\n<meta property=\"og:url\" content=\"https:\/\/reseauquebecoisdesaeroports.ca\/new\/fermetures-tours-menacent-securite-publique\/\" \/>\n<meta property=\"og:site_name\" content=\"R\u00e9seau qu\u00e9b\u00e9cois des a\u00e9roports\" \/>\n<meta name=\"twitter:card\" content=\"summary_large_image\" \/>\n<script type=\"application\/ld+json\" class=\"yoast-schema-graph\">{\"@context\":\"https:\/\/schema.org\",\"@graph\":[{\"@type\":\"WebPage\",\"@id\":\"https:\/\/reseauquebecoisdesaeroports.ca\/new\/fermetures-tours-menacent-securite-publique\/\",\"url\":\"https:\/\/reseauquebecoisdesaeroports.ca\/new\/fermetures-tours-menacent-securite-publique\/\",\"name\":\"Les fermetures de tours menacent-elle la s\u00e9curit\u00e9 publique? - R\u00e9seau qu\u00e9b\u00e9cois des a\u00e9roports\",\"isPartOf\":{\"@id\":\"https:\/\/reseauquebecoisdesaeroports.ca\/#website\"},\"datePublished\":\"2021-02-10T20:05:55+00:00\",\"breadcrumb\":{\"@id\":\"https:\/\/reseauquebecoisdesaeroports.ca\/new\/fermetures-tours-menacent-securite-publique\/#breadcrumb\"},\"inLanguage\":\"en-CA\",\"potentialAction\":[{\"@type\":\"ReadAction\",\"target\":[\"https:\/\/reseauquebecoisdesaeroports.ca\/new\/fermetures-tours-menacent-securite-publique\/\"]}]},{\"@type\":\"BreadcrumbList\",\"@id\":\"https:\/\/reseauquebecoisdesaeroports.ca\/new\/fermetures-tours-menacent-securite-publique\/#breadcrumb\",\"itemListElement\":[{\"@type\":\"ListItem\",\"position\":1,\"name\":\"Accueil\",\"item\":\"https:\/\/reseauquebecoisdesaeroports.ca\/\"},{\"@type\":\"ListItem\",\"position\":2,\"name\":\"Les fermetures de tours menacent-elle la s\u00e9curit\u00e9 publique?\"}]},{\"@type\":\"WebSite\",\"@id\":\"https:\/\/reseauquebecoisdesaeroports.ca\/#website\",\"url\":\"https:\/\/reseauquebecoisdesaeroports.ca\/\",\"name\":\"R\u00e9seau qu\u00e9b\u00e9cois des a\u00e9roports\",\"description\":\"\",\"potentialAction\":[{\"@type\":\"SearchAction\",\"target\":{\"@type\":\"EntryPoint\",\"urlTemplate\":\"https:\/\/reseauquebecoisdesaeroports.ca\/?s={search_term_string}\"},\"query-input\":{\"@type\":\"PropertyValueSpecification\",\"valueRequired\":true,\"valueName\":\"search_term_string\"}}],\"inLanguage\":\"en-CA\"}]}<\/script>\n<!-- \/ Yoast SEO plugin. -->","yoast_head_json":{"title":"Les fermetures de tours menacent-elle la s\u00e9curit\u00e9 publique? - R\u00e9seau qu\u00e9b\u00e9cois des a\u00e9roports","robots":{"index":"index","follow":"follow","max-snippet":"max-snippet:-1","max-image-preview":"max-image-preview:large","max-video-preview":"max-video-preview:-1"},"canonical":"https:\/\/reseauquebecoisdesaeroports.ca\/new\/fermetures-tours-menacent-securite-publique\/","og_locale":"en_US","og_type":"article","og_title":"Les fermetures de tours menacent-elle la s\u00e9curit\u00e9 publique? - R\u00e9seau qu\u00e9b\u00e9cois des a\u00e9roports","og_description":"Le mois dernier, plus de 100 contr\u00f4leurs a\u00e9riens ont re\u00e7u un avis de licenciement. La vague de r\u00e9duction des services a\u00e9riens par NAV CANADA cause de graves pr\u00e9occupations en mati\u00e8re de s\u00e9curit\u00e9 publique, selon l\u2019Association canadienne du contr\u00f4le du trafic a\u00e9rien (ACCTA). Elle rappelle que la p\u00e9nurie de contr\u00f4leurs a\u00e9riens...","og_url":"https:\/\/reseauquebecoisdesaeroports.ca\/new\/fermetures-tours-menacent-securite-publique\/","og_site_name":"R\u00e9seau qu\u00e9b\u00e9cois des a\u00e9roports","twitter_card":"summary_large_image","schema":{"@context":"https:\/\/schema.org","@graph":[{"@type":"WebPage","@id":"https:\/\/reseauquebecoisdesaeroports.ca\/new\/fermetures-tours-menacent-securite-publique\/","url":"https:\/\/reseauquebecoisdesaeroports.ca\/new\/fermetures-tours-menacent-securite-publique\/","name":"Les fermetures de tours menacent-elle la s\u00e9curit\u00e9 publique? - R\u00e9seau qu\u00e9b\u00e9cois des a\u00e9roports","isPartOf":{"@id":"https:\/\/reseauquebecoisdesaeroports.ca\/#website"},"datePublished":"2021-02-10T20:05:55+00:00","breadcrumb":{"@id":"https:\/\/reseauquebecoisdesaeroports.ca\/new\/fermetures-tours-menacent-securite-publique\/#breadcrumb"},"inLanguage":"en-CA","potentialAction":[{"@type":"ReadAction","target":["https:\/\/reseauquebecoisdesaeroports.ca\/new\/fermetures-tours-menacent-securite-publique\/"]}]},{"@type":"BreadcrumbList","@id":"https:\/\/reseauquebecoisdesaeroports.ca\/new\/fermetures-tours-menacent-securite-publique\/#breadcrumb","itemListElement":[{"@type":"ListItem","position":1,"name":"Accueil","item":"https:\/\/reseauquebecoisdesaeroports.ca\/"},{"@type":"ListItem","position":2,"name":"Les fermetures de tours menacent-elle la s\u00e9curit\u00e9 publique?"}]},{"@type":"WebSite","@id":"https:\/\/reseauquebecoisdesaeroports.ca\/#website","url":"https:\/\/reseauquebecoisdesaeroports.ca\/","name":"R\u00e9seau qu\u00e9b\u00e9cois des a\u00e9roports","description":"","potentialAction":[{"@type":"SearchAction","target":{"@type":"EntryPoint","urlTemplate":"https:\/\/reseauquebecoisdesaeroports.ca\/?s={search_term_string}"},"query-input":{"@type":"PropertyValueSpecification","valueRequired":true,"valueName":"search_term_string"}}],"inLanguage":"en-CA"}]}},"_links":{"self":[{"href":"https:\/\/reseauquebecoisdesaeroports.ca\/en\/wp-json\/wp\/v2\/nouvelles\/2539","targetHints":{"allow":["GET"]}}],"collection":[{"href":"https:\/\/reseauquebecoisdesaeroports.ca\/en\/wp-json\/wp\/v2\/nouvelles"}],"about":[{"href":"https:\/\/reseauquebecoisdesaeroports.ca\/en\/wp-json\/wp\/v2\/types\/nouvelles"}],"author":[{"embeddable":true,"href":"https:\/\/reseauquebecoisdesaeroports.ca\/en\/wp-json\/wp\/v2\/users\/1"}],"wp:attachment":[{"href":"https:\/\/reseauquebecoisdesaeroports.ca\/en\/wp-json\/wp\/v2\/media?parent=2539"}],"curies":[{"name":"wp","href":"https:\/\/api.w.org\/{rel}","templated":true}]}}