{"id":2540,"date":"2021-02-17T20:00:00","date_gmt":"2021-02-17T20:00:10","guid":{"rendered":"https:\/\/reseauquebecoisdesaeroports.ca\/new\/treq-fera-appel-sous-traitant-pour-faire-voler-avions\/"},"modified":"2021-02-17T20:00:00","modified_gmt":"2021-02-17T20:00:10","slug":"treq-fera-appel-sous-traitant-pour-faire-voler-avions","status":"publish","type":"nouvelles","link":"https:\/\/reseauquebecoisdesaeroports.ca\/en\/new\/treq-fera-appel-sous-traitant-pour-faire-voler-avions\/","title":{"rendered":"La coop\u00e9rative TREQ fera appel \u00e0 un sous-traitant pour faire voler ses avions"},"content":{"rendered":"<p>Un sous-traitant volera au nom de TREQ lors de ses premiers mois d\u2019activit\u00e9s, la coop\u00e9rative ne poss\u00e9dant pas encore ses permis de Transports Canada et de l\u2019Office des transports du Canada. TREQ compte toutefois acheter ses propres avions et embaucher son personnel. Certains analystes demandent plus de transparence de la part des dirigeants de TREQ avant que des municipalit\u00e9s leur fournissent un appui.<\/p>\n","protected":false},"author":1,"featured_media":0,"template":"","class_list":["post-2540","nouvelles","type-nouvelles","status-publish"],"acf":[],"yoast_head":"<!-- This site is optimized with the Yoast SEO plugin v25.8 - https:\/\/yoast.com\/wordpress\/plugins\/seo\/ -->\n<title>La coop\u00e9rative TREQ fera appel \u00e0 un sous-traitant pour faire voler ses avions - R\u00e9seau qu\u00e9b\u00e9cois des a\u00e9roports<\/title>\n<meta name=\"robots\" content=\"index, follow, max-snippet:-1, max-image-preview:large, max-video-preview:-1\" \/>\n<link rel=\"canonical\" href=\"https:\/\/reseauquebecoisdesaeroports.ca\/new\/treq-fera-appel-sous-traitant-pour-faire-voler-avions\/\" \/>\n<meta property=\"og:locale\" content=\"en_US\" \/>\n<meta property=\"og:type\" content=\"article\" \/>\n<meta property=\"og:title\" content=\"La coop\u00e9rative TREQ fera appel \u00e0 un sous-traitant pour faire voler ses avions - R\u00e9seau qu\u00e9b\u00e9cois des a\u00e9roports\" \/>\n<meta property=\"og:description\" content=\"Un sous-traitant volera au nom de TREQ lors de ses premiers mois d\u2019activit\u00e9s, la coop\u00e9rative ne poss\u00e9dant pas encore ses permis de Transports Canada et de l\u2019Office des transports du Canada. TREQ compte toutefois acheter ses propres avions et embaucher son personnel. Certains analystes demandent plus de transparence de la...\" \/>\n<meta property=\"og:url\" content=\"https:\/\/reseauquebecoisdesaeroports.ca\/new\/treq-fera-appel-sous-traitant-pour-faire-voler-avions\/\" \/>\n<meta property=\"og:site_name\" content=\"R\u00e9seau qu\u00e9b\u00e9cois des a\u00e9roports\" \/>\n<meta name=\"twitter:card\" content=\"summary_large_image\" \/>\n<script type=\"application\/ld+json\" class=\"yoast-schema-graph\">{\"@context\":\"https:\/\/schema.org\",\"@graph\":[{\"@type\":\"WebPage\",\"@id\":\"https:\/\/reseauquebecoisdesaeroports.ca\/new\/treq-fera-appel-sous-traitant-pour-faire-voler-avions\/\",\"url\":\"https:\/\/reseauquebecoisdesaeroports.ca\/new\/treq-fera-appel-sous-traitant-pour-faire-voler-avions\/\",\"name\":\"La coop\u00e9rative TREQ fera appel \u00e0 un sous-traitant pour faire voler ses avions - R\u00e9seau qu\u00e9b\u00e9cois des a\u00e9roports\",\"isPartOf\":{\"@id\":\"https:\/\/reseauquebecoisdesaeroports.ca\/#website\"},\"datePublished\":\"2021-02-17T20:00:10+00:00\",\"breadcrumb\":{\"@id\":\"https:\/\/reseauquebecoisdesaeroports.ca\/new\/treq-fera-appel-sous-traitant-pour-faire-voler-avions\/#breadcrumb\"},\"inLanguage\":\"en-CA\",\"potentialAction\":[{\"@type\":\"ReadAction\",\"target\":[\"https:\/\/reseauquebecoisdesaeroports.ca\/new\/treq-fera-appel-sous-traitant-pour-faire-voler-avions\/\"]}]},{\"@type\":\"BreadcrumbList\",\"@id\":\"https:\/\/reseauquebecoisdesaeroports.ca\/new\/treq-fera-appel-sous-traitant-pour-faire-voler-avions\/#breadcrumb\",\"itemListElement\":[{\"@type\":\"ListItem\",\"position\":1,\"name\":\"Accueil\",\"item\":\"https:\/\/reseauquebecoisdesaeroports.ca\/\"},{\"@type\":\"ListItem\",\"position\":2,\"name\":\"La coop\u00e9rative TREQ fera appel \u00e0 un sous-traitant pour faire voler ses avions\"}]},{\"@type\":\"WebSite\",\"@id\":\"https:\/\/reseauquebecoisdesaeroports.ca\/#website\",\"url\":\"https:\/\/reseauquebecoisdesaeroports.ca\/\",\"name\":\"R\u00e9seau qu\u00e9b\u00e9cois des a\u00e9roports\",\"description\":\"\",\"potentialAction\":[{\"@type\":\"SearchAction\",\"target\":{\"@type\":\"EntryPoint\",\"urlTemplate\":\"https:\/\/reseauquebecoisdesaeroports.ca\/?s={search_term_string}\"},\"query-input\":{\"@type\":\"PropertyValueSpecification\",\"valueRequired\":true,\"valueName\":\"search_term_string\"}}],\"inLanguage\":\"en-CA\"}]}<\/script>\n<!-- \/ Yoast SEO plugin. -->","yoast_head_json":{"title":"La coop\u00e9rative TREQ fera appel \u00e0 un sous-traitant pour faire voler ses avions - R\u00e9seau qu\u00e9b\u00e9cois des a\u00e9roports","robots":{"index":"index","follow":"follow","max-snippet":"max-snippet:-1","max-image-preview":"max-image-preview:large","max-video-preview":"max-video-preview:-1"},"canonical":"https:\/\/reseauquebecoisdesaeroports.ca\/new\/treq-fera-appel-sous-traitant-pour-faire-voler-avions\/","og_locale":"en_US","og_type":"article","og_title":"La coop\u00e9rative TREQ fera appel \u00e0 un sous-traitant pour faire voler ses avions - R\u00e9seau qu\u00e9b\u00e9cois des a\u00e9roports","og_description":"Un sous-traitant volera au nom de TREQ lors de ses premiers mois d\u2019activit\u00e9s, la coop\u00e9rative ne poss\u00e9dant pas encore ses permis de Transports Canada et de l\u2019Office des transports du Canada. TREQ compte toutefois acheter ses propres avions et embaucher son personnel. Certains analystes demandent plus de transparence de la...","og_url":"https:\/\/reseauquebecoisdesaeroports.ca\/new\/treq-fera-appel-sous-traitant-pour-faire-voler-avions\/","og_site_name":"R\u00e9seau qu\u00e9b\u00e9cois des a\u00e9roports","twitter_card":"summary_large_image","schema":{"@context":"https:\/\/schema.org","@graph":[{"@type":"WebPage","@id":"https:\/\/reseauquebecoisdesaeroports.ca\/new\/treq-fera-appel-sous-traitant-pour-faire-voler-avions\/","url":"https:\/\/reseauquebecoisdesaeroports.ca\/new\/treq-fera-appel-sous-traitant-pour-faire-voler-avions\/","name":"La coop\u00e9rative TREQ fera appel \u00e0 un sous-traitant pour faire voler ses avions - R\u00e9seau qu\u00e9b\u00e9cois des a\u00e9roports","isPartOf":{"@id":"https:\/\/reseauquebecoisdesaeroports.ca\/#website"},"datePublished":"2021-02-17T20:00:10+00:00","breadcrumb":{"@id":"https:\/\/reseauquebecoisdesaeroports.ca\/new\/treq-fera-appel-sous-traitant-pour-faire-voler-avions\/#breadcrumb"},"inLanguage":"en-CA","potentialAction":[{"@type":"ReadAction","target":["https:\/\/reseauquebecoisdesaeroports.ca\/new\/treq-fera-appel-sous-traitant-pour-faire-voler-avions\/"]}]},{"@type":"BreadcrumbList","@id":"https:\/\/reseauquebecoisdesaeroports.ca\/new\/treq-fera-appel-sous-traitant-pour-faire-voler-avions\/#breadcrumb","itemListElement":[{"@type":"ListItem","position":1,"name":"Accueil","item":"https:\/\/reseauquebecoisdesaeroports.ca\/"},{"@type":"ListItem","position":2,"name":"La coop\u00e9rative TREQ fera appel \u00e0 un sous-traitant pour faire voler ses avions"}]},{"@type":"WebSite","@id":"https:\/\/reseauquebecoisdesaeroports.ca\/#website","url":"https:\/\/reseauquebecoisdesaeroports.ca\/","name":"R\u00e9seau qu\u00e9b\u00e9cois des a\u00e9roports","description":"","potentialAction":[{"@type":"SearchAction","target":{"@type":"EntryPoint","urlTemplate":"https:\/\/reseauquebecoisdesaeroports.ca\/?s={search_term_string}"},"query-input":{"@type":"PropertyValueSpecification","valueRequired":true,"valueName":"search_term_string"}}],"inLanguage":"en-CA"}]}},"_links":{"self":[{"href":"https:\/\/reseauquebecoisdesaeroports.ca\/en\/wp-json\/wp\/v2\/nouvelles\/2540","targetHints":{"allow":["GET"]}}],"collection":[{"href":"https:\/\/reseauquebecoisdesaeroports.ca\/en\/wp-json\/wp\/v2\/nouvelles"}],"about":[{"href":"https:\/\/reseauquebecoisdesaeroports.ca\/en\/wp-json\/wp\/v2\/types\/nouvelles"}],"author":[{"embeddable":true,"href":"https:\/\/reseauquebecoisdesaeroports.ca\/en\/wp-json\/wp\/v2\/users\/1"}],"wp:attachment":[{"href":"https:\/\/reseauquebecoisdesaeroports.ca\/en\/wp-json\/wp\/v2\/media?parent=2540"}],"curies":[{"name":"wp","href":"https:\/\/api.w.org\/{rel}","templated":true}]}}