{"id":2542,"date":"2021-02-17T20:02:00","date_gmt":"2021-02-17T20:02:00","guid":{"rendered":"https:\/\/reseauquebecoisdesaeroports.ca\/new\/treq-mise-gros-capitale-nationale\/"},"modified":"2021-02-17T20:02:00","modified_gmt":"2021-02-17T20:02:00","slug":"treq-mise-gros-capitale-nationale","status":"publish","type":"nouvelles","link":"https:\/\/reseauquebecoisdesaeroports.ca\/en\/new\/treq-mise-gros-capitale-nationale\/","title":{"rendered":"TREQ mise gros sur la Capitale-Nationale"},"content":{"rendered":"<p>La Capitale-Nationale fait partie int\u00e9grante de la strat\u00e9gie de d\u00e9veloppement de la coop\u00e9rative TREQ. L\u2019a\u00e9roport de Qu\u00e9bec deviendrait une des plaques tournantes de son r\u00e9seau (avec Montr\u00e9al) et on souhaiterait en faire le hub pour l\u2019Est du Qu\u00e9bec.<\/p>\n","protected":false},"author":1,"featured_media":0,"template":"","class_list":["post-2542","nouvelles","type-nouvelles","status-publish"],"acf":[],"yoast_head":"<!-- This site is optimized with the Yoast SEO plugin v25.8 - https:\/\/yoast.com\/wordpress\/plugins\/seo\/ -->\n<title>TREQ mise gros sur la Capitale-Nationale - R\u00e9seau qu\u00e9b\u00e9cois des a\u00e9roports<\/title>\n<meta name=\"robots\" content=\"index, follow, max-snippet:-1, max-image-preview:large, max-video-preview:-1\" \/>\n<link rel=\"canonical\" href=\"https:\/\/reseauquebecoisdesaeroports.ca\/new\/treq-mise-gros-capitale-nationale\/\" \/>\n<meta property=\"og:locale\" content=\"en_US\" \/>\n<meta property=\"og:type\" content=\"article\" \/>\n<meta property=\"og:title\" content=\"TREQ mise gros sur la Capitale-Nationale - R\u00e9seau qu\u00e9b\u00e9cois des a\u00e9roports\" \/>\n<meta property=\"og:description\" content=\"La Capitale-Nationale fait partie int\u00e9grante de la strat\u00e9gie de d\u00e9veloppement de la coop\u00e9rative TREQ. L\u2019a\u00e9roport de Qu\u00e9bec deviendrait une des plaques tournantes de son r\u00e9seau (avec Montr\u00e9al) et on souhaiterait en faire le hub pour l\u2019Est du Qu\u00e9bec.\" \/>\n<meta property=\"og:url\" content=\"https:\/\/reseauquebecoisdesaeroports.ca\/new\/treq-mise-gros-capitale-nationale\/\" \/>\n<meta property=\"og:site_name\" content=\"R\u00e9seau qu\u00e9b\u00e9cois des a\u00e9roports\" \/>\n<meta name=\"twitter:card\" content=\"summary_large_image\" \/>\n<script type=\"application\/ld+json\" class=\"yoast-schema-graph\">{\"@context\":\"https:\/\/schema.org\",\"@graph\":[{\"@type\":\"WebPage\",\"@id\":\"https:\/\/reseauquebecoisdesaeroports.ca\/new\/treq-mise-gros-capitale-nationale\/\",\"url\":\"https:\/\/reseauquebecoisdesaeroports.ca\/new\/treq-mise-gros-capitale-nationale\/\",\"name\":\"TREQ mise gros sur la Capitale-Nationale - R\u00e9seau qu\u00e9b\u00e9cois des a\u00e9roports\",\"isPartOf\":{\"@id\":\"https:\/\/reseauquebecoisdesaeroports.ca\/#website\"},\"datePublished\":\"2021-02-17T20:02:00+00:00\",\"breadcrumb\":{\"@id\":\"https:\/\/reseauquebecoisdesaeroports.ca\/new\/treq-mise-gros-capitale-nationale\/#breadcrumb\"},\"inLanguage\":\"en-CA\",\"potentialAction\":[{\"@type\":\"ReadAction\",\"target\":[\"https:\/\/reseauquebecoisdesaeroports.ca\/new\/treq-mise-gros-capitale-nationale\/\"]}]},{\"@type\":\"BreadcrumbList\",\"@id\":\"https:\/\/reseauquebecoisdesaeroports.ca\/new\/treq-mise-gros-capitale-nationale\/#breadcrumb\",\"itemListElement\":[{\"@type\":\"ListItem\",\"position\":1,\"name\":\"Accueil\",\"item\":\"https:\/\/reseauquebecoisdesaeroports.ca\/\"},{\"@type\":\"ListItem\",\"position\":2,\"name\":\"TREQ mise gros sur la Capitale-Nationale\"}]},{\"@type\":\"WebSite\",\"@id\":\"https:\/\/reseauquebecoisdesaeroports.ca\/#website\",\"url\":\"https:\/\/reseauquebecoisdesaeroports.ca\/\",\"name\":\"R\u00e9seau qu\u00e9b\u00e9cois des a\u00e9roports\",\"description\":\"\",\"potentialAction\":[{\"@type\":\"SearchAction\",\"target\":{\"@type\":\"EntryPoint\",\"urlTemplate\":\"https:\/\/reseauquebecoisdesaeroports.ca\/?s={search_term_string}\"},\"query-input\":{\"@type\":\"PropertyValueSpecification\",\"valueRequired\":true,\"valueName\":\"search_term_string\"}}],\"inLanguage\":\"en-CA\"}]}<\/script>\n<!-- \/ Yoast SEO plugin. -->","yoast_head_json":{"title":"TREQ mise gros sur la Capitale-Nationale - R\u00e9seau qu\u00e9b\u00e9cois des a\u00e9roports","robots":{"index":"index","follow":"follow","max-snippet":"max-snippet:-1","max-image-preview":"max-image-preview:large","max-video-preview":"max-video-preview:-1"},"canonical":"https:\/\/reseauquebecoisdesaeroports.ca\/new\/treq-mise-gros-capitale-nationale\/","og_locale":"en_US","og_type":"article","og_title":"TREQ mise gros sur la Capitale-Nationale - R\u00e9seau qu\u00e9b\u00e9cois des a\u00e9roports","og_description":"La Capitale-Nationale fait partie int\u00e9grante de la strat\u00e9gie de d\u00e9veloppement de la coop\u00e9rative TREQ. L\u2019a\u00e9roport de Qu\u00e9bec deviendrait une des plaques tournantes de son r\u00e9seau (avec Montr\u00e9al) et on souhaiterait en faire le hub pour l\u2019Est du Qu\u00e9bec.","og_url":"https:\/\/reseauquebecoisdesaeroports.ca\/new\/treq-mise-gros-capitale-nationale\/","og_site_name":"R\u00e9seau qu\u00e9b\u00e9cois des a\u00e9roports","twitter_card":"summary_large_image","schema":{"@context":"https:\/\/schema.org","@graph":[{"@type":"WebPage","@id":"https:\/\/reseauquebecoisdesaeroports.ca\/new\/treq-mise-gros-capitale-nationale\/","url":"https:\/\/reseauquebecoisdesaeroports.ca\/new\/treq-mise-gros-capitale-nationale\/","name":"TREQ mise gros sur la Capitale-Nationale - R\u00e9seau qu\u00e9b\u00e9cois des a\u00e9roports","isPartOf":{"@id":"https:\/\/reseauquebecoisdesaeroports.ca\/#website"},"datePublished":"2021-02-17T20:02:00+00:00","breadcrumb":{"@id":"https:\/\/reseauquebecoisdesaeroports.ca\/new\/treq-mise-gros-capitale-nationale\/#breadcrumb"},"inLanguage":"en-CA","potentialAction":[{"@type":"ReadAction","target":["https:\/\/reseauquebecoisdesaeroports.ca\/new\/treq-mise-gros-capitale-nationale\/"]}]},{"@type":"BreadcrumbList","@id":"https:\/\/reseauquebecoisdesaeroports.ca\/new\/treq-mise-gros-capitale-nationale\/#breadcrumb","itemListElement":[{"@type":"ListItem","position":1,"name":"Accueil","item":"https:\/\/reseauquebecoisdesaeroports.ca\/"},{"@type":"ListItem","position":2,"name":"TREQ mise gros sur la Capitale-Nationale"}]},{"@type":"WebSite","@id":"https:\/\/reseauquebecoisdesaeroports.ca\/#website","url":"https:\/\/reseauquebecoisdesaeroports.ca\/","name":"R\u00e9seau qu\u00e9b\u00e9cois des a\u00e9roports","description":"","potentialAction":[{"@type":"SearchAction","target":{"@type":"EntryPoint","urlTemplate":"https:\/\/reseauquebecoisdesaeroports.ca\/?s={search_term_string}"},"query-input":{"@type":"PropertyValueSpecification","valueRequired":true,"valueName":"search_term_string"}}],"inLanguage":"en-CA"}]}},"_links":{"self":[{"href":"https:\/\/reseauquebecoisdesaeroports.ca\/en\/wp-json\/wp\/v2\/nouvelles\/2542","targetHints":{"allow":["GET"]}}],"collection":[{"href":"https:\/\/reseauquebecoisdesaeroports.ca\/en\/wp-json\/wp\/v2\/nouvelles"}],"about":[{"href":"https:\/\/reseauquebecoisdesaeroports.ca\/en\/wp-json\/wp\/v2\/types\/nouvelles"}],"author":[{"embeddable":true,"href":"https:\/\/reseauquebecoisdesaeroports.ca\/en\/wp-json\/wp\/v2\/users\/1"}],"wp:attachment":[{"href":"https:\/\/reseauquebecoisdesaeroports.ca\/en\/wp-json\/wp\/v2\/media?parent=2542"}],"curies":[{"name":"wp","href":"https:\/\/api.w.org\/{rel}","templated":true}]}}