{"id":2544,"date":"2021-02-17T20:04:00","date_gmt":"2021-02-17T20:04:18","guid":{"rendered":"https:\/\/reseauquebecoisdesaeroports.ca\/new\/covid-19-inquiete-travailleurs-etrangers-temporaires\/"},"modified":"2021-02-17T20:04:00","modified_gmt":"2021-02-17T20:04:18","slug":"covid-19-inquiete-travailleurs-etrangers-temporaires","status":"publish","type":"nouvelles","link":"https:\/\/reseauquebecoisdesaeroports.ca\/en\/new\/covid-19-inquiete-travailleurs-etrangers-temporaires\/","title":{"rendered":"La COVID-19 inqui\u00e8te des travailleurs \u00e9trangers temporaires, disent des intervenants"},"content":{"rendered":"<p>\u00c0 quelques mois du d\u00e9but des travaux agricoles, l\u2019arriv\u00e9e de travailleurs \u00e9trangers soul\u00e8ve des pr\u00e9occupations. Ceux-ci ne sont pas soumis aux restrictions de voyage mais doivent faire une quarantaine de 14 jours et subir un test de d\u00e9pistage \u00e0 leurs frais. Des intervenants sp\u00e9cialis\u00e9s d\u00e9sirent attirer l\u2019attention sur les enjeux de sant\u00e9 et l\u2019impact financier de la COVID\u201119 pour ces travailleurs.<\/p>\n","protected":false},"author":1,"featured_media":0,"template":"","class_list":["post-2544","nouvelles","type-nouvelles","status-publish"],"acf":[],"yoast_head":"<!-- This site is optimized with the Yoast SEO plugin v25.8 - https:\/\/yoast.com\/wordpress\/plugins\/seo\/ -->\n<title>La COVID-19 inqui\u00e8te des travailleurs \u00e9trangers temporaires, disent des intervenants - R\u00e9seau qu\u00e9b\u00e9cois des a\u00e9roports<\/title>\n<meta name=\"robots\" content=\"index, follow, max-snippet:-1, max-image-preview:large, max-video-preview:-1\" \/>\n<link rel=\"canonical\" href=\"https:\/\/reseauquebecoisdesaeroports.ca\/new\/covid-19-inquiete-travailleurs-etrangers-temporaires\/\" \/>\n<meta property=\"og:locale\" content=\"en_US\" \/>\n<meta property=\"og:type\" content=\"article\" \/>\n<meta property=\"og:title\" content=\"La COVID-19 inqui\u00e8te des travailleurs \u00e9trangers temporaires, disent des intervenants - R\u00e9seau qu\u00e9b\u00e9cois des a\u00e9roports\" \/>\n<meta property=\"og:description\" content=\"\u00c0 quelques mois du d\u00e9but des travaux agricoles, l\u2019arriv\u00e9e de travailleurs \u00e9trangers soul\u00e8ve des pr\u00e9occupations. Ceux-ci ne sont pas soumis aux restrictions de voyage mais doivent faire une quarantaine de 14 jours et subir un test de d\u00e9pistage \u00e0 leurs frais. Des intervenants sp\u00e9cialis\u00e9s d\u00e9sirent attirer l\u2019attention sur les enjeux...\" \/>\n<meta property=\"og:url\" content=\"https:\/\/reseauquebecoisdesaeroports.ca\/new\/covid-19-inquiete-travailleurs-etrangers-temporaires\/\" \/>\n<meta property=\"og:site_name\" content=\"R\u00e9seau qu\u00e9b\u00e9cois des a\u00e9roports\" \/>\n<meta name=\"twitter:card\" content=\"summary_large_image\" \/>\n<script type=\"application\/ld+json\" class=\"yoast-schema-graph\">{\"@context\":\"https:\/\/schema.org\",\"@graph\":[{\"@type\":\"WebPage\",\"@id\":\"https:\/\/reseauquebecoisdesaeroports.ca\/new\/covid-19-inquiete-travailleurs-etrangers-temporaires\/\",\"url\":\"https:\/\/reseauquebecoisdesaeroports.ca\/new\/covid-19-inquiete-travailleurs-etrangers-temporaires\/\",\"name\":\"La COVID-19 inqui\u00e8te des travailleurs \u00e9trangers temporaires, disent des intervenants - R\u00e9seau qu\u00e9b\u00e9cois des a\u00e9roports\",\"isPartOf\":{\"@id\":\"https:\/\/reseauquebecoisdesaeroports.ca\/#website\"},\"datePublished\":\"2021-02-17T20:04:18+00:00\",\"breadcrumb\":{\"@id\":\"https:\/\/reseauquebecoisdesaeroports.ca\/new\/covid-19-inquiete-travailleurs-etrangers-temporaires\/#breadcrumb\"},\"inLanguage\":\"en-CA\",\"potentialAction\":[{\"@type\":\"ReadAction\",\"target\":[\"https:\/\/reseauquebecoisdesaeroports.ca\/new\/covid-19-inquiete-travailleurs-etrangers-temporaires\/\"]}]},{\"@type\":\"BreadcrumbList\",\"@id\":\"https:\/\/reseauquebecoisdesaeroports.ca\/new\/covid-19-inquiete-travailleurs-etrangers-temporaires\/#breadcrumb\",\"itemListElement\":[{\"@type\":\"ListItem\",\"position\":1,\"name\":\"Accueil\",\"item\":\"https:\/\/reseauquebecoisdesaeroports.ca\/\"},{\"@type\":\"ListItem\",\"position\":2,\"name\":\"La COVID-19 inqui\u00e8te des travailleurs \u00e9trangers temporaires, disent des intervenants\"}]},{\"@type\":\"WebSite\",\"@id\":\"https:\/\/reseauquebecoisdesaeroports.ca\/#website\",\"url\":\"https:\/\/reseauquebecoisdesaeroports.ca\/\",\"name\":\"R\u00e9seau qu\u00e9b\u00e9cois des a\u00e9roports\",\"description\":\"\",\"potentialAction\":[{\"@type\":\"SearchAction\",\"target\":{\"@type\":\"EntryPoint\",\"urlTemplate\":\"https:\/\/reseauquebecoisdesaeroports.ca\/?s={search_term_string}\"},\"query-input\":{\"@type\":\"PropertyValueSpecification\",\"valueRequired\":true,\"valueName\":\"search_term_string\"}}],\"inLanguage\":\"en-CA\"}]}<\/script>\n<!-- \/ Yoast SEO plugin. -->","yoast_head_json":{"title":"La COVID-19 inqui\u00e8te des travailleurs \u00e9trangers temporaires, disent des intervenants - R\u00e9seau qu\u00e9b\u00e9cois des a\u00e9roports","robots":{"index":"index","follow":"follow","max-snippet":"max-snippet:-1","max-image-preview":"max-image-preview:large","max-video-preview":"max-video-preview:-1"},"canonical":"https:\/\/reseauquebecoisdesaeroports.ca\/new\/covid-19-inquiete-travailleurs-etrangers-temporaires\/","og_locale":"en_US","og_type":"article","og_title":"La COVID-19 inqui\u00e8te des travailleurs \u00e9trangers temporaires, disent des intervenants - R\u00e9seau qu\u00e9b\u00e9cois des a\u00e9roports","og_description":"\u00c0 quelques mois du d\u00e9but des travaux agricoles, l\u2019arriv\u00e9e de travailleurs \u00e9trangers soul\u00e8ve des pr\u00e9occupations. Ceux-ci ne sont pas soumis aux restrictions de voyage mais doivent faire une quarantaine de 14 jours et subir un test de d\u00e9pistage \u00e0 leurs frais. Des intervenants sp\u00e9cialis\u00e9s d\u00e9sirent attirer l\u2019attention sur les enjeux...","og_url":"https:\/\/reseauquebecoisdesaeroports.ca\/new\/covid-19-inquiete-travailleurs-etrangers-temporaires\/","og_site_name":"R\u00e9seau qu\u00e9b\u00e9cois des a\u00e9roports","twitter_card":"summary_large_image","schema":{"@context":"https:\/\/schema.org","@graph":[{"@type":"WebPage","@id":"https:\/\/reseauquebecoisdesaeroports.ca\/new\/covid-19-inquiete-travailleurs-etrangers-temporaires\/","url":"https:\/\/reseauquebecoisdesaeroports.ca\/new\/covid-19-inquiete-travailleurs-etrangers-temporaires\/","name":"La COVID-19 inqui\u00e8te des travailleurs \u00e9trangers temporaires, disent des intervenants - R\u00e9seau qu\u00e9b\u00e9cois des a\u00e9roports","isPartOf":{"@id":"https:\/\/reseauquebecoisdesaeroports.ca\/#website"},"datePublished":"2021-02-17T20:04:18+00:00","breadcrumb":{"@id":"https:\/\/reseauquebecoisdesaeroports.ca\/new\/covid-19-inquiete-travailleurs-etrangers-temporaires\/#breadcrumb"},"inLanguage":"en-CA","potentialAction":[{"@type":"ReadAction","target":["https:\/\/reseauquebecoisdesaeroports.ca\/new\/covid-19-inquiete-travailleurs-etrangers-temporaires\/"]}]},{"@type":"BreadcrumbList","@id":"https:\/\/reseauquebecoisdesaeroports.ca\/new\/covid-19-inquiete-travailleurs-etrangers-temporaires\/#breadcrumb","itemListElement":[{"@type":"ListItem","position":1,"name":"Accueil","item":"https:\/\/reseauquebecoisdesaeroports.ca\/"},{"@type":"ListItem","position":2,"name":"La COVID-19 inqui\u00e8te des travailleurs \u00e9trangers temporaires, disent des intervenants"}]},{"@type":"WebSite","@id":"https:\/\/reseauquebecoisdesaeroports.ca\/#website","url":"https:\/\/reseauquebecoisdesaeroports.ca\/","name":"R\u00e9seau qu\u00e9b\u00e9cois des a\u00e9roports","description":"","potentialAction":[{"@type":"SearchAction","target":{"@type":"EntryPoint","urlTemplate":"https:\/\/reseauquebecoisdesaeroports.ca\/?s={search_term_string}"},"query-input":{"@type":"PropertyValueSpecification","valueRequired":true,"valueName":"search_term_string"}}],"inLanguage":"en-CA"}]}},"_links":{"self":[{"href":"https:\/\/reseauquebecoisdesaeroports.ca\/en\/wp-json\/wp\/v2\/nouvelles\/2544","targetHints":{"allow":["GET"]}}],"collection":[{"href":"https:\/\/reseauquebecoisdesaeroports.ca\/en\/wp-json\/wp\/v2\/nouvelles"}],"about":[{"href":"https:\/\/reseauquebecoisdesaeroports.ca\/en\/wp-json\/wp\/v2\/types\/nouvelles"}],"author":[{"embeddable":true,"href":"https:\/\/reseauquebecoisdesaeroports.ca\/en\/wp-json\/wp\/v2\/users\/1"}],"wp:attachment":[{"href":"https:\/\/reseauquebecoisdesaeroports.ca\/en\/wp-json\/wp\/v2\/media?parent=2544"}],"curies":[{"name":"wp","href":"https:\/\/api.w.org\/{rel}","templated":true}]}}