{"id":2548,"date":"2021-02-24T20:02:00","date_gmt":"2021-02-24T20:02:00","guid":{"rendered":"https:\/\/reseauquebecoisdesaeroports.ca\/new\/industrie-aerienne-nouveau-transporteur-federal\/"},"modified":"2021-02-24T20:02:00","modified_gmt":"2021-02-24T20:02:00","slug":"industrie-aerienne-nouveau-transporteur-federal","status":"publish","type":"nouvelles","link":"https:\/\/reseauquebecoisdesaeroports.ca\/en\/new\/industrie-aerienne-nouveau-transporteur-federal\/","title":{"rendered":"Industrie a\u00e9rienne : un nouveau transporteur f\u00e9d\u00e9ral, pourquoi pas?"},"content":{"rendered":"<p>Pendant que la transaction d\u2019achat d\u2019Air Transat par Air Canada est toujours \u00e0 l\u2019\u00e9tude devant le bureau de la concurrence europ\u00e9en, l\u2019aide aux transporteurs, aux a\u00e9roports, et \u00e0 l\u2019industrie en g\u00e9n\u00e9ral se fait attendre. La crise a mis en lumi\u00e8re les limites du mod\u00e8le actuel de transport a\u00e9rien au Canada : l\u2019id\u00e9e d\u2019un transporteur national ne semble plus si irr\u00e9aliste. Le gouvernement doit choisir comment aider l\u2019industrie a\u00e9rienne rapidement.<\/p>\n","protected":false},"author":1,"featured_media":0,"template":"","class_list":["post-2548","nouvelles","type-nouvelles","status-publish"],"acf":[],"yoast_head":"<!-- This site is optimized with the Yoast SEO plugin v25.8 - https:\/\/yoast.com\/wordpress\/plugins\/seo\/ -->\n<title>Industrie a\u00e9rienne : un nouveau transporteur f\u00e9d\u00e9ral, pourquoi pas? - R\u00e9seau qu\u00e9b\u00e9cois des a\u00e9roports<\/title>\n<meta name=\"robots\" content=\"index, follow, max-snippet:-1, max-image-preview:large, max-video-preview:-1\" \/>\n<link rel=\"canonical\" href=\"https:\/\/reseauquebecoisdesaeroports.ca\/new\/industrie-aerienne-nouveau-transporteur-federal\/\" \/>\n<meta property=\"og:locale\" content=\"en_US\" \/>\n<meta property=\"og:type\" content=\"article\" \/>\n<meta property=\"og:title\" content=\"Industrie a\u00e9rienne : un nouveau transporteur f\u00e9d\u00e9ral, pourquoi pas? - R\u00e9seau qu\u00e9b\u00e9cois des a\u00e9roports\" \/>\n<meta property=\"og:description\" content=\"Pendant que la transaction d\u2019achat d\u2019Air Transat par Air Canada est toujours \u00e0 l\u2019\u00e9tude devant le bureau de la concurrence europ\u00e9en, l\u2019aide aux transporteurs, aux a\u00e9roports, et \u00e0 l\u2019industrie en g\u00e9n\u00e9ral se fait attendre. La crise a mis en lumi\u00e8re les limites du mod\u00e8le actuel de transport a\u00e9rien au Canada...\" \/>\n<meta property=\"og:url\" content=\"https:\/\/reseauquebecoisdesaeroports.ca\/new\/industrie-aerienne-nouveau-transporteur-federal\/\" \/>\n<meta property=\"og:site_name\" content=\"R\u00e9seau qu\u00e9b\u00e9cois des a\u00e9roports\" \/>\n<meta name=\"twitter:card\" content=\"summary_large_image\" \/>\n<script type=\"application\/ld+json\" class=\"yoast-schema-graph\">{\"@context\":\"https:\/\/schema.org\",\"@graph\":[{\"@type\":\"WebPage\",\"@id\":\"https:\/\/reseauquebecoisdesaeroports.ca\/new\/industrie-aerienne-nouveau-transporteur-federal\/\",\"url\":\"https:\/\/reseauquebecoisdesaeroports.ca\/new\/industrie-aerienne-nouveau-transporteur-federal\/\",\"name\":\"Industrie a\u00e9rienne : un nouveau transporteur f\u00e9d\u00e9ral, pourquoi pas? - R\u00e9seau qu\u00e9b\u00e9cois des a\u00e9roports\",\"isPartOf\":{\"@id\":\"https:\/\/reseauquebecoisdesaeroports.ca\/#website\"},\"datePublished\":\"2021-02-24T20:02:00+00:00\",\"breadcrumb\":{\"@id\":\"https:\/\/reseauquebecoisdesaeroports.ca\/new\/industrie-aerienne-nouveau-transporteur-federal\/#breadcrumb\"},\"inLanguage\":\"en-CA\",\"potentialAction\":[{\"@type\":\"ReadAction\",\"target\":[\"https:\/\/reseauquebecoisdesaeroports.ca\/new\/industrie-aerienne-nouveau-transporteur-federal\/\"]}]},{\"@type\":\"BreadcrumbList\",\"@id\":\"https:\/\/reseauquebecoisdesaeroports.ca\/new\/industrie-aerienne-nouveau-transporteur-federal\/#breadcrumb\",\"itemListElement\":[{\"@type\":\"ListItem\",\"position\":1,\"name\":\"Accueil\",\"item\":\"https:\/\/reseauquebecoisdesaeroports.ca\/\"},{\"@type\":\"ListItem\",\"position\":2,\"name\":\"Industrie a\u00e9rienne : un nouveau transporteur f\u00e9d\u00e9ral, pourquoi pas?\"}]},{\"@type\":\"WebSite\",\"@id\":\"https:\/\/reseauquebecoisdesaeroports.ca\/#website\",\"url\":\"https:\/\/reseauquebecoisdesaeroports.ca\/\",\"name\":\"R\u00e9seau qu\u00e9b\u00e9cois des a\u00e9roports\",\"description\":\"\",\"potentialAction\":[{\"@type\":\"SearchAction\",\"target\":{\"@type\":\"EntryPoint\",\"urlTemplate\":\"https:\/\/reseauquebecoisdesaeroports.ca\/?s={search_term_string}\"},\"query-input\":{\"@type\":\"PropertyValueSpecification\",\"valueRequired\":true,\"valueName\":\"search_term_string\"}}],\"inLanguage\":\"en-CA\"}]}<\/script>\n<!-- \/ Yoast SEO plugin. -->","yoast_head_json":{"title":"Industrie a\u00e9rienne : un nouveau transporteur f\u00e9d\u00e9ral, pourquoi pas? - R\u00e9seau qu\u00e9b\u00e9cois des a\u00e9roports","robots":{"index":"index","follow":"follow","max-snippet":"max-snippet:-1","max-image-preview":"max-image-preview:large","max-video-preview":"max-video-preview:-1"},"canonical":"https:\/\/reseauquebecoisdesaeroports.ca\/new\/industrie-aerienne-nouveau-transporteur-federal\/","og_locale":"en_US","og_type":"article","og_title":"Industrie a\u00e9rienne : un nouveau transporteur f\u00e9d\u00e9ral, pourquoi pas? - R\u00e9seau qu\u00e9b\u00e9cois des a\u00e9roports","og_description":"Pendant que la transaction d\u2019achat d\u2019Air Transat par Air Canada est toujours \u00e0 l\u2019\u00e9tude devant le bureau de la concurrence europ\u00e9en, l\u2019aide aux transporteurs, aux a\u00e9roports, et \u00e0 l\u2019industrie en g\u00e9n\u00e9ral se fait attendre. La crise a mis en lumi\u00e8re les limites du mod\u00e8le actuel de transport a\u00e9rien au Canada...","og_url":"https:\/\/reseauquebecoisdesaeroports.ca\/new\/industrie-aerienne-nouveau-transporteur-federal\/","og_site_name":"R\u00e9seau qu\u00e9b\u00e9cois des a\u00e9roports","twitter_card":"summary_large_image","schema":{"@context":"https:\/\/schema.org","@graph":[{"@type":"WebPage","@id":"https:\/\/reseauquebecoisdesaeroports.ca\/new\/industrie-aerienne-nouveau-transporteur-federal\/","url":"https:\/\/reseauquebecoisdesaeroports.ca\/new\/industrie-aerienne-nouveau-transporteur-federal\/","name":"Industrie a\u00e9rienne : un nouveau transporteur f\u00e9d\u00e9ral, pourquoi pas? - R\u00e9seau qu\u00e9b\u00e9cois des a\u00e9roports","isPartOf":{"@id":"https:\/\/reseauquebecoisdesaeroports.ca\/#website"},"datePublished":"2021-02-24T20:02:00+00:00","breadcrumb":{"@id":"https:\/\/reseauquebecoisdesaeroports.ca\/new\/industrie-aerienne-nouveau-transporteur-federal\/#breadcrumb"},"inLanguage":"en-CA","potentialAction":[{"@type":"ReadAction","target":["https:\/\/reseauquebecoisdesaeroports.ca\/new\/industrie-aerienne-nouveau-transporteur-federal\/"]}]},{"@type":"BreadcrumbList","@id":"https:\/\/reseauquebecoisdesaeroports.ca\/new\/industrie-aerienne-nouveau-transporteur-federal\/#breadcrumb","itemListElement":[{"@type":"ListItem","position":1,"name":"Accueil","item":"https:\/\/reseauquebecoisdesaeroports.ca\/"},{"@type":"ListItem","position":2,"name":"Industrie a\u00e9rienne : un nouveau transporteur f\u00e9d\u00e9ral, pourquoi pas?"}]},{"@type":"WebSite","@id":"https:\/\/reseauquebecoisdesaeroports.ca\/#website","url":"https:\/\/reseauquebecoisdesaeroports.ca\/","name":"R\u00e9seau qu\u00e9b\u00e9cois des a\u00e9roports","description":"","potentialAction":[{"@type":"SearchAction","target":{"@type":"EntryPoint","urlTemplate":"https:\/\/reseauquebecoisdesaeroports.ca\/?s={search_term_string}"},"query-input":{"@type":"PropertyValueSpecification","valueRequired":true,"valueName":"search_term_string"}}],"inLanguage":"en-CA"}]}},"_links":{"self":[{"href":"https:\/\/reseauquebecoisdesaeroports.ca\/en\/wp-json\/wp\/v2\/nouvelles\/2548","targetHints":{"allow":["GET"]}}],"collection":[{"href":"https:\/\/reseauquebecoisdesaeroports.ca\/en\/wp-json\/wp\/v2\/nouvelles"}],"about":[{"href":"https:\/\/reseauquebecoisdesaeroports.ca\/en\/wp-json\/wp\/v2\/types\/nouvelles"}],"author":[{"embeddable":true,"href":"https:\/\/reseauquebecoisdesaeroports.ca\/en\/wp-json\/wp\/v2\/users\/1"}],"wp:attachment":[{"href":"https:\/\/reseauquebecoisdesaeroports.ca\/en\/wp-json\/wp\/v2\/media?parent=2548"}],"curies":[{"name":"wp","href":"https:\/\/api.w.org\/{rel}","templated":true}]}}