{"id":2551,"date":"2021-03-03T20:00:00","date_gmt":"2021-03-03T20:00:00","guid":{"rendered":"https:\/\/reseauquebecoisdesaeroports.ca\/new\/air-canada-revise-contrat-achat-capacite-chorus-aviation\/"},"modified":"2021-03-03T20:00:00","modified_gmt":"2021-03-03T20:00:00","slug":"air-canada-revise-contrat-achat-capacite-chorus-aviation","status":"publish","type":"nouvelles","link":"https:\/\/reseauquebecoisdesaeroports.ca\/en\/new\/air-canada-revise-contrat-achat-capacite-chorus-aviation\/","title":{"rendered":"Air Canada r\u00e9vise les modalit\u00e9s du contrat d\u2019achat de capacit\u00e9 conclu avec Chorus Aviation pour ses activit\u00e9s a\u00e9riennes r\u00e9gionales"},"content":{"rendered":"<p>Dans le cadre du contrat modifi\u00e9, Air Canada d\u00e9l\u00e8gue \u00e0 Jazz l\u2019exploitation de sa flotte d\u2019appareils E175 d\u2019Embraer. Air Canada regroupe donc ses services a\u00e9riens r\u00e9gionaux, dont Jazz sera maintenant l\u2019unique fournisseur. Les modifications au contrat d\u2019achat de capacit\u00e9 et le regroupement des services pourraient r\u00e9duire les co\u00fbts de 400 M$ pendant les 15 ans du contrat.<\/p>\n","protected":false},"author":1,"featured_media":0,"template":"","class_list":["post-2551","nouvelles","type-nouvelles","status-publish"],"acf":[],"yoast_head":"<!-- This site is optimized with the Yoast SEO plugin v25.8 - https:\/\/yoast.com\/wordpress\/plugins\/seo\/ -->\n<title>Air Canada r\u00e9vise les modalit\u00e9s du contrat d\u2019achat de capacit\u00e9 conclu avec Chorus Aviation pour ses activit\u00e9s a\u00e9riennes r\u00e9gionales - R\u00e9seau qu\u00e9b\u00e9cois des a\u00e9roports<\/title>\n<meta name=\"robots\" content=\"index, follow, max-snippet:-1, max-image-preview:large, max-video-preview:-1\" \/>\n<link rel=\"canonical\" href=\"https:\/\/reseauquebecoisdesaeroports.ca\/new\/air-canada-revise-contrat-achat-capacite-chorus-aviation\/\" \/>\n<meta property=\"og:locale\" content=\"en_US\" \/>\n<meta property=\"og:type\" content=\"article\" \/>\n<meta property=\"og:title\" content=\"Air Canada r\u00e9vise les modalit\u00e9s du contrat d\u2019achat de capacit\u00e9 conclu avec Chorus Aviation pour ses activit\u00e9s a\u00e9riennes r\u00e9gionales - R\u00e9seau qu\u00e9b\u00e9cois des a\u00e9roports\" \/>\n<meta property=\"og:description\" content=\"Dans le cadre du contrat modifi\u00e9, Air Canada d\u00e9l\u00e8gue \u00e0 Jazz l\u2019exploitation de sa flotte d\u2019appareils E175 d\u2019Embraer. Air Canada regroupe donc ses services a\u00e9riens r\u00e9gionaux, dont Jazz sera maintenant l\u2019unique fournisseur. Les modifications au contrat d\u2019achat de capacit\u00e9 et le regroupement des services pourraient r\u00e9duire les co\u00fbts de 400...\" \/>\n<meta property=\"og:url\" content=\"https:\/\/reseauquebecoisdesaeroports.ca\/new\/air-canada-revise-contrat-achat-capacite-chorus-aviation\/\" \/>\n<meta property=\"og:site_name\" content=\"R\u00e9seau qu\u00e9b\u00e9cois des a\u00e9roports\" \/>\n<meta name=\"twitter:card\" content=\"summary_large_image\" \/>\n<script type=\"application\/ld+json\" class=\"yoast-schema-graph\">{\"@context\":\"https:\/\/schema.org\",\"@graph\":[{\"@type\":\"WebPage\",\"@id\":\"https:\/\/reseauquebecoisdesaeroports.ca\/new\/air-canada-revise-contrat-achat-capacite-chorus-aviation\/\",\"url\":\"https:\/\/reseauquebecoisdesaeroports.ca\/new\/air-canada-revise-contrat-achat-capacite-chorus-aviation\/\",\"name\":\"Air Canada r\u00e9vise les modalit\u00e9s du contrat d\u2019achat de capacit\u00e9 conclu avec Chorus Aviation pour ses activit\u00e9s a\u00e9riennes r\u00e9gionales - R\u00e9seau qu\u00e9b\u00e9cois des a\u00e9roports\",\"isPartOf\":{\"@id\":\"https:\/\/reseauquebecoisdesaeroports.ca\/#website\"},\"datePublished\":\"2021-03-03T20:00:00+00:00\",\"breadcrumb\":{\"@id\":\"https:\/\/reseauquebecoisdesaeroports.ca\/new\/air-canada-revise-contrat-achat-capacite-chorus-aviation\/#breadcrumb\"},\"inLanguage\":\"en-CA\",\"potentialAction\":[{\"@type\":\"ReadAction\",\"target\":[\"https:\/\/reseauquebecoisdesaeroports.ca\/new\/air-canada-revise-contrat-achat-capacite-chorus-aviation\/\"]}]},{\"@type\":\"BreadcrumbList\",\"@id\":\"https:\/\/reseauquebecoisdesaeroports.ca\/new\/air-canada-revise-contrat-achat-capacite-chorus-aviation\/#breadcrumb\",\"itemListElement\":[{\"@type\":\"ListItem\",\"position\":1,\"name\":\"Accueil\",\"item\":\"https:\/\/reseauquebecoisdesaeroports.ca\/\"},{\"@type\":\"ListItem\",\"position\":2,\"name\":\"Air Canada r\u00e9vise les modalit\u00e9s du contrat d\u2019achat de capacit\u00e9 conclu avec Chorus Aviation pour ses activit\u00e9s a\u00e9riennes r\u00e9gionales\"}]},{\"@type\":\"WebSite\",\"@id\":\"https:\/\/reseauquebecoisdesaeroports.ca\/#website\",\"url\":\"https:\/\/reseauquebecoisdesaeroports.ca\/\",\"name\":\"R\u00e9seau qu\u00e9b\u00e9cois des a\u00e9roports\",\"description\":\"\",\"potentialAction\":[{\"@type\":\"SearchAction\",\"target\":{\"@type\":\"EntryPoint\",\"urlTemplate\":\"https:\/\/reseauquebecoisdesaeroports.ca\/?s={search_term_string}\"},\"query-input\":{\"@type\":\"PropertyValueSpecification\",\"valueRequired\":true,\"valueName\":\"search_term_string\"}}],\"inLanguage\":\"en-CA\"}]}<\/script>\n<!-- \/ Yoast SEO plugin. -->","yoast_head_json":{"title":"Air Canada r\u00e9vise les modalit\u00e9s du contrat d\u2019achat de capacit\u00e9 conclu avec Chorus Aviation pour ses activit\u00e9s a\u00e9riennes r\u00e9gionales - R\u00e9seau qu\u00e9b\u00e9cois des a\u00e9roports","robots":{"index":"index","follow":"follow","max-snippet":"max-snippet:-1","max-image-preview":"max-image-preview:large","max-video-preview":"max-video-preview:-1"},"canonical":"https:\/\/reseauquebecoisdesaeroports.ca\/new\/air-canada-revise-contrat-achat-capacite-chorus-aviation\/","og_locale":"en_US","og_type":"article","og_title":"Air Canada r\u00e9vise les modalit\u00e9s du contrat d\u2019achat de capacit\u00e9 conclu avec Chorus Aviation pour ses activit\u00e9s a\u00e9riennes r\u00e9gionales - R\u00e9seau qu\u00e9b\u00e9cois des a\u00e9roports","og_description":"Dans le cadre du contrat modifi\u00e9, Air Canada d\u00e9l\u00e8gue \u00e0 Jazz l\u2019exploitation de sa flotte d\u2019appareils E175 d\u2019Embraer. Air Canada regroupe donc ses services a\u00e9riens r\u00e9gionaux, dont Jazz sera maintenant l\u2019unique fournisseur. Les modifications au contrat d\u2019achat de capacit\u00e9 et le regroupement des services pourraient r\u00e9duire les co\u00fbts de 400...","og_url":"https:\/\/reseauquebecoisdesaeroports.ca\/new\/air-canada-revise-contrat-achat-capacite-chorus-aviation\/","og_site_name":"R\u00e9seau qu\u00e9b\u00e9cois des a\u00e9roports","twitter_card":"summary_large_image","schema":{"@context":"https:\/\/schema.org","@graph":[{"@type":"WebPage","@id":"https:\/\/reseauquebecoisdesaeroports.ca\/new\/air-canada-revise-contrat-achat-capacite-chorus-aviation\/","url":"https:\/\/reseauquebecoisdesaeroports.ca\/new\/air-canada-revise-contrat-achat-capacite-chorus-aviation\/","name":"Air Canada r\u00e9vise les modalit\u00e9s du contrat d\u2019achat de capacit\u00e9 conclu avec Chorus Aviation pour ses activit\u00e9s a\u00e9riennes r\u00e9gionales - R\u00e9seau qu\u00e9b\u00e9cois des a\u00e9roports","isPartOf":{"@id":"https:\/\/reseauquebecoisdesaeroports.ca\/#website"},"datePublished":"2021-03-03T20:00:00+00:00","breadcrumb":{"@id":"https:\/\/reseauquebecoisdesaeroports.ca\/new\/air-canada-revise-contrat-achat-capacite-chorus-aviation\/#breadcrumb"},"inLanguage":"en-CA","potentialAction":[{"@type":"ReadAction","target":["https:\/\/reseauquebecoisdesaeroports.ca\/new\/air-canada-revise-contrat-achat-capacite-chorus-aviation\/"]}]},{"@type":"BreadcrumbList","@id":"https:\/\/reseauquebecoisdesaeroports.ca\/new\/air-canada-revise-contrat-achat-capacite-chorus-aviation\/#breadcrumb","itemListElement":[{"@type":"ListItem","position":1,"name":"Accueil","item":"https:\/\/reseauquebecoisdesaeroports.ca\/"},{"@type":"ListItem","position":2,"name":"Air Canada r\u00e9vise les modalit\u00e9s du contrat d\u2019achat de capacit\u00e9 conclu avec Chorus Aviation pour ses activit\u00e9s a\u00e9riennes r\u00e9gionales"}]},{"@type":"WebSite","@id":"https:\/\/reseauquebecoisdesaeroports.ca\/#website","url":"https:\/\/reseauquebecoisdesaeroports.ca\/","name":"R\u00e9seau qu\u00e9b\u00e9cois des a\u00e9roports","description":"","potentialAction":[{"@type":"SearchAction","target":{"@type":"EntryPoint","urlTemplate":"https:\/\/reseauquebecoisdesaeroports.ca\/?s={search_term_string}"},"query-input":{"@type":"PropertyValueSpecification","valueRequired":true,"valueName":"search_term_string"}}],"inLanguage":"en-CA"}]}},"_links":{"self":[{"href":"https:\/\/reseauquebecoisdesaeroports.ca\/en\/wp-json\/wp\/v2\/nouvelles\/2551","targetHints":{"allow":["GET"]}}],"collection":[{"href":"https:\/\/reseauquebecoisdesaeroports.ca\/en\/wp-json\/wp\/v2\/nouvelles"}],"about":[{"href":"https:\/\/reseauquebecoisdesaeroports.ca\/en\/wp-json\/wp\/v2\/types\/nouvelles"}],"author":[{"embeddable":true,"href":"https:\/\/reseauquebecoisdesaeroports.ca\/en\/wp-json\/wp\/v2\/users\/1"}],"wp:attachment":[{"href":"https:\/\/reseauquebecoisdesaeroports.ca\/en\/wp-json\/wp\/v2\/media?parent=2551"}],"curies":[{"name":"wp","href":"https:\/\/api.w.org\/{rel}","templated":true}]}}