{"id":2552,"date":"2021-03-03T20:01:00","date_gmt":"2021-03-03T20:01:52","guid":{"rendered":"https:\/\/reseauquebecoisdesaeroports.ca\/new\/pandemie-aeroport-quebec-deficit-total\/"},"modified":"2021-03-03T20:01:00","modified_gmt":"2021-03-03T20:01:52","slug":"pandemie-aeroport-quebec-deficit-total","status":"publish","type":"nouvelles","link":"https:\/\/reseauquebecoisdesaeroports.ca\/en\/new\/pandemie-aeroport-quebec-deficit-total\/","title":{"rendered":"Impacts de la pand\u00e9mie : l\u2019a\u00e9roport de Qu\u00e9bec pr\u00e9voit devoir encaisser un d\u00e9ficit total de 100 M$"},"content":{"rendered":"<p>Il faudra au minimum cinq ans pour revenir \u00e0 un achalandage normal \u00e0 l\u2019a\u00e9roport de Qu\u00e9bec. Au pire de la crise, il n\u2019y avait que cinq passagers par jour au lieu des habituels 3000 \u00e0 5000. Dans son plan de relance, la direction de l\u2019a\u00e9roport souhaite am\u00e9nager un nouveau parc a\u00e9roportuaire et d\u00e9velopper une \u00ab nouvelle plateforme logistique intermodale \u2013 cargo \u00bb.<\/p>\n","protected":false},"author":1,"featured_media":0,"template":"","class_list":["post-2552","nouvelles","type-nouvelles","status-publish"],"acf":[],"yoast_head":"<!-- This site is optimized with the Yoast SEO plugin v25.8 - https:\/\/yoast.com\/wordpress\/plugins\/seo\/ -->\n<title>Impacts de la pand\u00e9mie : l\u2019a\u00e9roport de Qu\u00e9bec pr\u00e9voit devoir encaisser un d\u00e9ficit total de 100 M$ - R\u00e9seau qu\u00e9b\u00e9cois des a\u00e9roports<\/title>\n<meta name=\"robots\" content=\"index, follow, max-snippet:-1, max-image-preview:large, max-video-preview:-1\" \/>\n<link rel=\"canonical\" href=\"https:\/\/reseauquebecoisdesaeroports.ca\/new\/pandemie-aeroport-quebec-deficit-total\/\" \/>\n<meta property=\"og:locale\" content=\"en_US\" \/>\n<meta property=\"og:type\" content=\"article\" \/>\n<meta property=\"og:title\" content=\"Impacts de la pand\u00e9mie : l\u2019a\u00e9roport de Qu\u00e9bec pr\u00e9voit devoir encaisser un d\u00e9ficit total de 100 M$ - R\u00e9seau qu\u00e9b\u00e9cois des a\u00e9roports\" \/>\n<meta property=\"og:description\" content=\"Il faudra au minimum cinq ans pour revenir \u00e0 un achalandage normal \u00e0 l\u2019a\u00e9roport de Qu\u00e9bec. Au pire de la crise, il n\u2019y avait que cinq passagers par jour au lieu des habituels 3000 \u00e0 5000. Dans son plan de relance, la direction de l\u2019a\u00e9roport souhaite am\u00e9nager un nouveau parc...\" \/>\n<meta property=\"og:url\" content=\"https:\/\/reseauquebecoisdesaeroports.ca\/new\/pandemie-aeroport-quebec-deficit-total\/\" \/>\n<meta property=\"og:site_name\" content=\"R\u00e9seau qu\u00e9b\u00e9cois des a\u00e9roports\" \/>\n<meta name=\"twitter:card\" content=\"summary_large_image\" \/>\n<script type=\"application\/ld+json\" class=\"yoast-schema-graph\">{\"@context\":\"https:\/\/schema.org\",\"@graph\":[{\"@type\":\"WebPage\",\"@id\":\"https:\/\/reseauquebecoisdesaeroports.ca\/new\/pandemie-aeroport-quebec-deficit-total\/\",\"url\":\"https:\/\/reseauquebecoisdesaeroports.ca\/new\/pandemie-aeroport-quebec-deficit-total\/\",\"name\":\"Impacts de la pand\u00e9mie : l\u2019a\u00e9roport de Qu\u00e9bec pr\u00e9voit devoir encaisser un d\u00e9ficit total de 100 M$ - R\u00e9seau qu\u00e9b\u00e9cois des a\u00e9roports\",\"isPartOf\":{\"@id\":\"https:\/\/reseauquebecoisdesaeroports.ca\/#website\"},\"datePublished\":\"2021-03-03T20:01:52+00:00\",\"breadcrumb\":{\"@id\":\"https:\/\/reseauquebecoisdesaeroports.ca\/new\/pandemie-aeroport-quebec-deficit-total\/#breadcrumb\"},\"inLanguage\":\"en-CA\",\"potentialAction\":[{\"@type\":\"ReadAction\",\"target\":[\"https:\/\/reseauquebecoisdesaeroports.ca\/new\/pandemie-aeroport-quebec-deficit-total\/\"]}]},{\"@type\":\"BreadcrumbList\",\"@id\":\"https:\/\/reseauquebecoisdesaeroports.ca\/new\/pandemie-aeroport-quebec-deficit-total\/#breadcrumb\",\"itemListElement\":[{\"@type\":\"ListItem\",\"position\":1,\"name\":\"Accueil\",\"item\":\"https:\/\/reseauquebecoisdesaeroports.ca\/\"},{\"@type\":\"ListItem\",\"position\":2,\"name\":\"Impacts de la pand\u00e9mie : l\u2019a\u00e9roport de Qu\u00e9bec pr\u00e9voit devoir encaisser un d\u00e9ficit total de 100 M$\"}]},{\"@type\":\"WebSite\",\"@id\":\"https:\/\/reseauquebecoisdesaeroports.ca\/#website\",\"url\":\"https:\/\/reseauquebecoisdesaeroports.ca\/\",\"name\":\"R\u00e9seau qu\u00e9b\u00e9cois des a\u00e9roports\",\"description\":\"\",\"potentialAction\":[{\"@type\":\"SearchAction\",\"target\":{\"@type\":\"EntryPoint\",\"urlTemplate\":\"https:\/\/reseauquebecoisdesaeroports.ca\/?s={search_term_string}\"},\"query-input\":{\"@type\":\"PropertyValueSpecification\",\"valueRequired\":true,\"valueName\":\"search_term_string\"}}],\"inLanguage\":\"en-CA\"}]}<\/script>\n<!-- \/ Yoast SEO plugin. -->","yoast_head_json":{"title":"Impacts de la pand\u00e9mie : l\u2019a\u00e9roport de Qu\u00e9bec pr\u00e9voit devoir encaisser un d\u00e9ficit total de 100 M$ - R\u00e9seau qu\u00e9b\u00e9cois des a\u00e9roports","robots":{"index":"index","follow":"follow","max-snippet":"max-snippet:-1","max-image-preview":"max-image-preview:large","max-video-preview":"max-video-preview:-1"},"canonical":"https:\/\/reseauquebecoisdesaeroports.ca\/new\/pandemie-aeroport-quebec-deficit-total\/","og_locale":"en_US","og_type":"article","og_title":"Impacts de la pand\u00e9mie : l\u2019a\u00e9roport de Qu\u00e9bec pr\u00e9voit devoir encaisser un d\u00e9ficit total de 100 M$ - R\u00e9seau qu\u00e9b\u00e9cois des a\u00e9roports","og_description":"Il faudra au minimum cinq ans pour revenir \u00e0 un achalandage normal \u00e0 l\u2019a\u00e9roport de Qu\u00e9bec. Au pire de la crise, il n\u2019y avait que cinq passagers par jour au lieu des habituels 3000 \u00e0 5000. Dans son plan de relance, la direction de l\u2019a\u00e9roport souhaite am\u00e9nager un nouveau parc...","og_url":"https:\/\/reseauquebecoisdesaeroports.ca\/new\/pandemie-aeroport-quebec-deficit-total\/","og_site_name":"R\u00e9seau qu\u00e9b\u00e9cois des a\u00e9roports","twitter_card":"summary_large_image","schema":{"@context":"https:\/\/schema.org","@graph":[{"@type":"WebPage","@id":"https:\/\/reseauquebecoisdesaeroports.ca\/new\/pandemie-aeroport-quebec-deficit-total\/","url":"https:\/\/reseauquebecoisdesaeroports.ca\/new\/pandemie-aeroport-quebec-deficit-total\/","name":"Impacts de la pand\u00e9mie : l\u2019a\u00e9roport de Qu\u00e9bec pr\u00e9voit devoir encaisser un d\u00e9ficit total de 100 M$ - R\u00e9seau qu\u00e9b\u00e9cois des a\u00e9roports","isPartOf":{"@id":"https:\/\/reseauquebecoisdesaeroports.ca\/#website"},"datePublished":"2021-03-03T20:01:52+00:00","breadcrumb":{"@id":"https:\/\/reseauquebecoisdesaeroports.ca\/new\/pandemie-aeroport-quebec-deficit-total\/#breadcrumb"},"inLanguage":"en-CA","potentialAction":[{"@type":"ReadAction","target":["https:\/\/reseauquebecoisdesaeroports.ca\/new\/pandemie-aeroport-quebec-deficit-total\/"]}]},{"@type":"BreadcrumbList","@id":"https:\/\/reseauquebecoisdesaeroports.ca\/new\/pandemie-aeroport-quebec-deficit-total\/#breadcrumb","itemListElement":[{"@type":"ListItem","position":1,"name":"Accueil","item":"https:\/\/reseauquebecoisdesaeroports.ca\/"},{"@type":"ListItem","position":2,"name":"Impacts de la pand\u00e9mie : l\u2019a\u00e9roport de Qu\u00e9bec pr\u00e9voit devoir encaisser un d\u00e9ficit total de 100 M$"}]},{"@type":"WebSite","@id":"https:\/\/reseauquebecoisdesaeroports.ca\/#website","url":"https:\/\/reseauquebecoisdesaeroports.ca\/","name":"R\u00e9seau qu\u00e9b\u00e9cois des a\u00e9roports","description":"","potentialAction":[{"@type":"SearchAction","target":{"@type":"EntryPoint","urlTemplate":"https:\/\/reseauquebecoisdesaeroports.ca\/?s={search_term_string}"},"query-input":{"@type":"PropertyValueSpecification","valueRequired":true,"valueName":"search_term_string"}}],"inLanguage":"en-CA"}]}},"_links":{"self":[{"href":"https:\/\/reseauquebecoisdesaeroports.ca\/en\/wp-json\/wp\/v2\/nouvelles\/2552","targetHints":{"allow":["GET"]}}],"collection":[{"href":"https:\/\/reseauquebecoisdesaeroports.ca\/en\/wp-json\/wp\/v2\/nouvelles"}],"about":[{"href":"https:\/\/reseauquebecoisdesaeroports.ca\/en\/wp-json\/wp\/v2\/types\/nouvelles"}],"author":[{"embeddable":true,"href":"https:\/\/reseauquebecoisdesaeroports.ca\/en\/wp-json\/wp\/v2\/users\/1"}],"wp:attachment":[{"href":"https:\/\/reseauquebecoisdesaeroports.ca\/en\/wp-json\/wp\/v2\/media?parent=2552"}],"curies":[{"name":"wp","href":"https:\/\/api.w.org\/{rel}","templated":true}]}}