{"id":2553,"date":"2021-03-03T20:02:00","date_gmt":"2021-03-03T20:02:34","guid":{"rendered":"https:\/\/reseauquebecoisdesaeroports.ca\/new\/passeport-vaccinal-idee-detracteurs\/"},"modified":"2021-03-03T20:02:00","modified_gmt":"2021-03-03T20:02:34","slug":"passeport-vaccinal-idee-detracteurs","status":"publish","type":"nouvelles","link":"https:\/\/reseauquebecoisdesaeroports.ca\/en\/new\/passeport-vaccinal-idee-detracteurs\/","title":{"rendered":"Passeport vaccinal : l\u2019id\u00e9e fait son chemin mais garde des d\u00e9tracteurs"},"content":{"rendered":"<p>Cette id\u00e9e est d\u00e9fendue par de nombreux pays pour relancer les vols internationaux. Toutefois, ce passeport ne devrait pas \u00eatre un pr\u00e9requis pour voyager, souligne le comit\u00e9 d\u2019urgence de l\u2019OMS. De nombreuses compagnies commencent \u00e0 tester un passeport num\u00e9rique et des pays ont conclu des accords supportant ces mesures.<\/p>\n","protected":false},"author":1,"featured_media":0,"template":"","class_list":["post-2553","nouvelles","type-nouvelles","status-publish"],"acf":[],"yoast_head":"<!-- This site is optimized with the Yoast SEO plugin v25.8 - https:\/\/yoast.com\/wordpress\/plugins\/seo\/ -->\n<title>Passeport vaccinal : l\u2019id\u00e9e fait son chemin mais garde des d\u00e9tracteurs - R\u00e9seau qu\u00e9b\u00e9cois des a\u00e9roports<\/title>\n<meta name=\"robots\" content=\"index, follow, max-snippet:-1, max-image-preview:large, max-video-preview:-1\" \/>\n<link rel=\"canonical\" href=\"https:\/\/reseauquebecoisdesaeroports.ca\/new\/passeport-vaccinal-idee-detracteurs\/\" \/>\n<meta property=\"og:locale\" content=\"en_US\" \/>\n<meta property=\"og:type\" content=\"article\" \/>\n<meta property=\"og:title\" content=\"Passeport vaccinal : l\u2019id\u00e9e fait son chemin mais garde des d\u00e9tracteurs - R\u00e9seau qu\u00e9b\u00e9cois des a\u00e9roports\" \/>\n<meta property=\"og:description\" content=\"Cette id\u00e9e est d\u00e9fendue par de nombreux pays pour relancer les vols internationaux. Toutefois, ce passeport ne devrait pas \u00eatre un pr\u00e9requis pour voyager, souligne le comit\u00e9 d\u2019urgence de l\u2019OMS. De nombreuses compagnies commencent \u00e0 tester un passeport num\u00e9rique et des pays ont conclu des accords supportant ces mesures.\" \/>\n<meta property=\"og:url\" content=\"https:\/\/reseauquebecoisdesaeroports.ca\/new\/passeport-vaccinal-idee-detracteurs\/\" \/>\n<meta property=\"og:site_name\" content=\"R\u00e9seau qu\u00e9b\u00e9cois des a\u00e9roports\" \/>\n<meta name=\"twitter:card\" content=\"summary_large_image\" \/>\n<script type=\"application\/ld+json\" class=\"yoast-schema-graph\">{\"@context\":\"https:\/\/schema.org\",\"@graph\":[{\"@type\":\"WebPage\",\"@id\":\"https:\/\/reseauquebecoisdesaeroports.ca\/new\/passeport-vaccinal-idee-detracteurs\/\",\"url\":\"https:\/\/reseauquebecoisdesaeroports.ca\/new\/passeport-vaccinal-idee-detracteurs\/\",\"name\":\"Passeport vaccinal : l\u2019id\u00e9e fait son chemin mais garde des d\u00e9tracteurs - R\u00e9seau qu\u00e9b\u00e9cois des a\u00e9roports\",\"isPartOf\":{\"@id\":\"https:\/\/reseauquebecoisdesaeroports.ca\/#website\"},\"datePublished\":\"2021-03-03T20:02:34+00:00\",\"breadcrumb\":{\"@id\":\"https:\/\/reseauquebecoisdesaeroports.ca\/new\/passeport-vaccinal-idee-detracteurs\/#breadcrumb\"},\"inLanguage\":\"en-CA\",\"potentialAction\":[{\"@type\":\"ReadAction\",\"target\":[\"https:\/\/reseauquebecoisdesaeroports.ca\/new\/passeport-vaccinal-idee-detracteurs\/\"]}]},{\"@type\":\"BreadcrumbList\",\"@id\":\"https:\/\/reseauquebecoisdesaeroports.ca\/new\/passeport-vaccinal-idee-detracteurs\/#breadcrumb\",\"itemListElement\":[{\"@type\":\"ListItem\",\"position\":1,\"name\":\"Accueil\",\"item\":\"https:\/\/reseauquebecoisdesaeroports.ca\/\"},{\"@type\":\"ListItem\",\"position\":2,\"name\":\"Passeport vaccinal : l\u2019id\u00e9e fait son chemin mais garde des d\u00e9tracteurs\"}]},{\"@type\":\"WebSite\",\"@id\":\"https:\/\/reseauquebecoisdesaeroports.ca\/#website\",\"url\":\"https:\/\/reseauquebecoisdesaeroports.ca\/\",\"name\":\"R\u00e9seau qu\u00e9b\u00e9cois des a\u00e9roports\",\"description\":\"\",\"potentialAction\":[{\"@type\":\"SearchAction\",\"target\":{\"@type\":\"EntryPoint\",\"urlTemplate\":\"https:\/\/reseauquebecoisdesaeroports.ca\/?s={search_term_string}\"},\"query-input\":{\"@type\":\"PropertyValueSpecification\",\"valueRequired\":true,\"valueName\":\"search_term_string\"}}],\"inLanguage\":\"en-CA\"}]}<\/script>\n<!-- \/ Yoast SEO plugin. -->","yoast_head_json":{"title":"Passeport vaccinal : l\u2019id\u00e9e fait son chemin mais garde des d\u00e9tracteurs - R\u00e9seau qu\u00e9b\u00e9cois des a\u00e9roports","robots":{"index":"index","follow":"follow","max-snippet":"max-snippet:-1","max-image-preview":"max-image-preview:large","max-video-preview":"max-video-preview:-1"},"canonical":"https:\/\/reseauquebecoisdesaeroports.ca\/new\/passeport-vaccinal-idee-detracteurs\/","og_locale":"en_US","og_type":"article","og_title":"Passeport vaccinal : l\u2019id\u00e9e fait son chemin mais garde des d\u00e9tracteurs - R\u00e9seau qu\u00e9b\u00e9cois des a\u00e9roports","og_description":"Cette id\u00e9e est d\u00e9fendue par de nombreux pays pour relancer les vols internationaux. Toutefois, ce passeport ne devrait pas \u00eatre un pr\u00e9requis pour voyager, souligne le comit\u00e9 d\u2019urgence de l\u2019OMS. De nombreuses compagnies commencent \u00e0 tester un passeport num\u00e9rique et des pays ont conclu des accords supportant ces mesures.","og_url":"https:\/\/reseauquebecoisdesaeroports.ca\/new\/passeport-vaccinal-idee-detracteurs\/","og_site_name":"R\u00e9seau qu\u00e9b\u00e9cois des a\u00e9roports","twitter_card":"summary_large_image","schema":{"@context":"https:\/\/schema.org","@graph":[{"@type":"WebPage","@id":"https:\/\/reseauquebecoisdesaeroports.ca\/new\/passeport-vaccinal-idee-detracteurs\/","url":"https:\/\/reseauquebecoisdesaeroports.ca\/new\/passeport-vaccinal-idee-detracteurs\/","name":"Passeport vaccinal : l\u2019id\u00e9e fait son chemin mais garde des d\u00e9tracteurs - R\u00e9seau qu\u00e9b\u00e9cois des a\u00e9roports","isPartOf":{"@id":"https:\/\/reseauquebecoisdesaeroports.ca\/#website"},"datePublished":"2021-03-03T20:02:34+00:00","breadcrumb":{"@id":"https:\/\/reseauquebecoisdesaeroports.ca\/new\/passeport-vaccinal-idee-detracteurs\/#breadcrumb"},"inLanguage":"en-CA","potentialAction":[{"@type":"ReadAction","target":["https:\/\/reseauquebecoisdesaeroports.ca\/new\/passeport-vaccinal-idee-detracteurs\/"]}]},{"@type":"BreadcrumbList","@id":"https:\/\/reseauquebecoisdesaeroports.ca\/new\/passeport-vaccinal-idee-detracteurs\/#breadcrumb","itemListElement":[{"@type":"ListItem","position":1,"name":"Accueil","item":"https:\/\/reseauquebecoisdesaeroports.ca\/"},{"@type":"ListItem","position":2,"name":"Passeport vaccinal : l\u2019id\u00e9e fait son chemin mais garde des d\u00e9tracteurs"}]},{"@type":"WebSite","@id":"https:\/\/reseauquebecoisdesaeroports.ca\/#website","url":"https:\/\/reseauquebecoisdesaeroports.ca\/","name":"R\u00e9seau qu\u00e9b\u00e9cois des a\u00e9roports","description":"","potentialAction":[{"@type":"SearchAction","target":{"@type":"EntryPoint","urlTemplate":"https:\/\/reseauquebecoisdesaeroports.ca\/?s={search_term_string}"},"query-input":{"@type":"PropertyValueSpecification","valueRequired":true,"valueName":"search_term_string"}}],"inLanguage":"en-CA"}]}},"_links":{"self":[{"href":"https:\/\/reseauquebecoisdesaeroports.ca\/en\/wp-json\/wp\/v2\/nouvelles\/2553","targetHints":{"allow":["GET"]}}],"collection":[{"href":"https:\/\/reseauquebecoisdesaeroports.ca\/en\/wp-json\/wp\/v2\/nouvelles"}],"about":[{"href":"https:\/\/reseauquebecoisdesaeroports.ca\/en\/wp-json\/wp\/v2\/types\/nouvelles"}],"author":[{"embeddable":true,"href":"https:\/\/reseauquebecoisdesaeroports.ca\/en\/wp-json\/wp\/v2\/users\/1"}],"wp:attachment":[{"href":"https:\/\/reseauquebecoisdesaeroports.ca\/en\/wp-json\/wp\/v2\/media?parent=2553"}],"curies":[{"name":"wp","href":"https:\/\/api.w.org\/{rel}","templated":true}]}}