{"id":2555,"date":"2021-03-03T20:04:00","date_gmt":"2021-03-03T20:04:41","guid":{"rendered":"https:\/\/reseauquebecoisdesaeroports.ca\/new\/modele-cooperatif-pour-transport-gaspesie\/"},"modified":"2021-03-03T20:04:00","modified_gmt":"2021-03-03T20:04:41","slug":"modele-cooperatif-pour-transport-gaspesie","status":"publish","type":"nouvelles","link":"https:\/\/reseauquebecoisdesaeroports.ca\/en\/new\/modele-cooperatif-pour-transport-gaspesie\/","title":{"rendered":"Le mod\u00e8le coop\u00e9ratif pour le transport en Gasp\u00e9sie"},"content":{"rendered":"<p>La cheffe du Parti lib\u00e9ral, Dominique Anglade, soutient l\u2019id\u00e9e du mod\u00e8le coop\u00e9ratif pour le transport a\u00e9rien r\u00e9gional en Gasp\u00e9sie. Les derni\u00e8res coupures des services d\u2019autocar, ainsi que l\u2019abandon par Air Canada des dessertes de la r\u00e9gion, forcent la r\u00e9gion \u00e0 \u00e9valuer diff\u00e9rentes options. Madame Anglade conf\u00e8rent plusieurs avantages au mod\u00e8le coop\u00e9ratif.<\/p>\n","protected":false},"author":1,"featured_media":0,"template":"","class_list":["post-2555","nouvelles","type-nouvelles","status-publish"],"acf":[],"yoast_head":"<!-- This site is optimized with the Yoast SEO plugin v25.8 - https:\/\/yoast.com\/wordpress\/plugins\/seo\/ -->\n<title>Le mod\u00e8le coop\u00e9ratif pour le transport en Gasp\u00e9sie - R\u00e9seau qu\u00e9b\u00e9cois des a\u00e9roports<\/title>\n<meta name=\"robots\" content=\"index, follow, max-snippet:-1, max-image-preview:large, max-video-preview:-1\" \/>\n<link rel=\"canonical\" href=\"https:\/\/reseauquebecoisdesaeroports.ca\/new\/modele-cooperatif-pour-transport-gaspesie\/\" \/>\n<meta property=\"og:locale\" content=\"en_US\" \/>\n<meta property=\"og:type\" content=\"article\" \/>\n<meta property=\"og:title\" content=\"Le mod\u00e8le coop\u00e9ratif pour le transport en Gasp\u00e9sie - R\u00e9seau qu\u00e9b\u00e9cois des a\u00e9roports\" \/>\n<meta property=\"og:description\" content=\"La cheffe du Parti lib\u00e9ral, Dominique Anglade, soutient l\u2019id\u00e9e du mod\u00e8le coop\u00e9ratif pour le transport a\u00e9rien r\u00e9gional en Gasp\u00e9sie. Les derni\u00e8res coupures des services d\u2019autocar, ainsi que l\u2019abandon par Air Canada des dessertes de la r\u00e9gion, forcent la r\u00e9gion \u00e0 \u00e9valuer diff\u00e9rentes options. Madame Anglade conf\u00e8rent plusieurs avantages au mod\u00e8le...\" \/>\n<meta property=\"og:url\" content=\"https:\/\/reseauquebecoisdesaeroports.ca\/new\/modele-cooperatif-pour-transport-gaspesie\/\" \/>\n<meta property=\"og:site_name\" content=\"R\u00e9seau qu\u00e9b\u00e9cois des a\u00e9roports\" \/>\n<meta name=\"twitter:card\" content=\"summary_large_image\" \/>\n<script type=\"application\/ld+json\" class=\"yoast-schema-graph\">{\"@context\":\"https:\/\/schema.org\",\"@graph\":[{\"@type\":\"WebPage\",\"@id\":\"https:\/\/reseauquebecoisdesaeroports.ca\/new\/modele-cooperatif-pour-transport-gaspesie\/\",\"url\":\"https:\/\/reseauquebecoisdesaeroports.ca\/new\/modele-cooperatif-pour-transport-gaspesie\/\",\"name\":\"Le mod\u00e8le coop\u00e9ratif pour le transport en Gasp\u00e9sie - R\u00e9seau qu\u00e9b\u00e9cois des a\u00e9roports\",\"isPartOf\":{\"@id\":\"https:\/\/reseauquebecoisdesaeroports.ca\/#website\"},\"datePublished\":\"2021-03-03T20:04:41+00:00\",\"breadcrumb\":{\"@id\":\"https:\/\/reseauquebecoisdesaeroports.ca\/new\/modele-cooperatif-pour-transport-gaspesie\/#breadcrumb\"},\"inLanguage\":\"en-CA\",\"potentialAction\":[{\"@type\":\"ReadAction\",\"target\":[\"https:\/\/reseauquebecoisdesaeroports.ca\/new\/modele-cooperatif-pour-transport-gaspesie\/\"]}]},{\"@type\":\"BreadcrumbList\",\"@id\":\"https:\/\/reseauquebecoisdesaeroports.ca\/new\/modele-cooperatif-pour-transport-gaspesie\/#breadcrumb\",\"itemListElement\":[{\"@type\":\"ListItem\",\"position\":1,\"name\":\"Accueil\",\"item\":\"https:\/\/reseauquebecoisdesaeroports.ca\/\"},{\"@type\":\"ListItem\",\"position\":2,\"name\":\"Le mod\u00e8le coop\u00e9ratif pour le transport en Gasp\u00e9sie\"}]},{\"@type\":\"WebSite\",\"@id\":\"https:\/\/reseauquebecoisdesaeroports.ca\/#website\",\"url\":\"https:\/\/reseauquebecoisdesaeroports.ca\/\",\"name\":\"R\u00e9seau qu\u00e9b\u00e9cois des a\u00e9roports\",\"description\":\"\",\"potentialAction\":[{\"@type\":\"SearchAction\",\"target\":{\"@type\":\"EntryPoint\",\"urlTemplate\":\"https:\/\/reseauquebecoisdesaeroports.ca\/?s={search_term_string}\"},\"query-input\":{\"@type\":\"PropertyValueSpecification\",\"valueRequired\":true,\"valueName\":\"search_term_string\"}}],\"inLanguage\":\"en-CA\"}]}<\/script>\n<!-- \/ Yoast SEO plugin. -->","yoast_head_json":{"title":"Le mod\u00e8le coop\u00e9ratif pour le transport en Gasp\u00e9sie - R\u00e9seau qu\u00e9b\u00e9cois des a\u00e9roports","robots":{"index":"index","follow":"follow","max-snippet":"max-snippet:-1","max-image-preview":"max-image-preview:large","max-video-preview":"max-video-preview:-1"},"canonical":"https:\/\/reseauquebecoisdesaeroports.ca\/new\/modele-cooperatif-pour-transport-gaspesie\/","og_locale":"en_US","og_type":"article","og_title":"Le mod\u00e8le coop\u00e9ratif pour le transport en Gasp\u00e9sie - R\u00e9seau qu\u00e9b\u00e9cois des a\u00e9roports","og_description":"La cheffe du Parti lib\u00e9ral, Dominique Anglade, soutient l\u2019id\u00e9e du mod\u00e8le coop\u00e9ratif pour le transport a\u00e9rien r\u00e9gional en Gasp\u00e9sie. Les derni\u00e8res coupures des services d\u2019autocar, ainsi que l\u2019abandon par Air Canada des dessertes de la r\u00e9gion, forcent la r\u00e9gion \u00e0 \u00e9valuer diff\u00e9rentes options. Madame Anglade conf\u00e8rent plusieurs avantages au mod\u00e8le...","og_url":"https:\/\/reseauquebecoisdesaeroports.ca\/new\/modele-cooperatif-pour-transport-gaspesie\/","og_site_name":"R\u00e9seau qu\u00e9b\u00e9cois des a\u00e9roports","twitter_card":"summary_large_image","schema":{"@context":"https:\/\/schema.org","@graph":[{"@type":"WebPage","@id":"https:\/\/reseauquebecoisdesaeroports.ca\/new\/modele-cooperatif-pour-transport-gaspesie\/","url":"https:\/\/reseauquebecoisdesaeroports.ca\/new\/modele-cooperatif-pour-transport-gaspesie\/","name":"Le mod\u00e8le coop\u00e9ratif pour le transport en Gasp\u00e9sie - R\u00e9seau qu\u00e9b\u00e9cois des a\u00e9roports","isPartOf":{"@id":"https:\/\/reseauquebecoisdesaeroports.ca\/#website"},"datePublished":"2021-03-03T20:04:41+00:00","breadcrumb":{"@id":"https:\/\/reseauquebecoisdesaeroports.ca\/new\/modele-cooperatif-pour-transport-gaspesie\/#breadcrumb"},"inLanguage":"en-CA","potentialAction":[{"@type":"ReadAction","target":["https:\/\/reseauquebecoisdesaeroports.ca\/new\/modele-cooperatif-pour-transport-gaspesie\/"]}]},{"@type":"BreadcrumbList","@id":"https:\/\/reseauquebecoisdesaeroports.ca\/new\/modele-cooperatif-pour-transport-gaspesie\/#breadcrumb","itemListElement":[{"@type":"ListItem","position":1,"name":"Accueil","item":"https:\/\/reseauquebecoisdesaeroports.ca\/"},{"@type":"ListItem","position":2,"name":"Le mod\u00e8le coop\u00e9ratif pour le transport en Gasp\u00e9sie"}]},{"@type":"WebSite","@id":"https:\/\/reseauquebecoisdesaeroports.ca\/#website","url":"https:\/\/reseauquebecoisdesaeroports.ca\/","name":"R\u00e9seau qu\u00e9b\u00e9cois des a\u00e9roports","description":"","potentialAction":[{"@type":"SearchAction","target":{"@type":"EntryPoint","urlTemplate":"https:\/\/reseauquebecoisdesaeroports.ca\/?s={search_term_string}"},"query-input":{"@type":"PropertyValueSpecification","valueRequired":true,"valueName":"search_term_string"}}],"inLanguage":"en-CA"}]}},"_links":{"self":[{"href":"https:\/\/reseauquebecoisdesaeroports.ca\/en\/wp-json\/wp\/v2\/nouvelles\/2555","targetHints":{"allow":["GET"]}}],"collection":[{"href":"https:\/\/reseauquebecoisdesaeroports.ca\/en\/wp-json\/wp\/v2\/nouvelles"}],"about":[{"href":"https:\/\/reseauquebecoisdesaeroports.ca\/en\/wp-json\/wp\/v2\/types\/nouvelles"}],"author":[{"embeddable":true,"href":"https:\/\/reseauquebecoisdesaeroports.ca\/en\/wp-json\/wp\/v2\/users\/1"}],"wp:attachment":[{"href":"https:\/\/reseauquebecoisdesaeroports.ca\/en\/wp-json\/wp\/v2\/media?parent=2555"}],"curies":[{"name":"wp","href":"https:\/\/api.w.org\/{rel}","templated":true}]}}