{"id":2556,"date":"2021-03-10T20:00:00","date_gmt":"2021-03-10T20:00:04","guid":{"rendered":"https:\/\/reseauquebecoisdesaeroports.ca\/new\/ministres-vandal-akeeagok-annoncent-investissement-projet-recherche-nunavut\/"},"modified":"2021-03-10T20:00:00","modified_gmt":"2021-03-10T20:00:04","slug":"ministres-vandal-akeeagok-annoncent-investissement-projet-recherche-nunavut","status":"publish","type":"nouvelles","link":"https:\/\/reseauquebecoisdesaeroports.ca\/en\/new\/ministres-vandal-akeeagok-annoncent-investissement-projet-recherche-nunavut\/","title":{"rendered":"Les ministres Vandal et Akeeagok annoncent un investissement dans un projet de recherche au Nunavut"},"content":{"rendered":"<p>Le gouvernement f\u00e9d\u00e9ral vient d\u2019annoncer un important projet de recherche dans le Nord. Celui-ci portera sur le perg\u00e9lisol et l\u2019adaptation aux changements climatiques. Les donn\u00e9es permettront d\u2019aider \u00e0 la prise de d\u00e9cisions concernant les a\u00e9roports nordiques. Le co\u00fbt total du projet est de 540 335&nbsp;$.<\/p>\n","protected":false},"author":1,"featured_media":0,"template":"","class_list":["post-2556","nouvelles","type-nouvelles","status-publish"],"acf":[],"yoast_head":"<!-- This site is optimized with the Yoast SEO plugin v25.8 - https:\/\/yoast.com\/wordpress\/plugins\/seo\/ -->\n<title>Les ministres Vandal et Akeeagok annoncent un investissement dans un projet de recherche au Nunavut - R\u00e9seau qu\u00e9b\u00e9cois des a\u00e9roports<\/title>\n<meta name=\"robots\" content=\"index, follow, max-snippet:-1, max-image-preview:large, max-video-preview:-1\" \/>\n<link rel=\"canonical\" href=\"https:\/\/reseauquebecoisdesaeroports.ca\/new\/ministres-vandal-akeeagok-annoncent-investissement-projet-recherche-nunavut\/\" \/>\n<meta property=\"og:locale\" content=\"en_US\" \/>\n<meta property=\"og:type\" content=\"article\" \/>\n<meta property=\"og:title\" content=\"Les ministres Vandal et Akeeagok annoncent un investissement dans un projet de recherche au Nunavut - R\u00e9seau qu\u00e9b\u00e9cois des a\u00e9roports\" \/>\n<meta property=\"og:description\" content=\"Le gouvernement f\u00e9d\u00e9ral vient d\u2019annoncer un important projet de recherche dans le Nord. Celui-ci portera sur le perg\u00e9lisol et l\u2019adaptation aux changements climatiques. Les donn\u00e9es permettront d\u2019aider \u00e0 la prise de d\u00e9cisions concernant les a\u00e9roports nordiques. Le co\u00fbt total du projet est de 540 335&nbsp;$.\" \/>\n<meta property=\"og:url\" content=\"https:\/\/reseauquebecoisdesaeroports.ca\/new\/ministres-vandal-akeeagok-annoncent-investissement-projet-recherche-nunavut\/\" \/>\n<meta property=\"og:site_name\" content=\"R\u00e9seau qu\u00e9b\u00e9cois des a\u00e9roports\" \/>\n<meta name=\"twitter:card\" content=\"summary_large_image\" \/>\n<script type=\"application\/ld+json\" class=\"yoast-schema-graph\">{\"@context\":\"https:\/\/schema.org\",\"@graph\":[{\"@type\":\"WebPage\",\"@id\":\"https:\/\/reseauquebecoisdesaeroports.ca\/new\/ministres-vandal-akeeagok-annoncent-investissement-projet-recherche-nunavut\/\",\"url\":\"https:\/\/reseauquebecoisdesaeroports.ca\/new\/ministres-vandal-akeeagok-annoncent-investissement-projet-recherche-nunavut\/\",\"name\":\"Les ministres Vandal et Akeeagok annoncent un investissement dans un projet de recherche au Nunavut - R\u00e9seau qu\u00e9b\u00e9cois des a\u00e9roports\",\"isPartOf\":{\"@id\":\"https:\/\/reseauquebecoisdesaeroports.ca\/#website\"},\"datePublished\":\"2021-03-10T20:00:04+00:00\",\"breadcrumb\":{\"@id\":\"https:\/\/reseauquebecoisdesaeroports.ca\/new\/ministres-vandal-akeeagok-annoncent-investissement-projet-recherche-nunavut\/#breadcrumb\"},\"inLanguage\":\"en-CA\",\"potentialAction\":[{\"@type\":\"ReadAction\",\"target\":[\"https:\/\/reseauquebecoisdesaeroports.ca\/new\/ministres-vandal-akeeagok-annoncent-investissement-projet-recherche-nunavut\/\"]}]},{\"@type\":\"BreadcrumbList\",\"@id\":\"https:\/\/reseauquebecoisdesaeroports.ca\/new\/ministres-vandal-akeeagok-annoncent-investissement-projet-recherche-nunavut\/#breadcrumb\",\"itemListElement\":[{\"@type\":\"ListItem\",\"position\":1,\"name\":\"Accueil\",\"item\":\"https:\/\/reseauquebecoisdesaeroports.ca\/\"},{\"@type\":\"ListItem\",\"position\":2,\"name\":\"Les ministres Vandal et Akeeagok annoncent un investissement dans un projet de recherche au Nunavut\"}]},{\"@type\":\"WebSite\",\"@id\":\"https:\/\/reseauquebecoisdesaeroports.ca\/#website\",\"url\":\"https:\/\/reseauquebecoisdesaeroports.ca\/\",\"name\":\"R\u00e9seau qu\u00e9b\u00e9cois des a\u00e9roports\",\"description\":\"\",\"potentialAction\":[{\"@type\":\"SearchAction\",\"target\":{\"@type\":\"EntryPoint\",\"urlTemplate\":\"https:\/\/reseauquebecoisdesaeroports.ca\/?s={search_term_string}\"},\"query-input\":{\"@type\":\"PropertyValueSpecification\",\"valueRequired\":true,\"valueName\":\"search_term_string\"}}],\"inLanguage\":\"en-CA\"}]}<\/script>\n<!-- \/ Yoast SEO plugin. -->","yoast_head_json":{"title":"Les ministres Vandal et Akeeagok annoncent un investissement dans un projet de recherche au Nunavut - R\u00e9seau qu\u00e9b\u00e9cois des a\u00e9roports","robots":{"index":"index","follow":"follow","max-snippet":"max-snippet:-1","max-image-preview":"max-image-preview:large","max-video-preview":"max-video-preview:-1"},"canonical":"https:\/\/reseauquebecoisdesaeroports.ca\/new\/ministres-vandal-akeeagok-annoncent-investissement-projet-recherche-nunavut\/","og_locale":"en_US","og_type":"article","og_title":"Les ministres Vandal et Akeeagok annoncent un investissement dans un projet de recherche au Nunavut - R\u00e9seau qu\u00e9b\u00e9cois des a\u00e9roports","og_description":"Le gouvernement f\u00e9d\u00e9ral vient d\u2019annoncer un important projet de recherche dans le Nord. Celui-ci portera sur le perg\u00e9lisol et l\u2019adaptation aux changements climatiques. Les donn\u00e9es permettront d\u2019aider \u00e0 la prise de d\u00e9cisions concernant les a\u00e9roports nordiques. Le co\u00fbt total du projet est de 540 335&nbsp;$.","og_url":"https:\/\/reseauquebecoisdesaeroports.ca\/new\/ministres-vandal-akeeagok-annoncent-investissement-projet-recherche-nunavut\/","og_site_name":"R\u00e9seau qu\u00e9b\u00e9cois des a\u00e9roports","twitter_card":"summary_large_image","schema":{"@context":"https:\/\/schema.org","@graph":[{"@type":"WebPage","@id":"https:\/\/reseauquebecoisdesaeroports.ca\/new\/ministres-vandal-akeeagok-annoncent-investissement-projet-recherche-nunavut\/","url":"https:\/\/reseauquebecoisdesaeroports.ca\/new\/ministres-vandal-akeeagok-annoncent-investissement-projet-recherche-nunavut\/","name":"Les ministres Vandal et Akeeagok annoncent un investissement dans un projet de recherche au Nunavut - R\u00e9seau qu\u00e9b\u00e9cois des a\u00e9roports","isPartOf":{"@id":"https:\/\/reseauquebecoisdesaeroports.ca\/#website"},"datePublished":"2021-03-10T20:00:04+00:00","breadcrumb":{"@id":"https:\/\/reseauquebecoisdesaeroports.ca\/new\/ministres-vandal-akeeagok-annoncent-investissement-projet-recherche-nunavut\/#breadcrumb"},"inLanguage":"en-CA","potentialAction":[{"@type":"ReadAction","target":["https:\/\/reseauquebecoisdesaeroports.ca\/new\/ministres-vandal-akeeagok-annoncent-investissement-projet-recherche-nunavut\/"]}]},{"@type":"BreadcrumbList","@id":"https:\/\/reseauquebecoisdesaeroports.ca\/new\/ministres-vandal-akeeagok-annoncent-investissement-projet-recherche-nunavut\/#breadcrumb","itemListElement":[{"@type":"ListItem","position":1,"name":"Accueil","item":"https:\/\/reseauquebecoisdesaeroports.ca\/"},{"@type":"ListItem","position":2,"name":"Les ministres Vandal et Akeeagok annoncent un investissement dans un projet de recherche au Nunavut"}]},{"@type":"WebSite","@id":"https:\/\/reseauquebecoisdesaeroports.ca\/#website","url":"https:\/\/reseauquebecoisdesaeroports.ca\/","name":"R\u00e9seau qu\u00e9b\u00e9cois des a\u00e9roports","description":"","potentialAction":[{"@type":"SearchAction","target":{"@type":"EntryPoint","urlTemplate":"https:\/\/reseauquebecoisdesaeroports.ca\/?s={search_term_string}"},"query-input":{"@type":"PropertyValueSpecification","valueRequired":true,"valueName":"search_term_string"}}],"inLanguage":"en-CA"}]}},"_links":{"self":[{"href":"https:\/\/reseauquebecoisdesaeroports.ca\/en\/wp-json\/wp\/v2\/nouvelles\/2556","targetHints":{"allow":["GET"]}}],"collection":[{"href":"https:\/\/reseauquebecoisdesaeroports.ca\/en\/wp-json\/wp\/v2\/nouvelles"}],"about":[{"href":"https:\/\/reseauquebecoisdesaeroports.ca\/en\/wp-json\/wp\/v2\/types\/nouvelles"}],"author":[{"embeddable":true,"href":"https:\/\/reseauquebecoisdesaeroports.ca\/en\/wp-json\/wp\/v2\/users\/1"}],"wp:attachment":[{"href":"https:\/\/reseauquebecoisdesaeroports.ca\/en\/wp-json\/wp\/v2\/media?parent=2556"}],"curies":[{"name":"wp","href":"https:\/\/api.w.org\/{rel}","templated":true}]}}