{"id":2557,"date":"2021-03-10T20:01:00","date_gmt":"2021-03-10T20:01:38","guid":{"rendered":"https:\/\/reseauquebecoisdesaeroports.ca\/new\/reforme-transport-aerien-regional-se-fait-attendre\/"},"modified":"2021-03-10T20:01:00","modified_gmt":"2021-03-10T20:01:38","slug":"reforme-transport-aerien-regional-se-fait-attendre","status":"publish","type":"nouvelles","link":"https:\/\/reseauquebecoisdesaeroports.ca\/en\/new\/reforme-transport-aerien-regional-se-fait-attendre\/","title":{"rendered":"La r\u00e9forme du transport a\u00e9rien r\u00e9gional se fait attendre"},"content":{"rendered":"<p>Neuf mois apr\u00e8s le retrait d\u2019Air Canada de r\u00e9gions du Qu\u00e9bec, le plan de dessertes r\u00e9gionales du gouvernement se fait toujours attendre. Certains acteurs craignent que l\u2019on rate l\u2019occasion de changer le mod\u00e8le en place. Selon les informations obtenues, le gouvernement mettrait possiblement l\u2019emphase sur la collaboration avec les transporteurs a\u00e9riens actuellement pr\u00e9sents sur le march\u00e9 pour am\u00e9liorer les services autour de p\u00f4les r\u00e9gionaux.<\/p>\n","protected":false},"author":1,"featured_media":0,"template":"","class_list":["post-2557","nouvelles","type-nouvelles","status-publish"],"acf":[],"yoast_head":"<!-- This site is optimized with the Yoast SEO plugin v25.8 - https:\/\/yoast.com\/wordpress\/plugins\/seo\/ -->\n<title>La r\u00e9forme du transport a\u00e9rien r\u00e9gional se fait attendre - R\u00e9seau qu\u00e9b\u00e9cois des a\u00e9roports<\/title>\n<meta name=\"robots\" content=\"index, follow, max-snippet:-1, max-image-preview:large, max-video-preview:-1\" \/>\n<link rel=\"canonical\" href=\"https:\/\/reseauquebecoisdesaeroports.ca\/new\/reforme-transport-aerien-regional-se-fait-attendre\/\" \/>\n<meta property=\"og:locale\" content=\"en_US\" \/>\n<meta property=\"og:type\" content=\"article\" \/>\n<meta property=\"og:title\" content=\"La r\u00e9forme du transport a\u00e9rien r\u00e9gional se fait attendre - R\u00e9seau qu\u00e9b\u00e9cois des a\u00e9roports\" \/>\n<meta property=\"og:description\" content=\"Neuf mois apr\u00e8s le retrait d\u2019Air Canada de r\u00e9gions du Qu\u00e9bec, le plan de dessertes r\u00e9gionales du gouvernement se fait toujours attendre. Certains acteurs craignent que l\u2019on rate l\u2019occasion de changer le mod\u00e8le en place. Selon les informations obtenues, le gouvernement mettrait possiblement l\u2019emphase sur la collaboration avec les transporteurs...\" \/>\n<meta property=\"og:url\" content=\"https:\/\/reseauquebecoisdesaeroports.ca\/new\/reforme-transport-aerien-regional-se-fait-attendre\/\" \/>\n<meta property=\"og:site_name\" content=\"R\u00e9seau qu\u00e9b\u00e9cois des a\u00e9roports\" \/>\n<meta name=\"twitter:card\" content=\"summary_large_image\" \/>\n<script type=\"application\/ld+json\" class=\"yoast-schema-graph\">{\"@context\":\"https:\/\/schema.org\",\"@graph\":[{\"@type\":\"WebPage\",\"@id\":\"https:\/\/reseauquebecoisdesaeroports.ca\/new\/reforme-transport-aerien-regional-se-fait-attendre\/\",\"url\":\"https:\/\/reseauquebecoisdesaeroports.ca\/new\/reforme-transport-aerien-regional-se-fait-attendre\/\",\"name\":\"La r\u00e9forme du transport a\u00e9rien r\u00e9gional se fait attendre - R\u00e9seau qu\u00e9b\u00e9cois des a\u00e9roports\",\"isPartOf\":{\"@id\":\"https:\/\/reseauquebecoisdesaeroports.ca\/#website\"},\"datePublished\":\"2021-03-10T20:01:38+00:00\",\"breadcrumb\":{\"@id\":\"https:\/\/reseauquebecoisdesaeroports.ca\/new\/reforme-transport-aerien-regional-se-fait-attendre\/#breadcrumb\"},\"inLanguage\":\"en-CA\",\"potentialAction\":[{\"@type\":\"ReadAction\",\"target\":[\"https:\/\/reseauquebecoisdesaeroports.ca\/new\/reforme-transport-aerien-regional-se-fait-attendre\/\"]}]},{\"@type\":\"BreadcrumbList\",\"@id\":\"https:\/\/reseauquebecoisdesaeroports.ca\/new\/reforme-transport-aerien-regional-se-fait-attendre\/#breadcrumb\",\"itemListElement\":[{\"@type\":\"ListItem\",\"position\":1,\"name\":\"Accueil\",\"item\":\"https:\/\/reseauquebecoisdesaeroports.ca\/\"},{\"@type\":\"ListItem\",\"position\":2,\"name\":\"La r\u00e9forme du transport a\u00e9rien r\u00e9gional se fait attendre\"}]},{\"@type\":\"WebSite\",\"@id\":\"https:\/\/reseauquebecoisdesaeroports.ca\/#website\",\"url\":\"https:\/\/reseauquebecoisdesaeroports.ca\/\",\"name\":\"R\u00e9seau qu\u00e9b\u00e9cois des a\u00e9roports\",\"description\":\"\",\"potentialAction\":[{\"@type\":\"SearchAction\",\"target\":{\"@type\":\"EntryPoint\",\"urlTemplate\":\"https:\/\/reseauquebecoisdesaeroports.ca\/?s={search_term_string}\"},\"query-input\":{\"@type\":\"PropertyValueSpecification\",\"valueRequired\":true,\"valueName\":\"search_term_string\"}}],\"inLanguage\":\"en-CA\"}]}<\/script>\n<!-- \/ Yoast SEO plugin. -->","yoast_head_json":{"title":"La r\u00e9forme du transport a\u00e9rien r\u00e9gional se fait attendre - R\u00e9seau qu\u00e9b\u00e9cois des a\u00e9roports","robots":{"index":"index","follow":"follow","max-snippet":"max-snippet:-1","max-image-preview":"max-image-preview:large","max-video-preview":"max-video-preview:-1"},"canonical":"https:\/\/reseauquebecoisdesaeroports.ca\/new\/reforme-transport-aerien-regional-se-fait-attendre\/","og_locale":"en_US","og_type":"article","og_title":"La r\u00e9forme du transport a\u00e9rien r\u00e9gional se fait attendre - R\u00e9seau qu\u00e9b\u00e9cois des a\u00e9roports","og_description":"Neuf mois apr\u00e8s le retrait d\u2019Air Canada de r\u00e9gions du Qu\u00e9bec, le plan de dessertes r\u00e9gionales du gouvernement se fait toujours attendre. Certains acteurs craignent que l\u2019on rate l\u2019occasion de changer le mod\u00e8le en place. Selon les informations obtenues, le gouvernement mettrait possiblement l\u2019emphase sur la collaboration avec les transporteurs...","og_url":"https:\/\/reseauquebecoisdesaeroports.ca\/new\/reforme-transport-aerien-regional-se-fait-attendre\/","og_site_name":"R\u00e9seau qu\u00e9b\u00e9cois des a\u00e9roports","twitter_card":"summary_large_image","schema":{"@context":"https:\/\/schema.org","@graph":[{"@type":"WebPage","@id":"https:\/\/reseauquebecoisdesaeroports.ca\/new\/reforme-transport-aerien-regional-se-fait-attendre\/","url":"https:\/\/reseauquebecoisdesaeroports.ca\/new\/reforme-transport-aerien-regional-se-fait-attendre\/","name":"La r\u00e9forme du transport a\u00e9rien r\u00e9gional se fait attendre - R\u00e9seau qu\u00e9b\u00e9cois des a\u00e9roports","isPartOf":{"@id":"https:\/\/reseauquebecoisdesaeroports.ca\/#website"},"datePublished":"2021-03-10T20:01:38+00:00","breadcrumb":{"@id":"https:\/\/reseauquebecoisdesaeroports.ca\/new\/reforme-transport-aerien-regional-se-fait-attendre\/#breadcrumb"},"inLanguage":"en-CA","potentialAction":[{"@type":"ReadAction","target":["https:\/\/reseauquebecoisdesaeroports.ca\/new\/reforme-transport-aerien-regional-se-fait-attendre\/"]}]},{"@type":"BreadcrumbList","@id":"https:\/\/reseauquebecoisdesaeroports.ca\/new\/reforme-transport-aerien-regional-se-fait-attendre\/#breadcrumb","itemListElement":[{"@type":"ListItem","position":1,"name":"Accueil","item":"https:\/\/reseauquebecoisdesaeroports.ca\/"},{"@type":"ListItem","position":2,"name":"La r\u00e9forme du transport a\u00e9rien r\u00e9gional se fait attendre"}]},{"@type":"WebSite","@id":"https:\/\/reseauquebecoisdesaeroports.ca\/#website","url":"https:\/\/reseauquebecoisdesaeroports.ca\/","name":"R\u00e9seau qu\u00e9b\u00e9cois des a\u00e9roports","description":"","potentialAction":[{"@type":"SearchAction","target":{"@type":"EntryPoint","urlTemplate":"https:\/\/reseauquebecoisdesaeroports.ca\/?s={search_term_string}"},"query-input":{"@type":"PropertyValueSpecification","valueRequired":true,"valueName":"search_term_string"}}],"inLanguage":"en-CA"}]}},"_links":{"self":[{"href":"https:\/\/reseauquebecoisdesaeroports.ca\/en\/wp-json\/wp\/v2\/nouvelles\/2557","targetHints":{"allow":["GET"]}}],"collection":[{"href":"https:\/\/reseauquebecoisdesaeroports.ca\/en\/wp-json\/wp\/v2\/nouvelles"}],"about":[{"href":"https:\/\/reseauquebecoisdesaeroports.ca\/en\/wp-json\/wp\/v2\/types\/nouvelles"}],"author":[{"embeddable":true,"href":"https:\/\/reseauquebecoisdesaeroports.ca\/en\/wp-json\/wp\/v2\/users\/1"}],"wp:attachment":[{"href":"https:\/\/reseauquebecoisdesaeroports.ca\/en\/wp-json\/wp\/v2\/media?parent=2557"}],"curies":[{"name":"wp","href":"https:\/\/api.w.org\/{rel}","templated":true}]}}