{"id":2559,"date":"2021-03-10T20:03:00","date_gmt":"2021-03-10T20:03:10","guid":{"rendered":"https:\/\/reseauquebecoisdesaeroports.ca\/new\/parti-liberal-plan-long-terme-services-transport-aerien-regional\/"},"modified":"2021-03-10T20:03:00","modified_gmt":"2021-03-10T20:03:10","slug":"parti-liberal-plan-long-terme-services-transport-aerien-regional","status":"publish","type":"nouvelles","link":"https:\/\/reseauquebecoisdesaeroports.ca\/en\/new\/parti-liberal-plan-long-terme-services-transport-aerien-regional\/","title":{"rendered":"Le Parti lib\u00e9ral du Qu\u00e9bec demande un plan \u00e0 long terme pour assurer les services de transport a\u00e9rien r\u00e9gional"},"content":{"rendered":"<p>Alors que l\u2019heure est aux discussions pour la relance \u00e9conomique du Qu\u00e9bec, aucun plan quant au transport a\u00e9rien r\u00e9gional n\u2019a encore \u00e9t\u00e9 soumis par le gouvernement. Plusieurs pistes ont toutefois \u00e9t\u00e9 mises de l\u2019avant lors de diverses rencontres. M. Enrico Ciccone, porte&#8209;parole de l\u2019opposition officielle en mati\u00e8re de transport, r\u00e9clame une r\u00e9ponse des caquistes sur le sujet.<\/p>\n","protected":false},"author":1,"featured_media":0,"template":"","class_list":["post-2559","nouvelles","type-nouvelles","status-publish"],"acf":[],"yoast_head":"<!-- This site is optimized with the Yoast SEO plugin v25.8 - https:\/\/yoast.com\/wordpress\/plugins\/seo\/ -->\n<title>Le Parti lib\u00e9ral du Qu\u00e9bec demande un plan \u00e0 long terme pour assurer les services de transport a\u00e9rien r\u00e9gional - R\u00e9seau qu\u00e9b\u00e9cois des a\u00e9roports<\/title>\n<meta name=\"robots\" content=\"index, follow, max-snippet:-1, max-image-preview:large, max-video-preview:-1\" \/>\n<link rel=\"canonical\" href=\"https:\/\/reseauquebecoisdesaeroports.ca\/new\/parti-liberal-plan-long-terme-services-transport-aerien-regional\/\" \/>\n<meta property=\"og:locale\" content=\"en_US\" \/>\n<meta property=\"og:type\" content=\"article\" \/>\n<meta property=\"og:title\" content=\"Le Parti lib\u00e9ral du Qu\u00e9bec demande un plan \u00e0 long terme pour assurer les services de transport a\u00e9rien r\u00e9gional - R\u00e9seau qu\u00e9b\u00e9cois des a\u00e9roports\" \/>\n<meta property=\"og:description\" content=\"Alors que l\u2019heure est aux discussions pour la relance \u00e9conomique du Qu\u00e9bec, aucun plan quant au transport a\u00e9rien r\u00e9gional n\u2019a encore \u00e9t\u00e9 soumis par le gouvernement. Plusieurs pistes ont toutefois \u00e9t\u00e9 mises de l\u2019avant lors de diverses rencontres. M. Enrico Ciccone, porte&#8209;parole de l\u2019opposition officielle en mati\u00e8re de transport, r\u00e9clame...\" \/>\n<meta property=\"og:url\" content=\"https:\/\/reseauquebecoisdesaeroports.ca\/new\/parti-liberal-plan-long-terme-services-transport-aerien-regional\/\" \/>\n<meta property=\"og:site_name\" content=\"R\u00e9seau qu\u00e9b\u00e9cois des a\u00e9roports\" \/>\n<meta name=\"twitter:card\" content=\"summary_large_image\" \/>\n<script type=\"application\/ld+json\" class=\"yoast-schema-graph\">{\"@context\":\"https:\/\/schema.org\",\"@graph\":[{\"@type\":\"WebPage\",\"@id\":\"https:\/\/reseauquebecoisdesaeroports.ca\/new\/parti-liberal-plan-long-terme-services-transport-aerien-regional\/\",\"url\":\"https:\/\/reseauquebecoisdesaeroports.ca\/new\/parti-liberal-plan-long-terme-services-transport-aerien-regional\/\",\"name\":\"Le Parti lib\u00e9ral du Qu\u00e9bec demande un plan \u00e0 long terme pour assurer les services de transport a\u00e9rien r\u00e9gional - R\u00e9seau qu\u00e9b\u00e9cois des a\u00e9roports\",\"isPartOf\":{\"@id\":\"https:\/\/reseauquebecoisdesaeroports.ca\/#website\"},\"datePublished\":\"2021-03-10T20:03:10+00:00\",\"breadcrumb\":{\"@id\":\"https:\/\/reseauquebecoisdesaeroports.ca\/new\/parti-liberal-plan-long-terme-services-transport-aerien-regional\/#breadcrumb\"},\"inLanguage\":\"en-CA\",\"potentialAction\":[{\"@type\":\"ReadAction\",\"target\":[\"https:\/\/reseauquebecoisdesaeroports.ca\/new\/parti-liberal-plan-long-terme-services-transport-aerien-regional\/\"]}]},{\"@type\":\"BreadcrumbList\",\"@id\":\"https:\/\/reseauquebecoisdesaeroports.ca\/new\/parti-liberal-plan-long-terme-services-transport-aerien-regional\/#breadcrumb\",\"itemListElement\":[{\"@type\":\"ListItem\",\"position\":1,\"name\":\"Accueil\",\"item\":\"https:\/\/reseauquebecoisdesaeroports.ca\/\"},{\"@type\":\"ListItem\",\"position\":2,\"name\":\"Le Parti lib\u00e9ral du Qu\u00e9bec demande un plan \u00e0 long terme pour assurer les services de transport a\u00e9rien r\u00e9gional\"}]},{\"@type\":\"WebSite\",\"@id\":\"https:\/\/reseauquebecoisdesaeroports.ca\/#website\",\"url\":\"https:\/\/reseauquebecoisdesaeroports.ca\/\",\"name\":\"R\u00e9seau qu\u00e9b\u00e9cois des a\u00e9roports\",\"description\":\"\",\"potentialAction\":[{\"@type\":\"SearchAction\",\"target\":{\"@type\":\"EntryPoint\",\"urlTemplate\":\"https:\/\/reseauquebecoisdesaeroports.ca\/?s={search_term_string}\"},\"query-input\":{\"@type\":\"PropertyValueSpecification\",\"valueRequired\":true,\"valueName\":\"search_term_string\"}}],\"inLanguage\":\"en-CA\"}]}<\/script>\n<!-- \/ Yoast SEO plugin. -->","yoast_head_json":{"title":"Le Parti lib\u00e9ral du Qu\u00e9bec demande un plan \u00e0 long terme pour assurer les services de transport a\u00e9rien r\u00e9gional - R\u00e9seau qu\u00e9b\u00e9cois des a\u00e9roports","robots":{"index":"index","follow":"follow","max-snippet":"max-snippet:-1","max-image-preview":"max-image-preview:large","max-video-preview":"max-video-preview:-1"},"canonical":"https:\/\/reseauquebecoisdesaeroports.ca\/new\/parti-liberal-plan-long-terme-services-transport-aerien-regional\/","og_locale":"en_US","og_type":"article","og_title":"Le Parti lib\u00e9ral du Qu\u00e9bec demande un plan \u00e0 long terme pour assurer les services de transport a\u00e9rien r\u00e9gional - R\u00e9seau qu\u00e9b\u00e9cois des a\u00e9roports","og_description":"Alors que l\u2019heure est aux discussions pour la relance \u00e9conomique du Qu\u00e9bec, aucun plan quant au transport a\u00e9rien r\u00e9gional n\u2019a encore \u00e9t\u00e9 soumis par le gouvernement. Plusieurs pistes ont toutefois \u00e9t\u00e9 mises de l\u2019avant lors de diverses rencontres. M. Enrico Ciccone, porte&#8209;parole de l\u2019opposition officielle en mati\u00e8re de transport, r\u00e9clame...","og_url":"https:\/\/reseauquebecoisdesaeroports.ca\/new\/parti-liberal-plan-long-terme-services-transport-aerien-regional\/","og_site_name":"R\u00e9seau qu\u00e9b\u00e9cois des a\u00e9roports","twitter_card":"summary_large_image","schema":{"@context":"https:\/\/schema.org","@graph":[{"@type":"WebPage","@id":"https:\/\/reseauquebecoisdesaeroports.ca\/new\/parti-liberal-plan-long-terme-services-transport-aerien-regional\/","url":"https:\/\/reseauquebecoisdesaeroports.ca\/new\/parti-liberal-plan-long-terme-services-transport-aerien-regional\/","name":"Le Parti lib\u00e9ral du Qu\u00e9bec demande un plan \u00e0 long terme pour assurer les services de transport a\u00e9rien r\u00e9gional - R\u00e9seau qu\u00e9b\u00e9cois des a\u00e9roports","isPartOf":{"@id":"https:\/\/reseauquebecoisdesaeroports.ca\/#website"},"datePublished":"2021-03-10T20:03:10+00:00","breadcrumb":{"@id":"https:\/\/reseauquebecoisdesaeroports.ca\/new\/parti-liberal-plan-long-terme-services-transport-aerien-regional\/#breadcrumb"},"inLanguage":"en-CA","potentialAction":[{"@type":"ReadAction","target":["https:\/\/reseauquebecoisdesaeroports.ca\/new\/parti-liberal-plan-long-terme-services-transport-aerien-regional\/"]}]},{"@type":"BreadcrumbList","@id":"https:\/\/reseauquebecoisdesaeroports.ca\/new\/parti-liberal-plan-long-terme-services-transport-aerien-regional\/#breadcrumb","itemListElement":[{"@type":"ListItem","position":1,"name":"Accueil","item":"https:\/\/reseauquebecoisdesaeroports.ca\/"},{"@type":"ListItem","position":2,"name":"Le Parti lib\u00e9ral du Qu\u00e9bec demande un plan \u00e0 long terme pour assurer les services de transport a\u00e9rien r\u00e9gional"}]},{"@type":"WebSite","@id":"https:\/\/reseauquebecoisdesaeroports.ca\/#website","url":"https:\/\/reseauquebecoisdesaeroports.ca\/","name":"R\u00e9seau qu\u00e9b\u00e9cois des a\u00e9roports","description":"","potentialAction":[{"@type":"SearchAction","target":{"@type":"EntryPoint","urlTemplate":"https:\/\/reseauquebecoisdesaeroports.ca\/?s={search_term_string}"},"query-input":{"@type":"PropertyValueSpecification","valueRequired":true,"valueName":"search_term_string"}}],"inLanguage":"en-CA"}]}},"_links":{"self":[{"href":"https:\/\/reseauquebecoisdesaeroports.ca\/en\/wp-json\/wp\/v2\/nouvelles\/2559","targetHints":{"allow":["GET"]}}],"collection":[{"href":"https:\/\/reseauquebecoisdesaeroports.ca\/en\/wp-json\/wp\/v2\/nouvelles"}],"about":[{"href":"https:\/\/reseauquebecoisdesaeroports.ca\/en\/wp-json\/wp\/v2\/types\/nouvelles"}],"author":[{"embeddable":true,"href":"https:\/\/reseauquebecoisdesaeroports.ca\/en\/wp-json\/wp\/v2\/users\/1"}],"wp:attachment":[{"href":"https:\/\/reseauquebecoisdesaeroports.ca\/en\/wp-json\/wp\/v2\/media?parent=2559"}],"curies":[{"name":"wp","href":"https:\/\/api.w.org\/{rel}","templated":true}]}}