{"id":2565,"date":"2021-03-17T19:03:00","date_gmt":"2021-03-17T19:03:45","guid":{"rendered":"https:\/\/reseauquebecoisdesaeroports.ca\/new\/transport-aerien-regional-pq-reclame-depot-plan-intervention\/"},"modified":"2021-03-17T19:03:00","modified_gmt":"2021-03-17T19:03:45","slug":"transport-aerien-regional-pq-reclame-depot-plan-intervention","status":"publish","type":"nouvelles","link":"https:\/\/reseauquebecoisdesaeroports.ca\/en\/new\/transport-aerien-regional-pq-reclame-depot-plan-intervention\/","title":{"rendered":"Transport a\u00e9rien r\u00e9gional : le PQ r\u00e9clame le d\u00e9p\u00f4t du plan d\u2019intervention"},"content":{"rendered":"<p>M. Jo\u00ebl Arseneau, d\u00e9put\u00e9 des \u00celes-de-la-Madeleine et porte-parole du Parti Qu\u00e9b\u00e9cois en mati\u00e8re de transports, r\u00e9clame que le plan d\u2019intervention pour le transport r\u00e9gional soit pr\u00e9sent\u00e9 au plus vite. Les travaux du groupe d\u2019intervention ont pris fin en novembre dernier, rappelle le d\u00e9put\u00e9. C\u2019est silence radio de la part du gouvernement depuis le d\u00e9p\u00f4t, en janvier,  du rapport de l\u2019expert de HEC Montr\u00e9al, M. Jacques Roy.<\/p>\n","protected":false},"author":1,"featured_media":0,"template":"","class_list":["post-2565","nouvelles","type-nouvelles","status-publish"],"acf":[],"yoast_head":"<!-- This site is optimized with the Yoast SEO plugin v25.8 - https:\/\/yoast.com\/wordpress\/plugins\/seo\/ -->\n<title>Transport a\u00e9rien r\u00e9gional : le PQ r\u00e9clame le d\u00e9p\u00f4t du plan d\u2019intervention - R\u00e9seau qu\u00e9b\u00e9cois des a\u00e9roports<\/title>\n<meta name=\"robots\" content=\"index, follow, max-snippet:-1, max-image-preview:large, max-video-preview:-1\" \/>\n<link rel=\"canonical\" href=\"https:\/\/reseauquebecoisdesaeroports.ca\/new\/transport-aerien-regional-pq-reclame-depot-plan-intervention\/\" \/>\n<meta property=\"og:locale\" content=\"en_US\" \/>\n<meta property=\"og:type\" content=\"article\" \/>\n<meta property=\"og:title\" content=\"Transport a\u00e9rien r\u00e9gional : le PQ r\u00e9clame le d\u00e9p\u00f4t du plan d\u2019intervention - R\u00e9seau qu\u00e9b\u00e9cois des a\u00e9roports\" \/>\n<meta property=\"og:description\" content=\"M. Jo\u00ebl Arseneau, d\u00e9put\u00e9 des \u00celes-de-la-Madeleine et porte-parole du Parti Qu\u00e9b\u00e9cois en mati\u00e8re de transports, r\u00e9clame que le plan d\u2019intervention pour le transport r\u00e9gional soit pr\u00e9sent\u00e9 au plus vite. Les travaux du groupe d\u2019intervention ont pris fin en novembre dernier, rappelle le d\u00e9put\u00e9. C\u2019est silence radio de la part du...\" \/>\n<meta property=\"og:url\" content=\"https:\/\/reseauquebecoisdesaeroports.ca\/new\/transport-aerien-regional-pq-reclame-depot-plan-intervention\/\" \/>\n<meta property=\"og:site_name\" content=\"R\u00e9seau qu\u00e9b\u00e9cois des a\u00e9roports\" \/>\n<meta name=\"twitter:card\" content=\"summary_large_image\" \/>\n<script type=\"application\/ld+json\" class=\"yoast-schema-graph\">{\"@context\":\"https:\/\/schema.org\",\"@graph\":[{\"@type\":\"WebPage\",\"@id\":\"https:\/\/reseauquebecoisdesaeroports.ca\/new\/transport-aerien-regional-pq-reclame-depot-plan-intervention\/\",\"url\":\"https:\/\/reseauquebecoisdesaeroports.ca\/new\/transport-aerien-regional-pq-reclame-depot-plan-intervention\/\",\"name\":\"Transport a\u00e9rien r\u00e9gional : le PQ r\u00e9clame le d\u00e9p\u00f4t du plan d\u2019intervention - R\u00e9seau qu\u00e9b\u00e9cois des a\u00e9roports\",\"isPartOf\":{\"@id\":\"https:\/\/reseauquebecoisdesaeroports.ca\/#website\"},\"datePublished\":\"2021-03-17T19:03:45+00:00\",\"breadcrumb\":{\"@id\":\"https:\/\/reseauquebecoisdesaeroports.ca\/new\/transport-aerien-regional-pq-reclame-depot-plan-intervention\/#breadcrumb\"},\"inLanguage\":\"en-CA\",\"potentialAction\":[{\"@type\":\"ReadAction\",\"target\":[\"https:\/\/reseauquebecoisdesaeroports.ca\/new\/transport-aerien-regional-pq-reclame-depot-plan-intervention\/\"]}]},{\"@type\":\"BreadcrumbList\",\"@id\":\"https:\/\/reseauquebecoisdesaeroports.ca\/new\/transport-aerien-regional-pq-reclame-depot-plan-intervention\/#breadcrumb\",\"itemListElement\":[{\"@type\":\"ListItem\",\"position\":1,\"name\":\"Accueil\",\"item\":\"https:\/\/reseauquebecoisdesaeroports.ca\/\"},{\"@type\":\"ListItem\",\"position\":2,\"name\":\"Transport a\u00e9rien r\u00e9gional : le PQ r\u00e9clame le d\u00e9p\u00f4t du plan d\u2019intervention\"}]},{\"@type\":\"WebSite\",\"@id\":\"https:\/\/reseauquebecoisdesaeroports.ca\/#website\",\"url\":\"https:\/\/reseauquebecoisdesaeroports.ca\/\",\"name\":\"R\u00e9seau qu\u00e9b\u00e9cois des a\u00e9roports\",\"description\":\"\",\"potentialAction\":[{\"@type\":\"SearchAction\",\"target\":{\"@type\":\"EntryPoint\",\"urlTemplate\":\"https:\/\/reseauquebecoisdesaeroports.ca\/?s={search_term_string}\"},\"query-input\":{\"@type\":\"PropertyValueSpecification\",\"valueRequired\":true,\"valueName\":\"search_term_string\"}}],\"inLanguage\":\"en-CA\"}]}<\/script>\n<!-- \/ Yoast SEO plugin. -->","yoast_head_json":{"title":"Transport a\u00e9rien r\u00e9gional : le PQ r\u00e9clame le d\u00e9p\u00f4t du plan d\u2019intervention - R\u00e9seau qu\u00e9b\u00e9cois des a\u00e9roports","robots":{"index":"index","follow":"follow","max-snippet":"max-snippet:-1","max-image-preview":"max-image-preview:large","max-video-preview":"max-video-preview:-1"},"canonical":"https:\/\/reseauquebecoisdesaeroports.ca\/new\/transport-aerien-regional-pq-reclame-depot-plan-intervention\/","og_locale":"en_US","og_type":"article","og_title":"Transport a\u00e9rien r\u00e9gional : le PQ r\u00e9clame le d\u00e9p\u00f4t du plan d\u2019intervention - R\u00e9seau qu\u00e9b\u00e9cois des a\u00e9roports","og_description":"M. Jo\u00ebl Arseneau, d\u00e9put\u00e9 des \u00celes-de-la-Madeleine et porte-parole du Parti Qu\u00e9b\u00e9cois en mati\u00e8re de transports, r\u00e9clame que le plan d\u2019intervention pour le transport r\u00e9gional soit pr\u00e9sent\u00e9 au plus vite. Les travaux du groupe d\u2019intervention ont pris fin en novembre dernier, rappelle le d\u00e9put\u00e9. C\u2019est silence radio de la part du...","og_url":"https:\/\/reseauquebecoisdesaeroports.ca\/new\/transport-aerien-regional-pq-reclame-depot-plan-intervention\/","og_site_name":"R\u00e9seau qu\u00e9b\u00e9cois des a\u00e9roports","twitter_card":"summary_large_image","schema":{"@context":"https:\/\/schema.org","@graph":[{"@type":"WebPage","@id":"https:\/\/reseauquebecoisdesaeroports.ca\/new\/transport-aerien-regional-pq-reclame-depot-plan-intervention\/","url":"https:\/\/reseauquebecoisdesaeroports.ca\/new\/transport-aerien-regional-pq-reclame-depot-plan-intervention\/","name":"Transport a\u00e9rien r\u00e9gional : le PQ r\u00e9clame le d\u00e9p\u00f4t du plan d\u2019intervention - R\u00e9seau qu\u00e9b\u00e9cois des a\u00e9roports","isPartOf":{"@id":"https:\/\/reseauquebecoisdesaeroports.ca\/#website"},"datePublished":"2021-03-17T19:03:45+00:00","breadcrumb":{"@id":"https:\/\/reseauquebecoisdesaeroports.ca\/new\/transport-aerien-regional-pq-reclame-depot-plan-intervention\/#breadcrumb"},"inLanguage":"en-CA","potentialAction":[{"@type":"ReadAction","target":["https:\/\/reseauquebecoisdesaeroports.ca\/new\/transport-aerien-regional-pq-reclame-depot-plan-intervention\/"]}]},{"@type":"BreadcrumbList","@id":"https:\/\/reseauquebecoisdesaeroports.ca\/new\/transport-aerien-regional-pq-reclame-depot-plan-intervention\/#breadcrumb","itemListElement":[{"@type":"ListItem","position":1,"name":"Accueil","item":"https:\/\/reseauquebecoisdesaeroports.ca\/"},{"@type":"ListItem","position":2,"name":"Transport a\u00e9rien r\u00e9gional : le PQ r\u00e9clame le d\u00e9p\u00f4t du plan d\u2019intervention"}]},{"@type":"WebSite","@id":"https:\/\/reseauquebecoisdesaeroports.ca\/#website","url":"https:\/\/reseauquebecoisdesaeroports.ca\/","name":"R\u00e9seau qu\u00e9b\u00e9cois des a\u00e9roports","description":"","potentialAction":[{"@type":"SearchAction","target":{"@type":"EntryPoint","urlTemplate":"https:\/\/reseauquebecoisdesaeroports.ca\/?s={search_term_string}"},"query-input":{"@type":"PropertyValueSpecification","valueRequired":true,"valueName":"search_term_string"}}],"inLanguage":"en-CA"}]}},"_links":{"self":[{"href":"https:\/\/reseauquebecoisdesaeroports.ca\/en\/wp-json\/wp\/v2\/nouvelles\/2565","targetHints":{"allow":["GET"]}}],"collection":[{"href":"https:\/\/reseauquebecoisdesaeroports.ca\/en\/wp-json\/wp\/v2\/nouvelles"}],"about":[{"href":"https:\/\/reseauquebecoisdesaeroports.ca\/en\/wp-json\/wp\/v2\/types\/nouvelles"}],"author":[{"embeddable":true,"href":"https:\/\/reseauquebecoisdesaeroports.ca\/en\/wp-json\/wp\/v2\/users\/1"}],"wp:attachment":[{"href":"https:\/\/reseauquebecoisdesaeroports.ca\/en\/wp-json\/wp\/v2\/media?parent=2565"}],"curies":[{"name":"wp","href":"https:\/\/api.w.org\/{rel}","templated":true}]}}