{"id":2566,"date":"2021-03-17T19:04:00","date_gmt":"2021-03-17T19:04:02","guid":{"rendered":"https:\/\/reseauquebecoisdesaeroports.ca\/new\/laeroport-veut-saisir-la-relance-pour-decoller\/"},"modified":"2021-03-17T19:04:00","modified_gmt":"2021-03-17T19:04:02","slug":"laeroport-veut-saisir-la-relance-pour-decoller","status":"publish","type":"nouvelles","link":"https:\/\/reseauquebecoisdesaeroports.ca\/en\/new\/laeroport-veut-saisir-la-relance-pour-decoller\/","title":{"rendered":"L\u2019A\u00e9roport veut saisir la relance pour d\u00e9coller"},"content":{"rendered":"<p>Selon diverses sources, le projet de dessertes a\u00e9riennes \u00e0 partir de l\u2019A\u00e9roport de Sherbrooke serait sur le point de se concr\u00e9tiser. Le projet de relance sera soumis au conseil municipal en avril, puis \u00e0 la population. Il est bas\u00e9 sur des donn\u00e9es annon\u00e7ant une reprise \u00e9conomique spectaculaire \u2013 les gens et les entreprises ayant fait des d\u2019importantes \u00e9conomies au cours de la derni\u00e8re ann\u00e9e.<\/p>\n","protected":false},"author":1,"featured_media":0,"template":"","class_list":["post-2566","nouvelles","type-nouvelles","status-publish"],"acf":[],"yoast_head":"<!-- This site is optimized with the Yoast SEO plugin v25.8 - https:\/\/yoast.com\/wordpress\/plugins\/seo\/ -->\n<title>L\u2019A\u00e9roport veut saisir la relance pour d\u00e9coller - R\u00e9seau qu\u00e9b\u00e9cois des a\u00e9roports<\/title>\n<meta name=\"robots\" content=\"index, follow, max-snippet:-1, max-image-preview:large, max-video-preview:-1\" \/>\n<link rel=\"canonical\" href=\"https:\/\/reseauquebecoisdesaeroports.ca\/new\/laeroport-veut-saisir-la-relance-pour-decoller\/\" \/>\n<meta property=\"og:locale\" content=\"en_US\" \/>\n<meta property=\"og:type\" content=\"article\" \/>\n<meta property=\"og:title\" content=\"L\u2019A\u00e9roport veut saisir la relance pour d\u00e9coller - R\u00e9seau qu\u00e9b\u00e9cois des a\u00e9roports\" \/>\n<meta property=\"og:description\" content=\"Selon diverses sources, le projet de dessertes a\u00e9riennes \u00e0 partir de l\u2019A\u00e9roport de Sherbrooke serait sur le point de se concr\u00e9tiser. Le projet de relance sera soumis au conseil municipal en avril, puis \u00e0 la population. Il est bas\u00e9 sur des donn\u00e9es annon\u00e7ant une reprise \u00e9conomique spectaculaire \u2013 les gens...\" \/>\n<meta property=\"og:url\" content=\"https:\/\/reseauquebecoisdesaeroports.ca\/new\/laeroport-veut-saisir-la-relance-pour-decoller\/\" \/>\n<meta property=\"og:site_name\" content=\"R\u00e9seau qu\u00e9b\u00e9cois des a\u00e9roports\" \/>\n<meta name=\"twitter:card\" content=\"summary_large_image\" \/>\n<script type=\"application\/ld+json\" class=\"yoast-schema-graph\">{\"@context\":\"https:\/\/schema.org\",\"@graph\":[{\"@type\":\"WebPage\",\"@id\":\"https:\/\/reseauquebecoisdesaeroports.ca\/new\/laeroport-veut-saisir-la-relance-pour-decoller\/\",\"url\":\"https:\/\/reseauquebecoisdesaeroports.ca\/new\/laeroport-veut-saisir-la-relance-pour-decoller\/\",\"name\":\"L\u2019A\u00e9roport veut saisir la relance pour d\u00e9coller - R\u00e9seau qu\u00e9b\u00e9cois des a\u00e9roports\",\"isPartOf\":{\"@id\":\"https:\/\/reseauquebecoisdesaeroports.ca\/#website\"},\"datePublished\":\"2021-03-17T19:04:02+00:00\",\"breadcrumb\":{\"@id\":\"https:\/\/reseauquebecoisdesaeroports.ca\/new\/laeroport-veut-saisir-la-relance-pour-decoller\/#breadcrumb\"},\"inLanguage\":\"en-CA\",\"potentialAction\":[{\"@type\":\"ReadAction\",\"target\":[\"https:\/\/reseauquebecoisdesaeroports.ca\/new\/laeroport-veut-saisir-la-relance-pour-decoller\/\"]}]},{\"@type\":\"BreadcrumbList\",\"@id\":\"https:\/\/reseauquebecoisdesaeroports.ca\/new\/laeroport-veut-saisir-la-relance-pour-decoller\/#breadcrumb\",\"itemListElement\":[{\"@type\":\"ListItem\",\"position\":1,\"name\":\"Accueil\",\"item\":\"https:\/\/reseauquebecoisdesaeroports.ca\/\"},{\"@type\":\"ListItem\",\"position\":2,\"name\":\"L\u2019A\u00e9roport veut saisir la relance pour d\u00e9coller\"}]},{\"@type\":\"WebSite\",\"@id\":\"https:\/\/reseauquebecoisdesaeroports.ca\/#website\",\"url\":\"https:\/\/reseauquebecoisdesaeroports.ca\/\",\"name\":\"R\u00e9seau qu\u00e9b\u00e9cois des a\u00e9roports\",\"description\":\"\",\"potentialAction\":[{\"@type\":\"SearchAction\",\"target\":{\"@type\":\"EntryPoint\",\"urlTemplate\":\"https:\/\/reseauquebecoisdesaeroports.ca\/?s={search_term_string}\"},\"query-input\":{\"@type\":\"PropertyValueSpecification\",\"valueRequired\":true,\"valueName\":\"search_term_string\"}}],\"inLanguage\":\"en-CA\"}]}<\/script>\n<!-- \/ Yoast SEO plugin. -->","yoast_head_json":{"title":"L\u2019A\u00e9roport veut saisir la relance pour d\u00e9coller - R\u00e9seau qu\u00e9b\u00e9cois des a\u00e9roports","robots":{"index":"index","follow":"follow","max-snippet":"max-snippet:-1","max-image-preview":"max-image-preview:large","max-video-preview":"max-video-preview:-1"},"canonical":"https:\/\/reseauquebecoisdesaeroports.ca\/new\/laeroport-veut-saisir-la-relance-pour-decoller\/","og_locale":"en_US","og_type":"article","og_title":"L\u2019A\u00e9roport veut saisir la relance pour d\u00e9coller - R\u00e9seau qu\u00e9b\u00e9cois des a\u00e9roports","og_description":"Selon diverses sources, le projet de dessertes a\u00e9riennes \u00e0 partir de l\u2019A\u00e9roport de Sherbrooke serait sur le point de se concr\u00e9tiser. Le projet de relance sera soumis au conseil municipal en avril, puis \u00e0 la population. Il est bas\u00e9 sur des donn\u00e9es annon\u00e7ant une reprise \u00e9conomique spectaculaire \u2013 les gens...","og_url":"https:\/\/reseauquebecoisdesaeroports.ca\/new\/laeroport-veut-saisir-la-relance-pour-decoller\/","og_site_name":"R\u00e9seau qu\u00e9b\u00e9cois des a\u00e9roports","twitter_card":"summary_large_image","schema":{"@context":"https:\/\/schema.org","@graph":[{"@type":"WebPage","@id":"https:\/\/reseauquebecoisdesaeroports.ca\/new\/laeroport-veut-saisir-la-relance-pour-decoller\/","url":"https:\/\/reseauquebecoisdesaeroports.ca\/new\/laeroport-veut-saisir-la-relance-pour-decoller\/","name":"L\u2019A\u00e9roport veut saisir la relance pour d\u00e9coller - R\u00e9seau qu\u00e9b\u00e9cois des a\u00e9roports","isPartOf":{"@id":"https:\/\/reseauquebecoisdesaeroports.ca\/#website"},"datePublished":"2021-03-17T19:04:02+00:00","breadcrumb":{"@id":"https:\/\/reseauquebecoisdesaeroports.ca\/new\/laeroport-veut-saisir-la-relance-pour-decoller\/#breadcrumb"},"inLanguage":"en-CA","potentialAction":[{"@type":"ReadAction","target":["https:\/\/reseauquebecoisdesaeroports.ca\/new\/laeroport-veut-saisir-la-relance-pour-decoller\/"]}]},{"@type":"BreadcrumbList","@id":"https:\/\/reseauquebecoisdesaeroports.ca\/new\/laeroport-veut-saisir-la-relance-pour-decoller\/#breadcrumb","itemListElement":[{"@type":"ListItem","position":1,"name":"Accueil","item":"https:\/\/reseauquebecoisdesaeroports.ca\/"},{"@type":"ListItem","position":2,"name":"L\u2019A\u00e9roport veut saisir la relance pour d\u00e9coller"}]},{"@type":"WebSite","@id":"https:\/\/reseauquebecoisdesaeroports.ca\/#website","url":"https:\/\/reseauquebecoisdesaeroports.ca\/","name":"R\u00e9seau qu\u00e9b\u00e9cois des a\u00e9roports","description":"","potentialAction":[{"@type":"SearchAction","target":{"@type":"EntryPoint","urlTemplate":"https:\/\/reseauquebecoisdesaeroports.ca\/?s={search_term_string}"},"query-input":{"@type":"PropertyValueSpecification","valueRequired":true,"valueName":"search_term_string"}}],"inLanguage":"en-CA"}]}},"_links":{"self":[{"href":"https:\/\/reseauquebecoisdesaeroports.ca\/en\/wp-json\/wp\/v2\/nouvelles\/2566","targetHints":{"allow":["GET"]}}],"collection":[{"href":"https:\/\/reseauquebecoisdesaeroports.ca\/en\/wp-json\/wp\/v2\/nouvelles"}],"about":[{"href":"https:\/\/reseauquebecoisdesaeroports.ca\/en\/wp-json\/wp\/v2\/types\/nouvelles"}],"author":[{"embeddable":true,"href":"https:\/\/reseauquebecoisdesaeroports.ca\/en\/wp-json\/wp\/v2\/users\/1"}],"wp:attachment":[{"href":"https:\/\/reseauquebecoisdesaeroports.ca\/en\/wp-json\/wp\/v2\/media?parent=2566"}],"curies":[{"name":"wp","href":"https:\/\/api.w.org\/{rel}","templated":true}]}}