{"id":2580,"date":"2021-04-07T19:01:00","date_gmt":"2021-04-07T19:01:16","guid":{"rendered":"https:\/\/reseauquebecoisdesaeroports.ca\/new\/aeroport-quebec-redecollage-post-pandemie\/"},"modified":"2021-04-07T19:01:00","modified_gmt":"2021-04-07T19:01:16","slug":"aeroport-quebec-redecollage-post-pandemie","status":"publish","type":"nouvelles","link":"https:\/\/reseauquebecoisdesaeroports.ca\/en\/new\/aeroport-quebec-redecollage-post-pandemie\/","title":{"rendered":"L\u2019A\u00e9roport de Qu\u00e9bec orchestre son red\u00e9collage post-pand\u00e9mie"},"content":{"rendered":"<p>Frapp\u00e9 de plein fouet par la pand\u00e9mie, l\u2019A\u00e9roport international Jean-Lesage de Qu\u00e9bec (YQB) a vu ses revenus s\u2019effondrer de 88 %. D\u00e9termin\u00e9e \u00e0 convertir ce contexte mondial in\u00e9dit, sa direction appuie sa sortie de crise sur un ambitieux plan de relance dont l\u2019objectif consiste \u00e0 renforcer son r\u00f4le de moteur \u00e9conomique pour la grande r\u00e9gion de la Capitale.<\/p>\n<p>La relance touche cinq volets :<\/p>\n<ol>\n<li>Optimiser la zone de chalandise, soit le rayonnement aupr\u00e8s de la client\u00e8le \u00e9largie pour les ramener (Trois-Rivi\u00e8res, Lac-Saint-Jean, Bas-du-Fleuve) \u00e0 YQB;<\/li>\n<li>Consolidation de la desserte r\u00e9gionale;<\/li>\n<li>Dynamiser la plateforme intermodale (cargo);<\/li>\n<li>Mise en valeur du parc a\u00e9roportuaire avec plus de 1,2 million de m\u00e8tres carr\u00e9s d\u2019espace disponible;<\/li>\n<li>Centre de pr\u00e9d\u00e9douanement \u00e0 concr\u00e9tiser.<\/li>\n<\/ol>\n","protected":false},"author":1,"featured_media":0,"template":"","class_list":["post-2580","nouvelles","type-nouvelles","status-publish"],"acf":[],"yoast_head":"<!-- This site is optimized with the Yoast SEO plugin v25.8 - https:\/\/yoast.com\/wordpress\/plugins\/seo\/ -->\n<title>L\u2019A\u00e9roport de Qu\u00e9bec orchestre son red\u00e9collage post-pand\u00e9mie - R\u00e9seau qu\u00e9b\u00e9cois des a\u00e9roports<\/title>\n<meta name=\"robots\" content=\"index, follow, max-snippet:-1, max-image-preview:large, max-video-preview:-1\" \/>\n<link rel=\"canonical\" href=\"https:\/\/reseauquebecoisdesaeroports.ca\/new\/aeroport-quebec-redecollage-post-pandemie\/\" \/>\n<meta property=\"og:locale\" content=\"en_US\" \/>\n<meta property=\"og:type\" content=\"article\" \/>\n<meta property=\"og:title\" content=\"L\u2019A\u00e9roport de Qu\u00e9bec orchestre son red\u00e9collage post-pand\u00e9mie - R\u00e9seau qu\u00e9b\u00e9cois des a\u00e9roports\" \/>\n<meta property=\"og:description\" content=\"Frapp\u00e9 de plein fouet par la pand\u00e9mie, l\u2019A\u00e9roport international Jean-Lesage de Qu\u00e9bec (YQB) a vu ses revenus s\u2019effondrer de 88 %. D\u00e9termin\u00e9e \u00e0 convertir ce contexte mondial in\u00e9dit, sa direction appuie sa sortie de crise sur un ambitieux plan de relance dont l\u2019objectif consiste \u00e0 renforcer son r\u00f4le de moteur...\" \/>\n<meta property=\"og:url\" content=\"https:\/\/reseauquebecoisdesaeroports.ca\/new\/aeroport-quebec-redecollage-post-pandemie\/\" \/>\n<meta property=\"og:site_name\" content=\"R\u00e9seau qu\u00e9b\u00e9cois des a\u00e9roports\" \/>\n<meta name=\"twitter:card\" content=\"summary_large_image\" \/>\n<meta name=\"twitter:label1\" content=\"Est. reading time\" \/>\n\t<meta name=\"twitter:data1\" content=\"1 minute\" \/>\n<script type=\"application\/ld+json\" class=\"yoast-schema-graph\">{\"@context\":\"https:\/\/schema.org\",\"@graph\":[{\"@type\":\"WebPage\",\"@id\":\"https:\/\/reseauquebecoisdesaeroports.ca\/new\/aeroport-quebec-redecollage-post-pandemie\/\",\"url\":\"https:\/\/reseauquebecoisdesaeroports.ca\/new\/aeroport-quebec-redecollage-post-pandemie\/\",\"name\":\"L\u2019A\u00e9roport de Qu\u00e9bec orchestre son red\u00e9collage post-pand\u00e9mie - R\u00e9seau qu\u00e9b\u00e9cois des a\u00e9roports\",\"isPartOf\":{\"@id\":\"https:\/\/reseauquebecoisdesaeroports.ca\/#website\"},\"datePublished\":\"2021-04-07T19:01:16+00:00\",\"breadcrumb\":{\"@id\":\"https:\/\/reseauquebecoisdesaeroports.ca\/new\/aeroport-quebec-redecollage-post-pandemie\/#breadcrumb\"},\"inLanguage\":\"en-CA\",\"potentialAction\":[{\"@type\":\"ReadAction\",\"target\":[\"https:\/\/reseauquebecoisdesaeroports.ca\/new\/aeroport-quebec-redecollage-post-pandemie\/\"]}]},{\"@type\":\"BreadcrumbList\",\"@id\":\"https:\/\/reseauquebecoisdesaeroports.ca\/new\/aeroport-quebec-redecollage-post-pandemie\/#breadcrumb\",\"itemListElement\":[{\"@type\":\"ListItem\",\"position\":1,\"name\":\"Accueil\",\"item\":\"https:\/\/reseauquebecoisdesaeroports.ca\/\"},{\"@type\":\"ListItem\",\"position\":2,\"name\":\"L\u2019A\u00e9roport de Qu\u00e9bec orchestre son red\u00e9collage post-pand\u00e9mie\"}]},{\"@type\":\"WebSite\",\"@id\":\"https:\/\/reseauquebecoisdesaeroports.ca\/#website\",\"url\":\"https:\/\/reseauquebecoisdesaeroports.ca\/\",\"name\":\"R\u00e9seau qu\u00e9b\u00e9cois des a\u00e9roports\",\"description\":\"\",\"potentialAction\":[{\"@type\":\"SearchAction\",\"target\":{\"@type\":\"EntryPoint\",\"urlTemplate\":\"https:\/\/reseauquebecoisdesaeroports.ca\/?s={search_term_string}\"},\"query-input\":{\"@type\":\"PropertyValueSpecification\",\"valueRequired\":true,\"valueName\":\"search_term_string\"}}],\"inLanguage\":\"en-CA\"}]}<\/script>\n<!-- \/ Yoast SEO plugin. -->","yoast_head_json":{"title":"L\u2019A\u00e9roport de Qu\u00e9bec orchestre son red\u00e9collage post-pand\u00e9mie - R\u00e9seau qu\u00e9b\u00e9cois des a\u00e9roports","robots":{"index":"index","follow":"follow","max-snippet":"max-snippet:-1","max-image-preview":"max-image-preview:large","max-video-preview":"max-video-preview:-1"},"canonical":"https:\/\/reseauquebecoisdesaeroports.ca\/new\/aeroport-quebec-redecollage-post-pandemie\/","og_locale":"en_US","og_type":"article","og_title":"L\u2019A\u00e9roport de Qu\u00e9bec orchestre son red\u00e9collage post-pand\u00e9mie - R\u00e9seau qu\u00e9b\u00e9cois des a\u00e9roports","og_description":"Frapp\u00e9 de plein fouet par la pand\u00e9mie, l\u2019A\u00e9roport international Jean-Lesage de Qu\u00e9bec (YQB) a vu ses revenus s\u2019effondrer de 88 %. D\u00e9termin\u00e9e \u00e0 convertir ce contexte mondial in\u00e9dit, sa direction appuie sa sortie de crise sur un ambitieux plan de relance dont l\u2019objectif consiste \u00e0 renforcer son r\u00f4le de moteur...","og_url":"https:\/\/reseauquebecoisdesaeroports.ca\/new\/aeroport-quebec-redecollage-post-pandemie\/","og_site_name":"R\u00e9seau qu\u00e9b\u00e9cois des a\u00e9roports","twitter_card":"summary_large_image","twitter_misc":{"Est. reading time":"1 minute"},"schema":{"@context":"https:\/\/schema.org","@graph":[{"@type":"WebPage","@id":"https:\/\/reseauquebecoisdesaeroports.ca\/new\/aeroport-quebec-redecollage-post-pandemie\/","url":"https:\/\/reseauquebecoisdesaeroports.ca\/new\/aeroport-quebec-redecollage-post-pandemie\/","name":"L\u2019A\u00e9roport de Qu\u00e9bec orchestre son red\u00e9collage post-pand\u00e9mie - R\u00e9seau qu\u00e9b\u00e9cois des a\u00e9roports","isPartOf":{"@id":"https:\/\/reseauquebecoisdesaeroports.ca\/#website"},"datePublished":"2021-04-07T19:01:16+00:00","breadcrumb":{"@id":"https:\/\/reseauquebecoisdesaeroports.ca\/new\/aeroport-quebec-redecollage-post-pandemie\/#breadcrumb"},"inLanguage":"en-CA","potentialAction":[{"@type":"ReadAction","target":["https:\/\/reseauquebecoisdesaeroports.ca\/new\/aeroport-quebec-redecollage-post-pandemie\/"]}]},{"@type":"BreadcrumbList","@id":"https:\/\/reseauquebecoisdesaeroports.ca\/new\/aeroport-quebec-redecollage-post-pandemie\/#breadcrumb","itemListElement":[{"@type":"ListItem","position":1,"name":"Accueil","item":"https:\/\/reseauquebecoisdesaeroports.ca\/"},{"@type":"ListItem","position":2,"name":"L\u2019A\u00e9roport de Qu\u00e9bec orchestre son red\u00e9collage post-pand\u00e9mie"}]},{"@type":"WebSite","@id":"https:\/\/reseauquebecoisdesaeroports.ca\/#website","url":"https:\/\/reseauquebecoisdesaeroports.ca\/","name":"R\u00e9seau qu\u00e9b\u00e9cois des a\u00e9roports","description":"","potentialAction":[{"@type":"SearchAction","target":{"@type":"EntryPoint","urlTemplate":"https:\/\/reseauquebecoisdesaeroports.ca\/?s={search_term_string}"},"query-input":{"@type":"PropertyValueSpecification","valueRequired":true,"valueName":"search_term_string"}}],"inLanguage":"en-CA"}]}},"_links":{"self":[{"href":"https:\/\/reseauquebecoisdesaeroports.ca\/en\/wp-json\/wp\/v2\/nouvelles\/2580","targetHints":{"allow":["GET"]}}],"collection":[{"href":"https:\/\/reseauquebecoisdesaeroports.ca\/en\/wp-json\/wp\/v2\/nouvelles"}],"about":[{"href":"https:\/\/reseauquebecoisdesaeroports.ca\/en\/wp-json\/wp\/v2\/types\/nouvelles"}],"author":[{"embeddable":true,"href":"https:\/\/reseauquebecoisdesaeroports.ca\/en\/wp-json\/wp\/v2\/users\/1"}],"wp:attachment":[{"href":"https:\/\/reseauquebecoisdesaeroports.ca\/en\/wp-json\/wp\/v2\/media?parent=2580"}],"curies":[{"name":"wp","href":"https:\/\/api.w.org\/{rel}","templated":true}]}}