{"id":3200,"date":"2023-01-26T05:00:00","date_gmt":"2023-01-25T14:31:26","guid":{"rendered":"https:\/\/reseauquebecoisdesaeroports.ca\/new\/aeroport-de-sherbrooke-des-beninois-seront-formes-a-laeroport\/"},"modified":"2023-01-26T05:00:00","modified_gmt":"2023-01-25T14:31:26","slug":"aeroport-de-sherbrooke-des-beninois-seront-formes-a-laeroport","status":"publish","type":"nouvelles","link":"https:\/\/reseauquebecoisdesaeroports.ca\/en\/new\/aeroport-de-sherbrooke-des-beninois-seront-formes-a-laeroport\/","title":{"rendered":"A\u00e9roport de Sherbrooke : Des B\u00e9ninois seront form\u00e9s \u00e0 l\u2019a\u00e9roport"},"content":{"rendered":"<p>Une entente de principe entre l\u2019a\u00e9roport de Sherbrooke et des repr\u00e9sentants du B\u00e9nin sera sign\u00e9e \u00abau d\u00e9but du mois de f\u00e9vrier \u00bb pour permettre l\u2019\u00e9laboration d\u2019un programme de formation de pilotes et d\u2019employ\u00e9s du milieu de l\u2019aviation b\u00e9ninois en r\u00e9gion. Une premier cohorte de 70 aspirants pilotes est pr\u00e9vue pour l\u2019automne.<\/p>\n","protected":false},"author":1,"featured_media":0,"template":"","class_list":["post-3200","nouvelles","type-nouvelles","status-publish"],"acf":[],"yoast_head":"<!-- This site is optimized with the Yoast SEO plugin v25.8 - https:\/\/yoast.com\/wordpress\/plugins\/seo\/ -->\n<title>A\u00e9roport de Sherbrooke : Des B\u00e9ninois seront form\u00e9s \u00e0 l\u2019a\u00e9roport - R\u00e9seau qu\u00e9b\u00e9cois des a\u00e9roports<\/title>\n<meta name=\"robots\" content=\"index, follow, max-snippet:-1, max-image-preview:large, max-video-preview:-1\" \/>\n<link rel=\"canonical\" href=\"https:\/\/reseauquebecoisdesaeroports.ca\/new\/aeroport-de-sherbrooke-des-beninois-seront-formes-a-laeroport\/\" \/>\n<meta property=\"og:locale\" content=\"en_US\" \/>\n<meta property=\"og:type\" content=\"article\" \/>\n<meta property=\"og:title\" content=\"A\u00e9roport de Sherbrooke : Des B\u00e9ninois seront form\u00e9s \u00e0 l\u2019a\u00e9roport - R\u00e9seau qu\u00e9b\u00e9cois des a\u00e9roports\" \/>\n<meta property=\"og:description\" content=\"Une entente de principe entre l\u2019a\u00e9roport de Sherbrooke et des repr\u00e9sentants du B\u00e9nin sera sign\u00e9e \u00abau d\u00e9but du mois de f\u00e9vrier \u00bb pour permettre l\u2019\u00e9laboration d\u2019un programme de formation de pilotes et d\u2019employ\u00e9s du milieu de l\u2019aviation b\u00e9ninois en r\u00e9gion. Une premier cohorte de 70 aspirants pilotes est pr\u00e9vue pour...\" \/>\n<meta property=\"og:url\" content=\"https:\/\/reseauquebecoisdesaeroports.ca\/new\/aeroport-de-sherbrooke-des-beninois-seront-formes-a-laeroport\/\" \/>\n<meta property=\"og:site_name\" content=\"R\u00e9seau qu\u00e9b\u00e9cois des a\u00e9roports\" \/>\n<meta name=\"twitter:card\" content=\"summary_large_image\" \/>\n<script type=\"application\/ld+json\" class=\"yoast-schema-graph\">{\"@context\":\"https:\/\/schema.org\",\"@graph\":[{\"@type\":\"WebPage\",\"@id\":\"https:\/\/reseauquebecoisdesaeroports.ca\/new\/aeroport-de-sherbrooke-des-beninois-seront-formes-a-laeroport\/\",\"url\":\"https:\/\/reseauquebecoisdesaeroports.ca\/new\/aeroport-de-sherbrooke-des-beninois-seront-formes-a-laeroport\/\",\"name\":\"A\u00e9roport de Sherbrooke : Des B\u00e9ninois seront form\u00e9s \u00e0 l\u2019a\u00e9roport - R\u00e9seau qu\u00e9b\u00e9cois des a\u00e9roports\",\"isPartOf\":{\"@id\":\"https:\/\/reseauquebecoisdesaeroports.ca\/#website\"},\"datePublished\":\"2023-01-25T14:31:26+00:00\",\"breadcrumb\":{\"@id\":\"https:\/\/reseauquebecoisdesaeroports.ca\/new\/aeroport-de-sherbrooke-des-beninois-seront-formes-a-laeroport\/#breadcrumb\"},\"inLanguage\":\"en-CA\",\"potentialAction\":[{\"@type\":\"ReadAction\",\"target\":[\"https:\/\/reseauquebecoisdesaeroports.ca\/new\/aeroport-de-sherbrooke-des-beninois-seront-formes-a-laeroport\/\"]}]},{\"@type\":\"BreadcrumbList\",\"@id\":\"https:\/\/reseauquebecoisdesaeroports.ca\/new\/aeroport-de-sherbrooke-des-beninois-seront-formes-a-laeroport\/#breadcrumb\",\"itemListElement\":[{\"@type\":\"ListItem\",\"position\":1,\"name\":\"Accueil\",\"item\":\"https:\/\/reseauquebecoisdesaeroports.ca\/\"},{\"@type\":\"ListItem\",\"position\":2,\"name\":\"A\u00e9roport de Sherbrooke : Des B\u00e9ninois seront form\u00e9s \u00e0 l\u2019a\u00e9roport\"}]},{\"@type\":\"WebSite\",\"@id\":\"https:\/\/reseauquebecoisdesaeroports.ca\/#website\",\"url\":\"https:\/\/reseauquebecoisdesaeroports.ca\/\",\"name\":\"R\u00e9seau qu\u00e9b\u00e9cois des a\u00e9roports\",\"description\":\"\",\"potentialAction\":[{\"@type\":\"SearchAction\",\"target\":{\"@type\":\"EntryPoint\",\"urlTemplate\":\"https:\/\/reseauquebecoisdesaeroports.ca\/?s={search_term_string}\"},\"query-input\":{\"@type\":\"PropertyValueSpecification\",\"valueRequired\":true,\"valueName\":\"search_term_string\"}}],\"inLanguage\":\"en-CA\"}]}<\/script>\n<!-- \/ Yoast SEO plugin. -->","yoast_head_json":{"title":"A\u00e9roport de Sherbrooke : Des B\u00e9ninois seront form\u00e9s \u00e0 l\u2019a\u00e9roport - R\u00e9seau qu\u00e9b\u00e9cois des a\u00e9roports","robots":{"index":"index","follow":"follow","max-snippet":"max-snippet:-1","max-image-preview":"max-image-preview:large","max-video-preview":"max-video-preview:-1"},"canonical":"https:\/\/reseauquebecoisdesaeroports.ca\/new\/aeroport-de-sherbrooke-des-beninois-seront-formes-a-laeroport\/","og_locale":"en_US","og_type":"article","og_title":"A\u00e9roport de Sherbrooke : Des B\u00e9ninois seront form\u00e9s \u00e0 l\u2019a\u00e9roport - R\u00e9seau qu\u00e9b\u00e9cois des a\u00e9roports","og_description":"Une entente de principe entre l\u2019a\u00e9roport de Sherbrooke et des repr\u00e9sentants du B\u00e9nin sera sign\u00e9e \u00abau d\u00e9but du mois de f\u00e9vrier \u00bb pour permettre l\u2019\u00e9laboration d\u2019un programme de formation de pilotes et d\u2019employ\u00e9s du milieu de l\u2019aviation b\u00e9ninois en r\u00e9gion. Une premier cohorte de 70 aspirants pilotes est pr\u00e9vue pour...","og_url":"https:\/\/reseauquebecoisdesaeroports.ca\/new\/aeroport-de-sherbrooke-des-beninois-seront-formes-a-laeroport\/","og_site_name":"R\u00e9seau qu\u00e9b\u00e9cois des a\u00e9roports","twitter_card":"summary_large_image","schema":{"@context":"https:\/\/schema.org","@graph":[{"@type":"WebPage","@id":"https:\/\/reseauquebecoisdesaeroports.ca\/new\/aeroport-de-sherbrooke-des-beninois-seront-formes-a-laeroport\/","url":"https:\/\/reseauquebecoisdesaeroports.ca\/new\/aeroport-de-sherbrooke-des-beninois-seront-formes-a-laeroport\/","name":"A\u00e9roport de Sherbrooke : Des B\u00e9ninois seront form\u00e9s \u00e0 l\u2019a\u00e9roport - R\u00e9seau qu\u00e9b\u00e9cois des a\u00e9roports","isPartOf":{"@id":"https:\/\/reseauquebecoisdesaeroports.ca\/#website"},"datePublished":"2023-01-25T14:31:26+00:00","breadcrumb":{"@id":"https:\/\/reseauquebecoisdesaeroports.ca\/new\/aeroport-de-sherbrooke-des-beninois-seront-formes-a-laeroport\/#breadcrumb"},"inLanguage":"en-CA","potentialAction":[{"@type":"ReadAction","target":["https:\/\/reseauquebecoisdesaeroports.ca\/new\/aeroport-de-sherbrooke-des-beninois-seront-formes-a-laeroport\/"]}]},{"@type":"BreadcrumbList","@id":"https:\/\/reseauquebecoisdesaeroports.ca\/new\/aeroport-de-sherbrooke-des-beninois-seront-formes-a-laeroport\/#breadcrumb","itemListElement":[{"@type":"ListItem","position":1,"name":"Accueil","item":"https:\/\/reseauquebecoisdesaeroports.ca\/"},{"@type":"ListItem","position":2,"name":"A\u00e9roport de Sherbrooke : Des B\u00e9ninois seront form\u00e9s \u00e0 l\u2019a\u00e9roport"}]},{"@type":"WebSite","@id":"https:\/\/reseauquebecoisdesaeroports.ca\/#website","url":"https:\/\/reseauquebecoisdesaeroports.ca\/","name":"R\u00e9seau qu\u00e9b\u00e9cois des a\u00e9roports","description":"","potentialAction":[{"@type":"SearchAction","target":{"@type":"EntryPoint","urlTemplate":"https:\/\/reseauquebecoisdesaeroports.ca\/?s={search_term_string}"},"query-input":{"@type":"PropertyValueSpecification","valueRequired":true,"valueName":"search_term_string"}}],"inLanguage":"en-CA"}]}},"_links":{"self":[{"href":"https:\/\/reseauquebecoisdesaeroports.ca\/en\/wp-json\/wp\/v2\/nouvelles\/3200","targetHints":{"allow":["GET"]}}],"collection":[{"href":"https:\/\/reseauquebecoisdesaeroports.ca\/en\/wp-json\/wp\/v2\/nouvelles"}],"about":[{"href":"https:\/\/reseauquebecoisdesaeroports.ca\/en\/wp-json\/wp\/v2\/types\/nouvelles"}],"author":[{"embeddable":true,"href":"https:\/\/reseauquebecoisdesaeroports.ca\/en\/wp-json\/wp\/v2\/users\/1"}],"wp:attachment":[{"href":"https:\/\/reseauquebecoisdesaeroports.ca\/en\/wp-json\/wp\/v2\/media?parent=3200"}],"curies":[{"name":"wp","href":"https:\/\/api.w.org\/{rel}","templated":true}]}}