{"id":3204,"date":"2023-02-02T05:00:00","date_gmt":"2023-01-31T01:30:37","guid":{"rendered":"https:\/\/reseauquebecoisdesaeroports.ca\/new\/transport-aerien-regional-lumq-demande-une-rencontre-rapide-du-groupe-dintervention-sur-la-relance-des-services-aeriens-regionaux\/"},"modified":"2023-02-02T05:00:00","modified_gmt":"2023-01-31T01:30:37","slug":"transport-aerien-regional-lumq-demande-une-rencontre-rapide-du-groupe-dintervention-sur-la-relance-des-services-aeriens-regionaux","status":"publish","type":"nouvelles","link":"https:\/\/reseauquebecoisdesaeroports.ca\/en\/new\/transport-aerien-regional-lumq-demande-une-rencontre-rapide-du-groupe-dintervention-sur-la-relance-des-services-aeriens-regionaux\/","title":{"rendered":"Transport a\u00e9rien r\u00e9gional : L\u2019UMQ demande une rencontre rapide du groupe d\u2019intervention sur la relance des services a\u00e9riens r\u00e9gionaux"},"content":{"rendered":"<p>Pour l\u2019Union des municipalit\u00e9s du Qu\u00e9bec (UMQ), le temps est venu de faire le bilan des retomb\u00e9es des mesures gouvernementales mises en place au courant des derni\u00e8res ann\u00e9es, en convoquant rapidement une r\u00e9union de tous les membres du groupe d\u2019intervention sur la relance des services a\u00e9riens r\u00e9gionaux.<\/p>\n","protected":false},"author":1,"featured_media":0,"template":"","class_list":["post-3204","nouvelles","type-nouvelles","status-publish"],"acf":[],"yoast_head":"<!-- This site is optimized with the Yoast SEO plugin v25.8 - https:\/\/yoast.com\/wordpress\/plugins\/seo\/ -->\n<title>Transport a\u00e9rien r\u00e9gional : L\u2019UMQ demande une rencontre rapide du groupe d\u2019intervention sur la relance des services a\u00e9riens r\u00e9gionaux - R\u00e9seau qu\u00e9b\u00e9cois des a\u00e9roports<\/title>\n<meta name=\"robots\" content=\"index, follow, max-snippet:-1, max-image-preview:large, max-video-preview:-1\" \/>\n<link rel=\"canonical\" href=\"https:\/\/reseauquebecoisdesaeroports.ca\/new\/transport-aerien-regional-lumq-demande-une-rencontre-rapide-du-groupe-dintervention-sur-la-relance-des-services-aeriens-regionaux\/\" \/>\n<meta property=\"og:locale\" content=\"en_US\" \/>\n<meta property=\"og:type\" content=\"article\" \/>\n<meta property=\"og:title\" content=\"Transport a\u00e9rien r\u00e9gional : L\u2019UMQ demande une rencontre rapide du groupe d\u2019intervention sur la relance des services a\u00e9riens r\u00e9gionaux - R\u00e9seau qu\u00e9b\u00e9cois des a\u00e9roports\" \/>\n<meta property=\"og:description\" content=\"Pour l\u2019Union des municipalit\u00e9s du Qu\u00e9bec (UMQ), le temps est venu de faire le bilan des retomb\u00e9es des mesures gouvernementales mises en place au courant des derni\u00e8res ann\u00e9es, en convoquant rapidement une r\u00e9union de tous les membres du groupe d\u2019intervention sur la relance des services a\u00e9riens r\u00e9gionaux.\" \/>\n<meta property=\"og:url\" content=\"https:\/\/reseauquebecoisdesaeroports.ca\/new\/transport-aerien-regional-lumq-demande-une-rencontre-rapide-du-groupe-dintervention-sur-la-relance-des-services-aeriens-regionaux\/\" \/>\n<meta property=\"og:site_name\" content=\"R\u00e9seau qu\u00e9b\u00e9cois des a\u00e9roports\" \/>\n<meta name=\"twitter:card\" content=\"summary_large_image\" \/>\n<script type=\"application\/ld+json\" class=\"yoast-schema-graph\">{\"@context\":\"https:\/\/schema.org\",\"@graph\":[{\"@type\":\"WebPage\",\"@id\":\"https:\/\/reseauquebecoisdesaeroports.ca\/new\/transport-aerien-regional-lumq-demande-une-rencontre-rapide-du-groupe-dintervention-sur-la-relance-des-services-aeriens-regionaux\/\",\"url\":\"https:\/\/reseauquebecoisdesaeroports.ca\/new\/transport-aerien-regional-lumq-demande-une-rencontre-rapide-du-groupe-dintervention-sur-la-relance-des-services-aeriens-regionaux\/\",\"name\":\"Transport a\u00e9rien r\u00e9gional : L\u2019UMQ demande une rencontre rapide du groupe d\u2019intervention sur la relance des services a\u00e9riens r\u00e9gionaux - R\u00e9seau qu\u00e9b\u00e9cois des a\u00e9roports\",\"isPartOf\":{\"@id\":\"https:\/\/reseauquebecoisdesaeroports.ca\/#website\"},\"datePublished\":\"2023-01-31T01:30:37+00:00\",\"breadcrumb\":{\"@id\":\"https:\/\/reseauquebecoisdesaeroports.ca\/new\/transport-aerien-regional-lumq-demande-une-rencontre-rapide-du-groupe-dintervention-sur-la-relance-des-services-aeriens-regionaux\/#breadcrumb\"},\"inLanguage\":\"en-CA\",\"potentialAction\":[{\"@type\":\"ReadAction\",\"target\":[\"https:\/\/reseauquebecoisdesaeroports.ca\/new\/transport-aerien-regional-lumq-demande-une-rencontre-rapide-du-groupe-dintervention-sur-la-relance-des-services-aeriens-regionaux\/\"]}]},{\"@type\":\"BreadcrumbList\",\"@id\":\"https:\/\/reseauquebecoisdesaeroports.ca\/new\/transport-aerien-regional-lumq-demande-une-rencontre-rapide-du-groupe-dintervention-sur-la-relance-des-services-aeriens-regionaux\/#breadcrumb\",\"itemListElement\":[{\"@type\":\"ListItem\",\"position\":1,\"name\":\"Accueil\",\"item\":\"https:\/\/reseauquebecoisdesaeroports.ca\/\"},{\"@type\":\"ListItem\",\"position\":2,\"name\":\"Transport a\u00e9rien r\u00e9gional : L\u2019UMQ demande une rencontre rapide du groupe d\u2019intervention sur la relance des services a\u00e9riens r\u00e9gionaux\"}]},{\"@type\":\"WebSite\",\"@id\":\"https:\/\/reseauquebecoisdesaeroports.ca\/#website\",\"url\":\"https:\/\/reseauquebecoisdesaeroports.ca\/\",\"name\":\"R\u00e9seau qu\u00e9b\u00e9cois des a\u00e9roports\",\"description\":\"\",\"potentialAction\":[{\"@type\":\"SearchAction\",\"target\":{\"@type\":\"EntryPoint\",\"urlTemplate\":\"https:\/\/reseauquebecoisdesaeroports.ca\/?s={search_term_string}\"},\"query-input\":{\"@type\":\"PropertyValueSpecification\",\"valueRequired\":true,\"valueName\":\"search_term_string\"}}],\"inLanguage\":\"en-CA\"}]}<\/script>\n<!-- \/ Yoast SEO plugin. -->","yoast_head_json":{"title":"Transport a\u00e9rien r\u00e9gional : L\u2019UMQ demande une rencontre rapide du groupe d\u2019intervention sur la relance des services a\u00e9riens r\u00e9gionaux - R\u00e9seau qu\u00e9b\u00e9cois des a\u00e9roports","robots":{"index":"index","follow":"follow","max-snippet":"max-snippet:-1","max-image-preview":"max-image-preview:large","max-video-preview":"max-video-preview:-1"},"canonical":"https:\/\/reseauquebecoisdesaeroports.ca\/new\/transport-aerien-regional-lumq-demande-une-rencontre-rapide-du-groupe-dintervention-sur-la-relance-des-services-aeriens-regionaux\/","og_locale":"en_US","og_type":"article","og_title":"Transport a\u00e9rien r\u00e9gional : L\u2019UMQ demande une rencontre rapide du groupe d\u2019intervention sur la relance des services a\u00e9riens r\u00e9gionaux - R\u00e9seau qu\u00e9b\u00e9cois des a\u00e9roports","og_description":"Pour l\u2019Union des municipalit\u00e9s du Qu\u00e9bec (UMQ), le temps est venu de faire le bilan des retomb\u00e9es des mesures gouvernementales mises en place au courant des derni\u00e8res ann\u00e9es, en convoquant rapidement une r\u00e9union de tous les membres du groupe d\u2019intervention sur la relance des services a\u00e9riens r\u00e9gionaux.","og_url":"https:\/\/reseauquebecoisdesaeroports.ca\/new\/transport-aerien-regional-lumq-demande-une-rencontre-rapide-du-groupe-dintervention-sur-la-relance-des-services-aeriens-regionaux\/","og_site_name":"R\u00e9seau qu\u00e9b\u00e9cois des a\u00e9roports","twitter_card":"summary_large_image","schema":{"@context":"https:\/\/schema.org","@graph":[{"@type":"WebPage","@id":"https:\/\/reseauquebecoisdesaeroports.ca\/new\/transport-aerien-regional-lumq-demande-une-rencontre-rapide-du-groupe-dintervention-sur-la-relance-des-services-aeriens-regionaux\/","url":"https:\/\/reseauquebecoisdesaeroports.ca\/new\/transport-aerien-regional-lumq-demande-une-rencontre-rapide-du-groupe-dintervention-sur-la-relance-des-services-aeriens-regionaux\/","name":"Transport a\u00e9rien r\u00e9gional : L\u2019UMQ demande une rencontre rapide du groupe d\u2019intervention sur la relance des services a\u00e9riens r\u00e9gionaux - R\u00e9seau qu\u00e9b\u00e9cois des a\u00e9roports","isPartOf":{"@id":"https:\/\/reseauquebecoisdesaeroports.ca\/#website"},"datePublished":"2023-01-31T01:30:37+00:00","breadcrumb":{"@id":"https:\/\/reseauquebecoisdesaeroports.ca\/new\/transport-aerien-regional-lumq-demande-une-rencontre-rapide-du-groupe-dintervention-sur-la-relance-des-services-aeriens-regionaux\/#breadcrumb"},"inLanguage":"en-CA","potentialAction":[{"@type":"ReadAction","target":["https:\/\/reseauquebecoisdesaeroports.ca\/new\/transport-aerien-regional-lumq-demande-une-rencontre-rapide-du-groupe-dintervention-sur-la-relance-des-services-aeriens-regionaux\/"]}]},{"@type":"BreadcrumbList","@id":"https:\/\/reseauquebecoisdesaeroports.ca\/new\/transport-aerien-regional-lumq-demande-une-rencontre-rapide-du-groupe-dintervention-sur-la-relance-des-services-aeriens-regionaux\/#breadcrumb","itemListElement":[{"@type":"ListItem","position":1,"name":"Accueil","item":"https:\/\/reseauquebecoisdesaeroports.ca\/"},{"@type":"ListItem","position":2,"name":"Transport a\u00e9rien r\u00e9gional : L\u2019UMQ demande une rencontre rapide du groupe d\u2019intervention sur la relance des services a\u00e9riens r\u00e9gionaux"}]},{"@type":"WebSite","@id":"https:\/\/reseauquebecoisdesaeroports.ca\/#website","url":"https:\/\/reseauquebecoisdesaeroports.ca\/","name":"R\u00e9seau qu\u00e9b\u00e9cois des a\u00e9roports","description":"","potentialAction":[{"@type":"SearchAction","target":{"@type":"EntryPoint","urlTemplate":"https:\/\/reseauquebecoisdesaeroports.ca\/?s={search_term_string}"},"query-input":{"@type":"PropertyValueSpecification","valueRequired":true,"valueName":"search_term_string"}}],"inLanguage":"en-CA"}]}},"_links":{"self":[{"href":"https:\/\/reseauquebecoisdesaeroports.ca\/en\/wp-json\/wp\/v2\/nouvelles\/3204","targetHints":{"allow":["GET"]}}],"collection":[{"href":"https:\/\/reseauquebecoisdesaeroports.ca\/en\/wp-json\/wp\/v2\/nouvelles"}],"about":[{"href":"https:\/\/reseauquebecoisdesaeroports.ca\/en\/wp-json\/wp\/v2\/types\/nouvelles"}],"author":[{"embeddable":true,"href":"https:\/\/reseauquebecoisdesaeroports.ca\/en\/wp-json\/wp\/v2\/users\/1"}],"wp:attachment":[{"href":"https:\/\/reseauquebecoisdesaeroports.ca\/en\/wp-json\/wp\/v2\/media?parent=3204"}],"curies":[{"name":"wp","href":"https:\/\/api.w.org\/{rel}","templated":true}]}}