{"id":3239,"date":"2023-03-16T04:00:00","date_gmt":"2023-03-14T18:51:04","guid":{"rendered":"https:\/\/reseauquebecoisdesaeroports.ca\/new\/aeroport-de-val-dor-attente-de-la-subvention-federale-pour-la-refection-de-la-piste\/"},"modified":"2023-03-16T04:00:00","modified_gmt":"2023-03-14T18:51:04","slug":"aeroport-de-val-dor-attente-de-la-subvention-federale-pour-la-refection-de-la-piste","status":"publish","type":"nouvelles","link":"https:\/\/reseauquebecoisdesaeroports.ca\/en\/new\/aeroport-de-val-dor-attente-de-la-subvention-federale-pour-la-refection-de-la-piste\/","title":{"rendered":"A\u00e9roport de Val-d\u2019Or : Attente de la subvention f\u00e9d\u00e9rale pour la r\u00e9fection de la piste"},"content":{"rendered":"<p>L\u2019A\u00e9roport r\u00e9gional de Val-d\u2019Or est toujours en attente de confirmation d\u2019une subvention de Transports Canada pour des travaux de resurfa\u00e7age de la piste, de la voie de circulation principale et du tablier, devant l\u2019a\u00e9rogare. Le projet a \u00e9t\u00e9 d\u00e9pos\u00e9e en 2020 et est estim\u00e9 \u00e0 20 millions $.<\/p>\n","protected":false},"author":1,"featured_media":0,"template":"","class_list":["post-3239","nouvelles","type-nouvelles","status-publish"],"acf":[],"yoast_head":"<!-- This site is optimized with the Yoast SEO plugin v25.8 - https:\/\/yoast.com\/wordpress\/plugins\/seo\/ -->\n<title>A\u00e9roport de Val-d\u2019Or : Attente de la subvention f\u00e9d\u00e9rale pour la r\u00e9fection de la piste - R\u00e9seau qu\u00e9b\u00e9cois des a\u00e9roports<\/title>\n<meta name=\"robots\" content=\"index, follow, max-snippet:-1, max-image-preview:large, max-video-preview:-1\" \/>\n<link rel=\"canonical\" href=\"https:\/\/reseauquebecoisdesaeroports.ca\/new\/aeroport-de-val-dor-attente-de-la-subvention-federale-pour-la-refection-de-la-piste\/\" \/>\n<meta property=\"og:locale\" content=\"en_US\" \/>\n<meta property=\"og:type\" content=\"article\" \/>\n<meta property=\"og:title\" content=\"A\u00e9roport de Val-d\u2019Or : Attente de la subvention f\u00e9d\u00e9rale pour la r\u00e9fection de la piste - R\u00e9seau qu\u00e9b\u00e9cois des a\u00e9roports\" \/>\n<meta property=\"og:description\" content=\"L\u2019A\u00e9roport r\u00e9gional de Val-d\u2019Or est toujours en attente de confirmation d\u2019une subvention de Transports Canada pour des travaux de resurfa\u00e7age de la piste, de la voie de circulation principale et du tablier, devant l\u2019a\u00e9rogare. Le projet a \u00e9t\u00e9 d\u00e9pos\u00e9e en 2020 et est estim\u00e9 \u00e0 20 millions $.\" \/>\n<meta property=\"og:url\" content=\"https:\/\/reseauquebecoisdesaeroports.ca\/new\/aeroport-de-val-dor-attente-de-la-subvention-federale-pour-la-refection-de-la-piste\/\" \/>\n<meta property=\"og:site_name\" content=\"R\u00e9seau qu\u00e9b\u00e9cois des a\u00e9roports\" \/>\n<meta name=\"twitter:card\" content=\"summary_large_image\" \/>\n<script type=\"application\/ld+json\" class=\"yoast-schema-graph\">{\"@context\":\"https:\/\/schema.org\",\"@graph\":[{\"@type\":\"WebPage\",\"@id\":\"https:\/\/reseauquebecoisdesaeroports.ca\/new\/aeroport-de-val-dor-attente-de-la-subvention-federale-pour-la-refection-de-la-piste\/\",\"url\":\"https:\/\/reseauquebecoisdesaeroports.ca\/new\/aeroport-de-val-dor-attente-de-la-subvention-federale-pour-la-refection-de-la-piste\/\",\"name\":\"A\u00e9roport de Val-d\u2019Or : Attente de la subvention f\u00e9d\u00e9rale pour la r\u00e9fection de la piste - R\u00e9seau qu\u00e9b\u00e9cois des a\u00e9roports\",\"isPartOf\":{\"@id\":\"https:\/\/reseauquebecoisdesaeroports.ca\/#website\"},\"datePublished\":\"2023-03-14T18:51:04+00:00\",\"breadcrumb\":{\"@id\":\"https:\/\/reseauquebecoisdesaeroports.ca\/new\/aeroport-de-val-dor-attente-de-la-subvention-federale-pour-la-refection-de-la-piste\/#breadcrumb\"},\"inLanguage\":\"en-CA\",\"potentialAction\":[{\"@type\":\"ReadAction\",\"target\":[\"https:\/\/reseauquebecoisdesaeroports.ca\/new\/aeroport-de-val-dor-attente-de-la-subvention-federale-pour-la-refection-de-la-piste\/\"]}]},{\"@type\":\"BreadcrumbList\",\"@id\":\"https:\/\/reseauquebecoisdesaeroports.ca\/new\/aeroport-de-val-dor-attente-de-la-subvention-federale-pour-la-refection-de-la-piste\/#breadcrumb\",\"itemListElement\":[{\"@type\":\"ListItem\",\"position\":1,\"name\":\"Accueil\",\"item\":\"https:\/\/reseauquebecoisdesaeroports.ca\/\"},{\"@type\":\"ListItem\",\"position\":2,\"name\":\"A\u00e9roport de Val-d\u2019Or : Attente de la subvention f\u00e9d\u00e9rale pour la r\u00e9fection de la piste\"}]},{\"@type\":\"WebSite\",\"@id\":\"https:\/\/reseauquebecoisdesaeroports.ca\/#website\",\"url\":\"https:\/\/reseauquebecoisdesaeroports.ca\/\",\"name\":\"R\u00e9seau qu\u00e9b\u00e9cois des a\u00e9roports\",\"description\":\"\",\"potentialAction\":[{\"@type\":\"SearchAction\",\"target\":{\"@type\":\"EntryPoint\",\"urlTemplate\":\"https:\/\/reseauquebecoisdesaeroports.ca\/?s={search_term_string}\"},\"query-input\":{\"@type\":\"PropertyValueSpecification\",\"valueRequired\":true,\"valueName\":\"search_term_string\"}}],\"inLanguage\":\"en-CA\"}]}<\/script>\n<!-- \/ Yoast SEO plugin. -->","yoast_head_json":{"title":"A\u00e9roport de Val-d\u2019Or : Attente de la subvention f\u00e9d\u00e9rale pour la r\u00e9fection de la piste - R\u00e9seau qu\u00e9b\u00e9cois des a\u00e9roports","robots":{"index":"index","follow":"follow","max-snippet":"max-snippet:-1","max-image-preview":"max-image-preview:large","max-video-preview":"max-video-preview:-1"},"canonical":"https:\/\/reseauquebecoisdesaeroports.ca\/new\/aeroport-de-val-dor-attente-de-la-subvention-federale-pour-la-refection-de-la-piste\/","og_locale":"en_US","og_type":"article","og_title":"A\u00e9roport de Val-d\u2019Or : Attente de la subvention f\u00e9d\u00e9rale pour la r\u00e9fection de la piste - R\u00e9seau qu\u00e9b\u00e9cois des a\u00e9roports","og_description":"L\u2019A\u00e9roport r\u00e9gional de Val-d\u2019Or est toujours en attente de confirmation d\u2019une subvention de Transports Canada pour des travaux de resurfa\u00e7age de la piste, de la voie de circulation principale et du tablier, devant l\u2019a\u00e9rogare. Le projet a \u00e9t\u00e9 d\u00e9pos\u00e9e en 2020 et est estim\u00e9 \u00e0 20 millions $.","og_url":"https:\/\/reseauquebecoisdesaeroports.ca\/new\/aeroport-de-val-dor-attente-de-la-subvention-federale-pour-la-refection-de-la-piste\/","og_site_name":"R\u00e9seau qu\u00e9b\u00e9cois des a\u00e9roports","twitter_card":"summary_large_image","schema":{"@context":"https:\/\/schema.org","@graph":[{"@type":"WebPage","@id":"https:\/\/reseauquebecoisdesaeroports.ca\/new\/aeroport-de-val-dor-attente-de-la-subvention-federale-pour-la-refection-de-la-piste\/","url":"https:\/\/reseauquebecoisdesaeroports.ca\/new\/aeroport-de-val-dor-attente-de-la-subvention-federale-pour-la-refection-de-la-piste\/","name":"A\u00e9roport de Val-d\u2019Or : Attente de la subvention f\u00e9d\u00e9rale pour la r\u00e9fection de la piste - R\u00e9seau qu\u00e9b\u00e9cois des a\u00e9roports","isPartOf":{"@id":"https:\/\/reseauquebecoisdesaeroports.ca\/#website"},"datePublished":"2023-03-14T18:51:04+00:00","breadcrumb":{"@id":"https:\/\/reseauquebecoisdesaeroports.ca\/new\/aeroport-de-val-dor-attente-de-la-subvention-federale-pour-la-refection-de-la-piste\/#breadcrumb"},"inLanguage":"en-CA","potentialAction":[{"@type":"ReadAction","target":["https:\/\/reseauquebecoisdesaeroports.ca\/new\/aeroport-de-val-dor-attente-de-la-subvention-federale-pour-la-refection-de-la-piste\/"]}]},{"@type":"BreadcrumbList","@id":"https:\/\/reseauquebecoisdesaeroports.ca\/new\/aeroport-de-val-dor-attente-de-la-subvention-federale-pour-la-refection-de-la-piste\/#breadcrumb","itemListElement":[{"@type":"ListItem","position":1,"name":"Accueil","item":"https:\/\/reseauquebecoisdesaeroports.ca\/"},{"@type":"ListItem","position":2,"name":"A\u00e9roport de Val-d\u2019Or : Attente de la subvention f\u00e9d\u00e9rale pour la r\u00e9fection de la piste"}]},{"@type":"WebSite","@id":"https:\/\/reseauquebecoisdesaeroports.ca\/#website","url":"https:\/\/reseauquebecoisdesaeroports.ca\/","name":"R\u00e9seau qu\u00e9b\u00e9cois des a\u00e9roports","description":"","potentialAction":[{"@type":"SearchAction","target":{"@type":"EntryPoint","urlTemplate":"https:\/\/reseauquebecoisdesaeroports.ca\/?s={search_term_string}"},"query-input":{"@type":"PropertyValueSpecification","valueRequired":true,"valueName":"search_term_string"}}],"inLanguage":"en-CA"}]}},"_links":{"self":[{"href":"https:\/\/reseauquebecoisdesaeroports.ca\/en\/wp-json\/wp\/v2\/nouvelles\/3239","targetHints":{"allow":["GET"]}}],"collection":[{"href":"https:\/\/reseauquebecoisdesaeroports.ca\/en\/wp-json\/wp\/v2\/nouvelles"}],"about":[{"href":"https:\/\/reseauquebecoisdesaeroports.ca\/en\/wp-json\/wp\/v2\/types\/nouvelles"}],"author":[{"embeddable":true,"href":"https:\/\/reseauquebecoisdesaeroports.ca\/en\/wp-json\/wp\/v2\/users\/1"}],"wp:attachment":[{"href":"https:\/\/reseauquebecoisdesaeroports.ca\/en\/wp-json\/wp\/v2\/media?parent=3239"}],"curies":[{"name":"wp","href":"https:\/\/api.w.org\/{rel}","templated":true}]}}